{"id":36,"date":"2021-04-14T08:35:48","date_gmt":"2021-04-14T08:35:48","guid":{"rendered":"https:\/\/www.wurth.es\/blog\/?page_id=36"},"modified":"2024-12-13T10:16:46","modified_gmt":"2024-12-13T10:16:46","slug":"construccion","status":"publish","type":"page","link":"https:\/\/www.wurth.es\/blog\/construccion\/","title":{"rendered":"Construcci\u00f3n"},"content":{"rendered":"\t\t<div data-elementor-type=\"wp-page\" data-elementor-id=\"36\" class=\"elementor elementor-36\">\n\t\t\t\t\t\t<section class=\"elementor-section elementor-top-section elementor-element elementor-element-ebc7a86 elementor-section-boxed elementor-section-height-default elementor-section-height-default\" data-id=\"ebc7a86\" data-element_type=\"section\">\n\t\t\t\t\t\t<div class=\"elementor-container elementor-column-gap-default\">\n\t\t\t\t\t<div class=\"elementor-column elementor-col-100 elementor-top-column elementor-element elementor-element-a80ca1d\" data-id=\"a80ca1d\" data-element_type=\"column\">\n\t\t\t<div class=\"elementor-widget-wrap elementor-element-populated\">\n\t\t\t\t\t\t<div class=\"elementor-element elementor-element-8ca8859 elementor-hidden-mobile elementor-widget elementor-widget-image\" data-id=\"8ca8859\" data-element_type=\"widget\" data-widget_type=\"image.default\">\n\t\t\t\t<div class=\"elementor-widget-container\">\n\t\t\t\t\t\t\t\t\t\t\t\t\t\t\t<img fetchpriority=\"high\" decoding=\"async\" width=\"1300\" height=\"350\" src=\"https:\/\/www.wurth.es\/blog\/wp-content\/uploads\/2022\/08\/construccion.jpg\" class=\"attachment-1536x1536 size-1536x1536 wp-image-2102\" alt=\"\" srcset=\"https:\/\/www.wurth.es\/blog\/wp-content\/uploads\/2022\/08\/construccion.jpg 1300w, https:\/\/www.wurth.es\/blog\/wp-content\/uploads\/2022\/08\/construccion-300x81.jpg 300w, https:\/\/www.wurth.es\/blog\/wp-content\/uploads\/2022\/08\/construccion-1024x276.jpg 1024w, https:\/\/www.wurth.es\/blog\/wp-content\/uploads\/2022\/08\/construccion-768x207.jpg 768w, https:\/\/www.wurth.es\/blog\/wp-content\/uploads\/2022\/08\/construccion-150x40.jpg 150w, https:\/\/www.wurth.es\/blog\/wp-content\/uploads\/2022\/08\/construccion-600x162.jpg 600w, https:\/\/www.wurth.es\/blog\/wp-content\/uploads\/2022\/08\/construccion-696x187.jpg 696w, https:\/\/www.wurth.es\/blog\/wp-content\/uploads\/2022\/08\/construccion-1068x288.jpg 1068w\" sizes=\"(max-width: 1300px) 100vw, 1300px\" \/>\t\t\t\t\t\t\t\t\t\t\t\t\t\t\t<\/div>\n\t\t\t\t<\/div>\n\t\t\t\t<div class=\"elementor-element elementor-element-52a2657 elementor-hidden-desktop elementor-hidden-tablet elementor-widget elementor-widget-image\" data-id=\"52a2657\" data-element_type=\"widget\" data-widget_type=\"image.default\">\n\t\t\t\t<div class=\"elementor-widget-container\">\n\t\t\t\t\t\t\t\t\t\t\t\t\t\t\t<img decoding=\"async\" width=\"500\" height=\"350\" src=\"https:\/\/www.wurth.es\/blog\/wp-content\/uploads\/2022\/08\/construccion-2.jpg\" class=\"attachment-large size-large wp-image-2122\" alt=\"\" srcset=\"https:\/\/www.wurth.es\/blog\/wp-content\/uploads\/2022\/08\/construccion-2.jpg 500w, https:\/\/www.wurth.es\/blog\/wp-content\/uploads\/2022\/08\/construccion-2-300x210.jpg 300w, https:\/\/www.wurth.es\/blog\/wp-content\/uploads\/2022\/08\/construccion-2-150x105.jpg 150w, https:\/\/www.wurth.es\/blog\/wp-content\/uploads\/2022\/08\/construccion-2-100x70.jpg 100w\" sizes=\"(max-width: 500px) 100vw, 500px\" \/>\t\t\t\t\t\t\t\t\t\t\t\t\t\t\t<\/div>\n\t\t\t\t<\/div>\n\t\t\t\t\t<\/div>\n\t\t<\/div>\n\t\t\t\t\t<\/div>\n\t\t<\/section>\n\t\t\t\t<section class=\"elementor-section elementor-top-section elementor-element elementor-element-e0e95a7 elementor-section-boxed elementor-section-height-default elementor-section-height-default\" data-id=\"e0e95a7\" data-element_type=\"section\">\n\t\t\t\t\t\t<div class=\"elementor-container elementor-column-gap-default\">\n\t\t\t\t\t<div class=\"elementor-column elementor-col-100 elementor-top-column elementor-element elementor-element-a1e7fc8\" data-id=\"a1e7fc8\" data-element_type=\"column\">\n\t\t\t<div class=\"elementor-widget-wrap elementor-element-populated\">\n\t\t\t\t\t\t<div class=\"elementor-element elementor-element-50a3cb6 elementor-grid-3 elementor-grid-tablet-2 elementor-grid-mobile-1 elespare-section-title-elespare-left elementor-widget elementor-widget-post-grid\" data-id=\"50a3cb6\" data-element_type=\"widget\" data-settings=\"{&quot;columns&quot;:&quot;3&quot;,&quot;columns_tablet&quot;:&quot;2&quot;,&quot;columns_mobile&quot;:&quot;1&quot;}\" data-widget_type=\"post-grid.default\">\n\t\t\t\t<div class=\"elementor-widget-container\">\n\t\t\t\t\t<div class=\"elespare-widget-title-section title-style-1 elespare-left\"><h4 class=\"elespare-widget-title\"><span class=\"elespare-section-title-before\"><\/span><span class=\"elespare-section-title\">\u00daltimas Publicaciones sobre Construcci\u00f3n <\/span><span class=\"elespare-section-title-after\"><\/span><\/h4><\/div>    <div class=\"elespare-grid-wrap grid-layout has-background  elespare-has-equal-height\">\n\n      <div class=\"elespare-posts-wrap  elementor-grid grid-style-1  elespare-image-zoom elespare-light \">\n                    <div class=\"elespare-posts-grid-post-items\">\n\n              <div class=\"elespare-img-wrapper\">\n                    <a href=\"https:\/\/www.wurth.es\/blog\/protectores-auditivos-tipos-usos-y-normativa\/\">\n            <img decoding=\"async\" width=\"640\" height=\"480\" src=\"https:\/\/www.wurth.es\/blog\/wp-content\/uploads\/2026\/04\/Protectores-auditivos-tipos-usos-y-normativa-que-debes-conocer.jpg\" class=\"attachment-large size-large wp-post-image\" alt=\"Protectores auditivos tipos, usos y normativa que debes conocer\" srcset=\"https:\/\/www.wurth.es\/blog\/wp-content\/uploads\/2026\/04\/Protectores-auditivos-tipos-usos-y-normativa-que-debes-conocer.jpg 800w, https:\/\/www.wurth.es\/blog\/wp-content\/uploads\/2026\/04\/Protectores-auditivos-tipos-usos-y-normativa-que-debes-conocer-300x225.jpg 300w, https:\/\/www.wurth.es\/blog\/wp-content\/uploads\/2026\/04\/Protectores-auditivos-tipos-usos-y-normativa-que-debes-conocer-768x576.jpg 768w\" sizes=\"(max-width: 640px) 100vw, 640px\" \/>        <\/a>\n    \n                              <\/div>\n              <div class=\"elespare-content-wrapper\">\n                                \n    <h4 class=\"elespare-post-title\">\n        <a href=\"https:\/\/www.wurth.es\/blog\/protectores-auditivos-tipos-usos-y-normativa\/\"> <span>Protectores auditivos: tipos, usos y normativa que debes conocer<\/span><\/a>\n    <\/h4>\n          <div class=\"elespare-metadata\">\n                  <span class=\"post-author\">\n            <a href=\"https:\/\/www.wurth.es\/blog\/author\/adrian-minguez\/\">\n                              <i class=\"demo-icon elespare-icons-user-circle-regular\" aria-hidden=\"true\"><\/i>\n                            Adri\u00e1n M\u00edguez            <\/a>\n          <\/span>\n                          <span class=\"elespare-posts-full-post-author\">\n            <a href=\"https:\/\/www.wurth.es\/blog\/2026\/\">\n              <i class=\"demo-icon elespare-icons-clock-regular\" aria-hidden=\"true\"><\/i>\n              21 de abril de 2026\n            <\/a>\n          <\/span>\n                      <\/div>\n\n              <\/div>\n            <\/div>\n                    <div class=\"elespare-posts-grid-post-items\">\n\n              <div class=\"elespare-img-wrapper\">\n                    <a href=\"https:\/\/www.wurth.es\/blog\/foco-led-portatil\/\">\n            <img loading=\"lazy\" decoding=\"async\" width=\"640\" height=\"427\" src=\"https:\/\/www.wurth.es\/blog\/wp-content\/uploads\/2025\/09\/663008609_PREVIEW.jpg\" class=\"attachment-large size-large wp-post-image\" alt=\"\" srcset=\"https:\/\/www.wurth.es\/blog\/wp-content\/uploads\/2025\/09\/663008609_PREVIEW.jpg 800w, https:\/\/www.wurth.es\/blog\/wp-content\/uploads\/2025\/09\/663008609_PREVIEW-300x200.jpg 300w, https:\/\/www.wurth.es\/blog\/wp-content\/uploads\/2025\/09\/663008609_PREVIEW-768x513.jpg 768w\" sizes=\"(max-width: 640px) 100vw, 640px\" \/>        <\/a>\n    \n                              <\/div>\n              <div class=\"elespare-content-wrapper\">\n                                \n    <h4 class=\"elespare-post-title\">\n        <a href=\"https:\/\/www.wurth.es\/blog\/foco-led-portatil\/\"> <span>Foco LED port\u00e1til con bater\u00eda intercambiable: la soluci\u00f3n de iluminaci\u00f3n para profesionales<\/span><\/a>\n    <\/h4>\n          <div class=\"elespare-metadata\">\n                  <span class=\"post-author\">\n            <a href=\"https:\/\/www.wurth.es\/blog\/author\/adrian-minguez\/\">\n                              <i class=\"demo-icon elespare-icons-user-circle-regular\" aria-hidden=\"true\"><\/i>\n                            Adri\u00e1n M\u00edguez            <\/a>\n          <\/span>\n                          <span class=\"elespare-posts-full-post-author\">\n            <a href=\"https:\/\/www.wurth.es\/blog\/2025\/\">\n              <i class=\"demo-icon elespare-icons-clock-regular\" aria-hidden=\"true\"><\/i>\n              29 de octubre de 2025\n            <\/a>\n          <\/span>\n                      <\/div>\n\n              <\/div>\n            <\/div>\n                    <div class=\"elespare-posts-grid-post-items\">\n\n              <div class=\"elespare-img-wrapper\">\n                    <a href=\"https:\/\/www.wurth.es\/blog\/taco-shark-twist\/\">\n            <img loading=\"lazy\" decoding=\"async\" width=\"640\" height=\"426\" src=\"https:\/\/www.wurth.es\/blog\/wp-content\/uploads\/2025\/09\/imagen-destacada.jpg\" class=\"attachment-large size-large wp-post-image\" alt=\"\" srcset=\"https:\/\/www.wurth.es\/blog\/wp-content\/uploads\/2025\/09\/imagen-destacada.jpg 800w, https:\/\/www.wurth.es\/blog\/wp-content\/uploads\/2025\/09\/imagen-destacada-300x200.jpg 300w, https:\/\/www.wurth.es\/blog\/wp-content\/uploads\/2025\/09\/imagen-destacada-768x512.jpg 768w\" sizes=\"(max-width: 640px) 100vw, 640px\" \/>        <\/a>\n    \n                              <\/div>\n              <div class=\"elespare-content-wrapper\">\n                                \n    <h4 class=\"elespare-post-title\">\n        <a href=\"https:\/\/www.wurth.es\/blog\/taco-shark-twist\/\"> <span>Taco Zebra Shark\u00ae Twist de W\u00fcrth: el taco m\u00e1s flexible y vers\u00e1til<\/span><\/a>\n    <\/h4>\n          <div class=\"elespare-metadata\">\n                  <span class=\"post-author\">\n            <a href=\"https:\/\/www.wurth.es\/blog\/author\/adrian-minguez\/\">\n                              <i class=\"demo-icon elespare-icons-user-circle-regular\" aria-hidden=\"true\"><\/i>\n                            Adri\u00e1n M\u00edguez            <\/a>\n          <\/span>\n                          <span class=\"elespare-posts-full-post-author\">\n            <a href=\"https:\/\/www.wurth.es\/blog\/2025\/\">\n              <i class=\"demo-icon elespare-icons-clock-regular\" aria-hidden=\"true\"><\/i>\n              15 de septiembre de 2025\n            <\/a>\n          <\/span>\n                      <\/div>\n\n              <\/div>\n            <\/div>\n                    <div class=\"elespare-posts-grid-post-items\">\n\n              <div class=\"elespare-img-wrapper\">\n                    <a href=\"https:\/\/www.wurth.es\/blog\/anclaje-autorroscante-hormigon-w-bs\/\">\n            <img loading=\"lazy\" decoding=\"async\" width=\"640\" height=\"360\" src=\"https:\/\/www.wurth.es\/blog\/wp-content\/uploads\/2025\/07\/569353321_PREVIEW.jpg\" class=\"attachment-large size-large wp-post-image\" alt=\"\" srcset=\"https:\/\/www.wurth.es\/blog\/wp-content\/uploads\/2025\/07\/569353321_PREVIEW.jpg 800w, https:\/\/www.wurth.es\/blog\/wp-content\/uploads\/2025\/07\/569353321_PREVIEW-300x169.jpg 300w, https:\/\/www.wurth.es\/blog\/wp-content\/uploads\/2025\/07\/569353321_PREVIEW-768x432.jpg 768w\" sizes=\"(max-width: 640px) 100vw, 640px\" \/>        <\/a>\n    \n                              <\/div>\n              <div class=\"elespare-content-wrapper\">\n                                \n    <h4 class=\"elespare-post-title\">\n        <a href=\"https:\/\/www.wurth.es\/blog\/anclaje-autorroscante-hormigon-w-bs\/\"> <span>Anclaje Autorroscante W-BS de W\u00fcrth: Innovaci\u00f3n, velocidad y seguridad en fijaciones para hormig\u00f3n<\/span><\/a>\n    <\/h4>\n          <div class=\"elespare-metadata\">\n                  <span class=\"post-author\">\n            <a href=\"https:\/\/www.wurth.es\/blog\/author\/adrian-minguez\/\">\n                              <i class=\"demo-icon elespare-icons-user-circle-regular\" aria-hidden=\"true\"><\/i>\n                            Adri\u00e1n M\u00edguez            <\/a>\n          <\/span>\n                          <span class=\"elespare-posts-full-post-author\">\n            <a href=\"https:\/\/www.wurth.es\/blog\/2025\/\">\n              <i class=\"demo-icon elespare-icons-clock-regular\" aria-hidden=\"true\"><\/i>\n              8 de septiembre de 2025\n            <\/a>\n          <\/span>\n                      <\/div>\n\n              <\/div>\n            <\/div>\n                    <div class=\"elespare-posts-grid-post-items\">\n\n              <div class=\"elespare-img-wrapper\">\n                    <a href=\"https:\/\/www.wurth.es\/blog\/20-anos-apostando-por-la-ingenieria\/\">\n            <img loading=\"lazy\" decoding=\"async\" width=\"640\" height=\"360\" src=\"https:\/\/www.wurth.es\/blog\/wp-content\/uploads\/2025\/08\/INGENIEROS-1024x576.png\" class=\"attachment-large size-large wp-post-image\" alt=\"\" srcset=\"https:\/\/www.wurth.es\/blog\/wp-content\/uploads\/2025\/08\/INGENIEROS-1024x576.png 1024w, https:\/\/www.wurth.es\/blog\/wp-content\/uploads\/2025\/08\/INGENIEROS-300x169.png 300w, https:\/\/www.wurth.es\/blog\/wp-content\/uploads\/2025\/08\/INGENIEROS-768x432.png 768w, https:\/\/www.wurth.es\/blog\/wp-content\/uploads\/2025\/08\/INGENIEROS-1536x864.png 1536w, https:\/\/www.wurth.es\/blog\/wp-content\/uploads\/2025\/08\/INGENIEROS.png 1622w\" sizes=\"(max-width: 640px) 100vw, 640px\" \/>        <\/a>\n    \n                              <\/div>\n              <div class=\"elespare-content-wrapper\">\n                                \n    <h4 class=\"elespare-post-title\">\n        <a href=\"https:\/\/www.wurth.es\/blog\/20-anos-apostando-por-la-ingenieria\/\"> <span>20 a\u00f1os apostando por la ingenier\u00eda<\/span><\/a>\n    <\/h4>\n          <div class=\"elespare-metadata\">\n                  <span class=\"post-author\">\n            <a href=\"https:\/\/www.wurth.es\/blog\/author\/andrea-torreswurth-es\/\">\n                              <i class=\"demo-icon elespare-icons-user-circle-regular\" aria-hidden=\"true\"><\/i>\n                            Andrea Torres            <\/a>\n          <\/span>\n                          <span class=\"elespare-posts-full-post-author\">\n            <a href=\"https:\/\/www.wurth.es\/blog\/2025\/\">\n              <i class=\"demo-icon elespare-icons-clock-regular\" aria-hidden=\"true\"><\/i>\n              2 de septiembre de 2025\n            <\/a>\n          <\/span>\n                      <\/div>\n\n              <\/div>\n            <\/div>\n                    <div class=\"elespare-posts-grid-post-items\">\n\n              <div class=\"elespare-img-wrapper\">\n                    <a href=\"https:\/\/www.wurth.es\/blog\/3-errores-fijacion-barandillas-construccion\/\">\n            <img loading=\"lazy\" decoding=\"async\" width=\"640\" height=\"407\" src=\"https:\/\/www.wurth.es\/blog\/wp-content\/uploads\/2025\/08\/portada-blog-anclajes-barandilla.jpg\" class=\"attachment-large size-large wp-post-image\" alt=\"\" srcset=\"https:\/\/www.wurth.es\/blog\/wp-content\/uploads\/2025\/08\/portada-blog-anclajes-barandilla.jpg 800w, https:\/\/www.wurth.es\/blog\/wp-content\/uploads\/2025\/08\/portada-blog-anclajes-barandilla-300x191.jpg 300w, https:\/\/www.wurth.es\/blog\/wp-content\/uploads\/2025\/08\/portada-blog-anclajes-barandilla-768x489.jpg 768w\" sizes=\"(max-width: 640px) 100vw, 640px\" \/>        <\/a>\n    \n                              <\/div>\n              <div class=\"elespare-content-wrapper\">\n                                \n    <h4 class=\"elespare-post-title\">\n        <a href=\"https:\/\/www.wurth.es\/blog\/3-errores-fijacion-barandillas-construccion\/\"> <span>Los 3 errores m\u00e1s grandes en la fijaci\u00f3n de barandillas en la construcci\u00f3n de edificios<\/span><\/a>\n    <\/h4>\n          <div class=\"elespare-metadata\">\n                  <span class=\"post-author\">\n            <a href=\"https:\/\/www.wurth.es\/blog\/author\/adrian-minguez\/\">\n                              <i class=\"demo-icon elespare-icons-user-circle-regular\" aria-hidden=\"true\"><\/i>\n                            Adri\u00e1n M\u00edguez            <\/a>\n          <\/span>\n                          <span class=\"elespare-posts-full-post-author\">\n            <a href=\"https:\/\/www.wurth.es\/blog\/2025\/\">\n              <i class=\"demo-icon elespare-icons-clock-regular\" aria-hidden=\"true\"><\/i>\n              13 de agosto de 2025\n            <\/a>\n          <\/span>\n                      <\/div>\n\n              <\/div>\n            <\/div>\n                    <div class=\"elespare-posts-grid-post-items\">\n\n              <div class=\"elespare-img-wrapper\">\n                    <a href=\"https:\/\/www.wurth.es\/blog\/manipulacion-amianto-seguridad\/\">\n            <img loading=\"lazy\" decoding=\"async\" width=\"640\" height=\"426\" src=\"https:\/\/www.wurth.es\/blog\/wp-content\/uploads\/2025\/07\/1834772_PREVIEW-1.jpg\" class=\"attachment-large size-large wp-post-image\" alt=\"\" srcset=\"https:\/\/www.wurth.es\/blog\/wp-content\/uploads\/2025\/07\/1834772_PREVIEW-1.jpg 800w, https:\/\/www.wurth.es\/blog\/wp-content\/uploads\/2025\/07\/1834772_PREVIEW-1-300x200.jpg 300w, https:\/\/www.wurth.es\/blog\/wp-content\/uploads\/2025\/07\/1834772_PREVIEW-1-768x512.jpg 768w\" sizes=\"(max-width: 640px) 100vw, 640px\" \/>        <\/a>\n    \n                              <\/div>\n              <div class=\"elespare-content-wrapper\">\n                                \n    <h4 class=\"elespare-post-title\">\n        <a href=\"https:\/\/www.wurth.es\/blog\/manipulacion-amianto-seguridad\/\"> <span>Manipulaci\u00f3n y retirada de amianto: medios para protegernos<\/span><\/a>\n    <\/h4>\n          <div class=\"elespare-metadata\">\n                  <span class=\"post-author\">\n            <a href=\"https:\/\/www.wurth.es\/blog\/author\/adrian-minguez\/\">\n                              <i class=\"demo-icon elespare-icons-user-circle-regular\" aria-hidden=\"true\"><\/i>\n                            Adri\u00e1n M\u00edguez            <\/a>\n          <\/span>\n                          <span class=\"elespare-posts-full-post-author\">\n            <a href=\"https:\/\/www.wurth.es\/blog\/2025\/\">\n              <i class=\"demo-icon elespare-icons-clock-regular\" aria-hidden=\"true\"><\/i>\n              14 de julio de 2025\n            <\/a>\n          <\/span>\n                      <\/div>\n\n              <\/div>\n            <\/div>\n                    <div class=\"elespare-posts-grid-post-items\">\n\n              <div class=\"elespare-img-wrapper\">\n                    <a href=\"https:\/\/www.wurth.es\/blog\/polvo-de-silice-un-asesino-silencioso-en-el-entorno-laboral\/\">\n            <img loading=\"lazy\" decoding=\"async\" width=\"640\" height=\"359\" src=\"https:\/\/www.wurth.es\/blog\/wp-content\/uploads\/2025\/05\/monochrome-scene-depicting-life-workers-construction-industry-site-min-1024x574.jpg\" class=\"attachment-large size-large wp-post-image\" alt=\"\" srcset=\"https:\/\/www.wurth.es\/blog\/wp-content\/uploads\/2025\/05\/monochrome-scene-depicting-life-workers-construction-industry-site-min-1024x574.jpg 1024w, https:\/\/www.wurth.es\/blog\/wp-content\/uploads\/2025\/05\/monochrome-scene-depicting-life-workers-construction-industry-site-min-300x168.jpg 300w, https:\/\/www.wurth.es\/blog\/wp-content\/uploads\/2025\/05\/monochrome-scene-depicting-life-workers-construction-industry-site-min-768x430.jpg 768w, https:\/\/www.wurth.es\/blog\/wp-content\/uploads\/2025\/05\/monochrome-scene-depicting-life-workers-construction-industry-site-min-1536x861.jpg 1536w, https:\/\/www.wurth.es\/blog\/wp-content\/uploads\/2025\/05\/monochrome-scene-depicting-life-workers-construction-industry-site-min-2048x1148.jpg 2048w\" sizes=\"(max-width: 640px) 100vw, 640px\" \/>        <\/a>\n    \n                              <\/div>\n              <div class=\"elespare-content-wrapper\">\n                                \n    <h4 class=\"elespare-post-title\">\n        <a href=\"https:\/\/www.wurth.es\/blog\/polvo-de-silice-un-asesino-silencioso-en-el-entorno-laboral\/\"> <span>Polvo de S\u00edlice: Un Asesino Silencioso en el Entorno Laboral<\/span><\/a>\n    <\/h4>\n          <div class=\"elespare-metadata\">\n                  <span class=\"post-author\">\n            <a href=\"https:\/\/www.wurth.es\/blog\/author\/adrian-minguez\/\">\n                              <i class=\"demo-icon elespare-icons-user-circle-regular\" aria-hidden=\"true\"><\/i>\n                            Adri\u00e1n M\u00edguez            <\/a>\n          <\/span>\n                          <span class=\"elespare-posts-full-post-author\">\n            <a href=\"https:\/\/www.wurth.es\/blog\/2025\/\">\n              <i class=\"demo-icon elespare-icons-clock-regular\" aria-hidden=\"true\"><\/i>\n              21 de mayo de 2025\n            <\/a>\n          <\/span>\n                      <\/div>\n\n              <\/div>\n            <\/div>\n                    <div class=\"elespare-posts-grid-post-items\">\n\n              <div class=\"elespare-img-wrapper\">\n                    <a href=\"https:\/\/www.wurth.es\/blog\/wurth-espana-como-patrocinador-de-los-premios-construmat-a-la-arquitectura-saludable-2025\/\">\n            <img loading=\"lazy\" decoding=\"async\" width=\"640\" height=\"427\" src=\"https:\/\/www.wurth.es\/blog\/wp-content\/uploads\/2025\/05\/lab_construmat-2024-15350-1024x683.jpg\" class=\"attachment-large size-large wp-post-image\" alt=\"\" srcset=\"https:\/\/www.wurth.es\/blog\/wp-content\/uploads\/2025\/05\/lab_construmat-2024-15350-1024x683.jpg 1024w, https:\/\/www.wurth.es\/blog\/wp-content\/uploads\/2025\/05\/lab_construmat-2024-15350-300x200.jpg 300w, https:\/\/www.wurth.es\/blog\/wp-content\/uploads\/2025\/05\/lab_construmat-2024-15350-768x512.jpg 768w, https:\/\/www.wurth.es\/blog\/wp-content\/uploads\/2025\/05\/lab_construmat-2024-15350-1536x1025.jpg 1536w, https:\/\/www.wurth.es\/blog\/wp-content\/uploads\/2025\/05\/lab_construmat-2024-15350-2048x1367.jpg 2048w\" sizes=\"(max-width: 640px) 100vw, 640px\" \/>        <\/a>\n    \n                              <\/div>\n              <div class=\"elespare-content-wrapper\">\n                                \n    <h4 class=\"elespare-post-title\">\n        <a href=\"https:\/\/www.wurth.es\/blog\/wurth-espana-como-patrocinador-de-los-premios-construmat-a-la-arquitectura-saludable-2025\/\"> <span>W\u00fcrth Espa\u00f1a como patrocinador de los Premios CONSTRUMAT a la Arquitectura Sostenible y Saludable 2025<\/span><\/a>\n    <\/h4>\n          <div class=\"elespare-metadata\">\n                  <span class=\"post-author\">\n            <a href=\"https:\/\/www.wurth.es\/blog\/author\/adrian-minguez\/\">\n                              <i class=\"demo-icon elespare-icons-user-circle-regular\" aria-hidden=\"true\"><\/i>\n                            Adri\u00e1n M\u00edguez            <\/a>\n          <\/span>\n                          <span class=\"elespare-posts-full-post-author\">\n            <a href=\"https:\/\/www.wurth.es\/blog\/2025\/\">\n              <i class=\"demo-icon elespare-icons-clock-regular\" aria-hidden=\"true\"><\/i>\n              20 de mayo de 2025\n            <\/a>\n          <\/span>\n                      <\/div>\n\n              <\/div>\n            <\/div>\n                    <div class=\"elespare-posts-grid-post-items\">\n\n              <div class=\"elespare-img-wrapper\">\n                    <a href=\"https:\/\/www.wurth.es\/blog\/anclaje-plastico\/\">\n            <img loading=\"lazy\" decoding=\"async\" width=\"640\" height=\"427\" src=\"https:\/\/www.wurth.es\/blog\/wp-content\/uploads\/2025\/03\/526531556_PREVIEW.jpg\" class=\"attachment-large size-large wp-post-image\" alt=\"\" srcset=\"https:\/\/www.wurth.es\/blog\/wp-content\/uploads\/2025\/03\/526531556_PREVIEW.jpg 800w, https:\/\/www.wurth.es\/blog\/wp-content\/uploads\/2025\/03\/526531556_PREVIEW-300x200.jpg 300w, https:\/\/www.wurth.es\/blog\/wp-content\/uploads\/2025\/03\/526531556_PREVIEW-768x513.jpg 768w\" sizes=\"(max-width: 640px) 100vw, 640px\" \/>        <\/a>\n    \n                              <\/div>\n              <div class=\"elespare-content-wrapper\">\n                                \n    <h4 class=\"elespare-post-title\">\n        <a href=\"https:\/\/www.wurth.es\/blog\/anclaje-plastico\/\"> <span>Anclaje Pl\u00e1stico<\/span><\/a>\n    <\/h4>\n          <div class=\"elespare-metadata\">\n                  <span class=\"post-author\">\n            <a href=\"https:\/\/www.wurth.es\/blog\/author\/adrian-minguez\/\">\n                              <i class=\"demo-icon elespare-icons-user-circle-regular\" aria-hidden=\"true\"><\/i>\n                            Adri\u00e1n M\u00edguez            <\/a>\n          <\/span>\n                          <span class=\"elespare-posts-full-post-author\">\n            <a href=\"https:\/\/www.wurth.es\/blog\/2025\/\">\n              <i class=\"demo-icon elespare-icons-clock-regular\" aria-hidden=\"true\"><\/i>\n              27 de marzo de 2025\n            <\/a>\n          <\/span>\n                      <\/div>\n\n              <\/div>\n            <\/div>\n                    <div class=\"elespare-posts-grid-post-items\">\n\n              <div class=\"elespare-img-wrapper\">\n                    <a href=\"https:\/\/www.wurth.es\/blog\/anclajes-metalicos\/\">\n            <img loading=\"lazy\" decoding=\"async\" width=\"493\" height=\"493\" src=\"https:\/\/www.wurth.es\/blog\/wp-content\/uploads\/2025\/03\/4332969-1.jpg\" class=\"attachment-large size-large wp-post-image\" alt=\"\" srcset=\"https:\/\/www.wurth.es\/blog\/wp-content\/uploads\/2025\/03\/4332969-1.jpg 493w, https:\/\/www.wurth.es\/blog\/wp-content\/uploads\/2025\/03\/4332969-1-300x300.jpg 300w, https:\/\/www.wurth.es\/blog\/wp-content\/uploads\/2025\/03\/4332969-1-150x150.jpg 150w\" sizes=\"(max-width: 493px) 100vw, 493px\" \/>        <\/a>\n    \n                              <\/div>\n              <div class=\"elespare-content-wrapper\">\n                                \n    <h4 class=\"elespare-post-title\">\n        <a href=\"https:\/\/www.wurth.es\/blog\/anclajes-metalicos\/\"> <span>Descubre los mejores Anclajes Met\u00e1licos para Hormig\u00f3n<\/span><\/a>\n    <\/h4>\n          <div class=\"elespare-metadata\">\n                  <span class=\"post-author\">\n            <a href=\"https:\/\/www.wurth.es\/blog\/author\/adrian-minguez\/\">\n                              <i class=\"demo-icon elespare-icons-user-circle-regular\" aria-hidden=\"true\"><\/i>\n                            Adri\u00e1n M\u00edguez            <\/a>\n          <\/span>\n                          <span class=\"elespare-posts-full-post-author\">\n            <a href=\"https:\/\/www.wurth.es\/blog\/2025\/\">\n              <i class=\"demo-icon elespare-icons-clock-regular\" aria-hidden=\"true\"><\/i>\n              13 de marzo de 2025\n            <\/a>\n          <\/span>\n                      <\/div>\n\n              <\/div>\n            <\/div>\n                    <div class=\"elespare-posts-grid-post-items\">\n\n              <div class=\"elespare-img-wrapper\">\n                    <a href=\"https:\/\/www.wurth.es\/blog\/membrana-impermeabilizante-witanflex\/\">\n            <img loading=\"lazy\" decoding=\"async\" width=\"640\" height=\"480\" src=\"https:\/\/www.wurth.es\/blog\/wp-content\/uploads\/2025\/02\/image-12.png\" class=\"attachment-large size-large wp-post-image\" alt=\"\" srcset=\"https:\/\/www.wurth.es\/blog\/wp-content\/uploads\/2025\/02\/image-12.png 800w, https:\/\/www.wurth.es\/blog\/wp-content\/uploads\/2025\/02\/image-12-300x225.png 300w, https:\/\/www.wurth.es\/blog\/wp-content\/uploads\/2025\/02\/image-12-768x576.png 768w\" sizes=\"(max-width: 640px) 100vw, 640px\" \/>        <\/a>\n    \n                              <\/div>\n              <div class=\"elespare-content-wrapper\">\n                                \n    <h4 class=\"elespare-post-title\">\n        <a href=\"https:\/\/www.wurth.es\/blog\/membrana-impermeabilizante-witanflex\/\"> <span>Ventajas de WITANFLEX ALUMET: La soluci\u00f3n de Impermeabilizaci\u00f3n Ideal<\/span><\/a>\n    <\/h4>\n          <div class=\"elespare-metadata\">\n                  <span class=\"post-author\">\n            <a href=\"https:\/\/www.wurth.es\/blog\/author\/adrian-minguez\/\">\n                              <i class=\"demo-icon elespare-icons-user-circle-regular\" aria-hidden=\"true\"><\/i>\n                            Adri\u00e1n M\u00edguez            <\/a>\n          <\/span>\n                          <span class=\"elespare-posts-full-post-author\">\n            <a href=\"https:\/\/www.wurth.es\/blog\/2025\/\">\n              <i class=\"demo-icon elespare-icons-clock-regular\" aria-hidden=\"true\"><\/i>\n              11 de marzo de 2025\n            <\/a>\n          <\/span>\n                      <\/div>\n\n              <\/div>\n            <\/div>\n                    <div class=\"elespare-posts-grid-post-items\">\n\n              <div class=\"elespare-img-wrapper\">\n                    <a href=\"https:\/\/www.wurth.es\/blog\/anclaje-quimico\/\">\n            <img loading=\"lazy\" decoding=\"async\" width=\"640\" height=\"391\" src=\"https:\/\/www.wurth.es\/blog\/wp-content\/uploads\/2025\/03\/image-2.png\" class=\"attachment-large size-large wp-post-image\" alt=\"\" srcset=\"https:\/\/www.wurth.es\/blog\/wp-content\/uploads\/2025\/03\/image-2.png 780w, https:\/\/www.wurth.es\/blog\/wp-content\/uploads\/2025\/03\/image-2-300x183.png 300w, https:\/\/www.wurth.es\/blog\/wp-content\/uploads\/2025\/03\/image-2-768x470.png 768w\" sizes=\"(max-width: 640px) 100vw, 640px\" \/>        <\/a>\n    \n                              <\/div>\n              <div class=\"elespare-content-wrapper\">\n                                \n    <h4 class=\"elespare-post-title\">\n        <a href=\"https:\/\/www.wurth.es\/blog\/anclaje-quimico\/\"> <span>Todo lo que Necesitas Saber sobre el Anclaje Qu\u00edmico<\/span><\/a>\n    <\/h4>\n          <div class=\"elespare-metadata\">\n                  <span class=\"post-author\">\n            <a href=\"https:\/\/www.wurth.es\/blog\/author\/adrian-minguez\/\">\n                              <i class=\"demo-icon elespare-icons-user-circle-regular\" aria-hidden=\"true\"><\/i>\n                            Adri\u00e1n M\u00edguez            <\/a>\n          <\/span>\n                          <span class=\"elespare-posts-full-post-author\">\n            <a href=\"https:\/\/www.wurth.es\/blog\/2025\/\">\n              <i class=\"demo-icon elespare-icons-clock-regular\" aria-hidden=\"true\"><\/i>\n              6 de marzo de 2025\n            <\/a>\n          <\/span>\n                      <\/div>\n\n              <\/div>\n            <\/div>\n                    <div class=\"elespare-posts-grid-post-items\">\n\n              <div class=\"elespare-img-wrapper\">\n                    <a href=\"https:\/\/www.wurth.es\/blog\/certificaciones-frio-lluvia-vestuario-laboral\/\">\n            <img loading=\"lazy\" decoding=\"async\" width=\"584\" height=\"393\" src=\"https:\/\/www.wurth.es\/blog\/wp-content\/uploads\/2025\/02\/image-18.png\" class=\"attachment-large size-large wp-post-image\" alt=\"\" srcset=\"https:\/\/www.wurth.es\/blog\/wp-content\/uploads\/2025\/02\/image-18.png 584w, https:\/\/www.wurth.es\/blog\/wp-content\/uploads\/2025\/02\/image-18-300x202.png 300w\" sizes=\"(max-width: 584px) 100vw, 584px\" \/>        <\/a>\n    \n                              <\/div>\n              <div class=\"elespare-content-wrapper\">\n                                \n    <h4 class=\"elespare-post-title\">\n        <a href=\"https:\/\/www.wurth.es\/blog\/certificaciones-frio-lluvia-vestuario-laboral\/\"> <span>Certificaciones de fr\u00edo y lluvia en vestuario laboral: tu cuerpo a buen resguardo<\/span><\/a>\n    <\/h4>\n          <div class=\"elespare-metadata\">\n                  <span class=\"post-author\">\n            <a href=\"https:\/\/www.wurth.es\/blog\/author\/adrian-minguez\/\">\n                              <i class=\"demo-icon elespare-icons-user-circle-regular\" aria-hidden=\"true\"><\/i>\n                            Adri\u00e1n M\u00edguez            <\/a>\n          <\/span>\n                          <span class=\"elespare-posts-full-post-author\">\n            <a href=\"https:\/\/www.wurth.es\/blog\/2025\/\">\n              <i class=\"demo-icon elespare-icons-clock-regular\" aria-hidden=\"true\"><\/i>\n              4 de marzo de 2025\n            <\/a>\n          <\/span>\n                      <\/div>\n\n              <\/div>\n            <\/div>\n                    <div class=\"elespare-posts-grid-post-items\">\n\n              <div class=\"elespare-img-wrapper\">\n                    <a href=\"https:\/\/www.wurth.es\/blog\/eliminadores-de-adhesivos\/\">\n            <img loading=\"lazy\" decoding=\"async\" width=\"640\" height=\"426\" src=\"https:\/\/www.wurth.es\/blog\/wp-content\/uploads\/2025\/02\/14326630.jpg\" class=\"attachment-large size-large wp-post-image\" alt=\"\" srcset=\"https:\/\/www.wurth.es\/blog\/wp-content\/uploads\/2025\/02\/14326630.jpg 800w, https:\/\/www.wurth.es\/blog\/wp-content\/uploads\/2025\/02\/14326630-300x200.jpg 300w, https:\/\/www.wurth.es\/blog\/wp-content\/uploads\/2025\/02\/14326630-768x512.jpg 768w\" sizes=\"(max-width: 640px) 100vw, 640px\" \/>        <\/a>\n    \n                              <\/div>\n              <div class=\"elespare-content-wrapper\">\n                                \n    <h4 class=\"elespare-post-title\">\n        <a href=\"https:\/\/www.wurth.es\/blog\/eliminadores-de-adhesivos\/\"> <span>Eliminadores de Adhesivos<\/span><\/a>\n    <\/h4>\n          <div class=\"elespare-metadata\">\n                  <span class=\"post-author\">\n            <a href=\"https:\/\/www.wurth.es\/blog\/author\/adrian-minguez\/\">\n                              <i class=\"demo-icon elespare-icons-user-circle-regular\" aria-hidden=\"true\"><\/i>\n                            Adri\u00e1n M\u00edguez            <\/a>\n          <\/span>\n                          <span class=\"elespare-posts-full-post-author\">\n            <a href=\"https:\/\/www.wurth.es\/blog\/2025\/\">\n              <i class=\"demo-icon elespare-icons-clock-regular\" aria-hidden=\"true\"><\/i>\n              14 de febrero de 2025\n            <\/a>\n          <\/span>\n                      <\/div>\n\n              <\/div>\n            <\/div>\n                    <div class=\"elespare-posts-grid-post-items\">\n\n              <div class=\"elespare-img-wrapper\">\n                    <a href=\"https:\/\/www.wurth.es\/blog\/disco-de-corte-de-diamante\/\">\n            <img loading=\"lazy\" decoding=\"async\" width=\"640\" height=\"427\" src=\"https:\/\/www.wurth.es\/blog\/wp-content\/uploads\/2024\/12\/41987624_PREVIEW.jpg\" class=\"attachment-large size-large wp-post-image\" alt=\"\" srcset=\"https:\/\/www.wurth.es\/blog\/wp-content\/uploads\/2024\/12\/41987624_PREVIEW.jpg 800w, https:\/\/www.wurth.es\/blog\/wp-content\/uploads\/2024\/12\/41987624_PREVIEW-300x200.jpg 300w, https:\/\/www.wurth.es\/blog\/wp-content\/uploads\/2024\/12\/41987624_PREVIEW-768x513.jpg 768w\" sizes=\"(max-width: 640px) 100vw, 640px\" \/>        <\/a>\n    \n                              <\/div>\n              <div class=\"elespare-content-wrapper\">\n                                \n    <h4 class=\"elespare-post-title\">\n        <a href=\"https:\/\/www.wurth.es\/blog\/disco-de-corte-de-diamante\/\"> <span>Gu\u00eda Completa para Elegir el Disco de Corte de Diamante Ideal<\/span><\/a>\n    <\/h4>\n          <div class=\"elespare-metadata\">\n                  <span class=\"post-author\">\n            <a href=\"https:\/\/www.wurth.es\/blog\/author\/adrian-minguez\/\">\n                              <i class=\"demo-icon elespare-icons-user-circle-regular\" aria-hidden=\"true\"><\/i>\n                            Adri\u00e1n M\u00edguez            <\/a>\n          <\/span>\n                          <span class=\"elespare-posts-full-post-author\">\n            <a href=\"https:\/\/www.wurth.es\/blog\/2025\/\">\n              <i class=\"demo-icon elespare-icons-clock-regular\" aria-hidden=\"true\"><\/i>\n              21 de enero de 2025\n            <\/a>\n          <\/span>\n                      <\/div>\n\n              <\/div>\n            <\/div>\n                    <div class=\"elespare-posts-grid-post-items\">\n\n              <div class=\"elespare-img-wrapper\">\n                    <a href=\"https:\/\/www.wurth.es\/blog\/enrollador-de-cable-heavy-duty\/\">\n            <img loading=\"lazy\" decoding=\"async\" width=\"640\" height=\"427\" src=\"https:\/\/www.wurth.es\/blog\/wp-content\/uploads\/2024\/12\/583201443_PREVIEW.jpg\" class=\"attachment-large size-large wp-post-image\" alt=\"\" srcset=\"https:\/\/www.wurth.es\/blog\/wp-content\/uploads\/2024\/12\/583201443_PREVIEW.jpg 800w, https:\/\/www.wurth.es\/blog\/wp-content\/uploads\/2024\/12\/583201443_PREVIEW-300x200.jpg 300w, https:\/\/www.wurth.es\/blog\/wp-content\/uploads\/2024\/12\/583201443_PREVIEW-768x513.jpg 768w\" sizes=\"(max-width: 640px) 100vw, 640px\" \/>        <\/a>\n    \n                              <\/div>\n              <div class=\"elespare-content-wrapper\">\n                                \n    <h4 class=\"elespare-post-title\">\n        <a href=\"https:\/\/www.wurth.es\/blog\/enrollador-de-cable-heavy-duty\/\"> <span>Descubre el Enrollador de Cable HEAVY DUTY<\/span><\/a>\n    <\/h4>\n          <div class=\"elespare-metadata\">\n                  <span class=\"post-author\">\n            <a href=\"https:\/\/www.wurth.es\/blog\/author\/adrian-minguez\/\">\n                              <i class=\"demo-icon elespare-icons-user-circle-regular\" aria-hidden=\"true\"><\/i>\n                            Adri\u00e1n M\u00edguez            <\/a>\n          <\/span>\n                          <span class=\"elespare-posts-full-post-author\">\n            <a href=\"https:\/\/www.wurth.es\/blog\/2025\/\">\n              <i class=\"demo-icon elespare-icons-clock-regular\" aria-hidden=\"true\"><\/i>\n              7 de enero de 2025\n            <\/a>\n          <\/span>\n                      <\/div>\n\n              <\/div>\n            <\/div>\n                    <div class=\"elespare-posts-grid-post-items\">\n\n              <div class=\"elespare-img-wrapper\">\n                    <a href=\"https:\/\/www.wurth.es\/blog\/tipos-de-alicates-y-sus-aplicaciones\/\">\n            <img loading=\"lazy\" decoding=\"async\" width=\"640\" height=\"427\" src=\"https:\/\/www.wurth.es\/blog\/wp-content\/uploads\/2024\/12\/632311406_PREVIEW-1.jpg\" class=\"attachment-large size-large wp-post-image\" alt=\"tipos de alicates\" srcset=\"https:\/\/www.wurth.es\/blog\/wp-content\/uploads\/2024\/12\/632311406_PREVIEW-1.jpg 800w, https:\/\/www.wurth.es\/blog\/wp-content\/uploads\/2024\/12\/632311406_PREVIEW-1-300x200.jpg 300w, https:\/\/www.wurth.es\/blog\/wp-content\/uploads\/2024\/12\/632311406_PREVIEW-1-768x513.jpg 768w\" sizes=\"(max-width: 640px) 100vw, 640px\" \/>        <\/a>\n    \n                              <\/div>\n              <div class=\"elespare-content-wrapper\">\n                                \n    <h4 class=\"elespare-post-title\">\n        <a href=\"https:\/\/www.wurth.es\/blog\/tipos-de-alicates-y-sus-aplicaciones\/\"> <span>Tipos de Alicates y sus aplicaciones<\/span><\/a>\n    <\/h4>\n          <div class=\"elespare-metadata\">\n                  <span class=\"post-author\">\n            <a href=\"https:\/\/www.wurth.es\/blog\/author\/adrian-minguez\/\">\n                              <i class=\"demo-icon elespare-icons-user-circle-regular\" aria-hidden=\"true\"><\/i>\n                            Adri\u00e1n M\u00edguez            <\/a>\n          <\/span>\n                          <span class=\"elespare-posts-full-post-author\">\n            <a href=\"https:\/\/www.wurth.es\/blog\/2024\/\">\n              <i class=\"demo-icon elespare-icons-clock-regular\" aria-hidden=\"true\"><\/i>\n              20 de diciembre de 2024\n            <\/a>\n          <\/span>\n                      <\/div>\n\n              <\/div>\n            <\/div>\n                    <div class=\"elespare-posts-grid-post-items\">\n\n              <div class=\"elespare-img-wrapper\">\n                    <a href=\"https:\/\/www.wurth.es\/blog\/guantes-resistentes-al-frio-la-mejor-opcion-para-trabajar-en-invierno\/\">\n            <img loading=\"lazy\" decoding=\"async\" width=\"640\" height=\"427\" src=\"https:\/\/www.wurth.es\/blog\/wp-content\/uploads\/2024\/12\/5359028_PREVIEW.jpg\" class=\"attachment-large size-large wp-post-image\" alt=\"\" srcset=\"https:\/\/www.wurth.es\/blog\/wp-content\/uploads\/2024\/12\/5359028_PREVIEW.jpg 800w, https:\/\/www.wurth.es\/blog\/wp-content\/uploads\/2024\/12\/5359028_PREVIEW-300x200.jpg 300w, https:\/\/www.wurth.es\/blog\/wp-content\/uploads\/2024\/12\/5359028_PREVIEW-768x513.jpg 768w\" sizes=\"(max-width: 640px) 100vw, 640px\" \/>        <\/a>\n    \n                              <\/div>\n              <div class=\"elespare-content-wrapper\">\n                                \n    <h4 class=\"elespare-post-title\">\n        <a href=\"https:\/\/www.wurth.es\/blog\/guantes-resistentes-al-frio-la-mejor-opcion-para-trabajar-en-invierno\/\"> <span>Guantes resistentes al Fr\u00edo: la mejor opci\u00f3n para Trabajar en Invierno<\/span><\/a>\n    <\/h4>\n          <div class=\"elespare-metadata\">\n                  <span class=\"post-author\">\n            <a href=\"https:\/\/www.wurth.es\/blog\/author\/adrian-minguez\/\">\n                              <i class=\"demo-icon elespare-icons-user-circle-regular\" aria-hidden=\"true\"><\/i>\n                            Adri\u00e1n M\u00edguez            <\/a>\n          <\/span>\n                          <span class=\"elespare-posts-full-post-author\">\n            <a href=\"https:\/\/www.wurth.es\/blog\/2024\/\">\n              <i class=\"demo-icon elespare-icons-clock-regular\" aria-hidden=\"true\"><\/i>\n              16 de diciembre de 2024\n            <\/a>\n          <\/span>\n                      <\/div>\n\n              <\/div>\n            <\/div>\n                    <div class=\"elespare-posts-grid-post-items\">\n\n              <div class=\"elespare-img-wrapper\">\n                    <a href=\"https:\/\/www.wurth.es\/blog\/tipos-destornilladores\/\">\n            <img loading=\"lazy\" decoding=\"async\" width=\"640\" height=\"427\" src=\"https:\/\/www.wurth.es\/blog\/wp-content\/uploads\/2024\/11\/562755813_PREVIEW-1.jpg\" class=\"attachment-large size-large wp-post-image\" alt=\"\" srcset=\"https:\/\/www.wurth.es\/blog\/wp-content\/uploads\/2024\/11\/562755813_PREVIEW-1.jpg 800w, https:\/\/www.wurth.es\/blog\/wp-content\/uploads\/2024\/11\/562755813_PREVIEW-1-300x200.jpg 300w, https:\/\/www.wurth.es\/blog\/wp-content\/uploads\/2024\/11\/562755813_PREVIEW-1-768x513.jpg 768w\" sizes=\"(max-width: 640px) 100vw, 640px\" \/>        <\/a>\n    \n                              <\/div>\n              <div class=\"elespare-content-wrapper\">\n                                \n    <h4 class=\"elespare-post-title\">\n        <a href=\"https:\/\/www.wurth.es\/blog\/tipos-destornilladores\/\"> <span>Diferentes Tipos de Destornilladores<\/span><\/a>\n    <\/h4>\n          <div class=\"elespare-metadata\">\n                  <span class=\"post-author\">\n            <a href=\"https:\/\/www.wurth.es\/blog\/author\/adrian-minguez\/\">\n                              <i class=\"demo-icon elespare-icons-user-circle-regular\" aria-hidden=\"true\"><\/i>\n                            Adri\u00e1n M\u00edguez            <\/a>\n          <\/span>\n                          <span class=\"elespare-posts-full-post-author\">\n            <a href=\"https:\/\/www.wurth.es\/blog\/2024\/\">\n              <i class=\"demo-icon elespare-icons-clock-regular\" aria-hidden=\"true\"><\/i>\n              29 de noviembre de 2024\n            <\/a>\n          <\/span>\n                      <\/div>\n\n              <\/div>\n            <\/div>\n                    <div class=\"elespare-posts-grid-post-items\">\n\n              <div class=\"elespare-img-wrapper\">\n                    <a href=\"https:\/\/www.wurth.es\/blog\/lavaojos-emergencia\/\">\n            <img loading=\"lazy\" decoding=\"async\" width=\"640\" height=\"426\" src=\"https:\/\/www.wurth.es\/blog\/wp-content\/uploads\/2024\/10\/27925237_PREVIEW.jpg\" class=\"attachment-large size-large wp-post-image\" alt=\"\" srcset=\"https:\/\/www.wurth.es\/blog\/wp-content\/uploads\/2024\/10\/27925237_PREVIEW.jpg 800w, https:\/\/www.wurth.es\/blog\/wp-content\/uploads\/2024\/10\/27925237_PREVIEW-300x200.jpg 300w, https:\/\/www.wurth.es\/blog\/wp-content\/uploads\/2024\/10\/27925237_PREVIEW-768x511.jpg 768w\" sizes=\"(max-width: 640px) 100vw, 640px\" \/>        <\/a>\n    \n                              <\/div>\n              <div class=\"elespare-content-wrapper\">\n                                \n    <h4 class=\"elespare-post-title\">\n        <a href=\"https:\/\/www.wurth.es\/blog\/lavaojos-emergencia\/\"> <span>Lavaojos de Emergencia: Protecci\u00f3n Ocular al Rescate<\/span><\/a>\n    <\/h4>\n          <div class=\"elespare-metadata\">\n                  <span class=\"post-author\">\n            <a href=\"https:\/\/www.wurth.es\/blog\/author\/adrian-minguez\/\">\n                              <i class=\"demo-icon elespare-icons-user-circle-regular\" aria-hidden=\"true\"><\/i>\n                            Adri\u00e1n M\u00edguez            <\/a>\n          <\/span>\n                          <span class=\"elespare-posts-full-post-author\">\n            <a href=\"https:\/\/www.wurth.es\/blog\/2024\/\">\n              <i class=\"demo-icon elespare-icons-clock-regular\" aria-hidden=\"true\"><\/i>\n              31 de octubre de 2024\n            <\/a>\n          <\/span>\n                      <\/div>\n\n              <\/div>\n            <\/div>\n                    <div class=\"elespare-posts-grid-post-items\">\n\n              <div class=\"elespare-img-wrapper\">\n                    <a href=\"https:\/\/www.wurth.es\/blog\/pintura-polivalente-proteccion-suelos\/\">\n            <img loading=\"lazy\" decoding=\"async\" width=\"640\" height=\"251\" src=\"https:\/\/www.wurth.es\/blog\/wp-content\/uploads\/2024\/10\/Grey_Pavilack.jpg\" class=\"attachment-large size-large wp-post-image\" alt=\"\" srcset=\"https:\/\/www.wurth.es\/blog\/wp-content\/uploads\/2024\/10\/Grey_Pavilack.jpg 800w, https:\/\/www.wurth.es\/blog\/wp-content\/uploads\/2024\/10\/Grey_Pavilack-300x118.jpg 300w, https:\/\/www.wurth.es\/blog\/wp-content\/uploads\/2024\/10\/Grey_Pavilack-768x301.jpg 768w\" sizes=\"(max-width: 640px) 100vw, 640px\" \/>        <\/a>\n    \n                              <\/div>\n              <div class=\"elespare-content-wrapper\">\n                                \n    <h4 class=\"elespare-post-title\">\n        <a href=\"https:\/\/www.wurth.es\/blog\/pintura-polivalente-proteccion-suelos\/\"> <span>PAVILACK: Pintura polivalente para Protecci\u00f3n de Suelos<\/span><\/a>\n    <\/h4>\n          <div class=\"elespare-metadata\">\n                  <span class=\"post-author\">\n            <a href=\"https:\/\/www.wurth.es\/blog\/author\/adrian-minguez\/\">\n                              <i class=\"demo-icon elespare-icons-user-circle-regular\" aria-hidden=\"true\"><\/i>\n                            Adri\u00e1n M\u00edguez            <\/a>\n          <\/span>\n                          <span class=\"elespare-posts-full-post-author\">\n            <a href=\"https:\/\/www.wurth.es\/blog\/2024\/\">\n              <i class=\"demo-icon elespare-icons-clock-regular\" aria-hidden=\"true\"><\/i>\n              14 de octubre de 2024\n            <\/a>\n          <\/span>\n                      <\/div>\n\n              <\/div>\n            <\/div>\n                    <div class=\"elespare-posts-grid-post-items\">\n\n              <div class=\"elespare-img-wrapper\">\n                    <a href=\"https:\/\/www.wurth.es\/blog\/nueva-normativa-calzado-de-seguridad\/\">\n            <img loading=\"lazy\" decoding=\"async\" width=\"640\" height=\"239\" src=\"https:\/\/www.wurth.es\/blog\/wp-content\/uploads\/2024\/09\/Nueva-normativa-calzado-seguridad.jpg\" class=\"attachment-large size-large wp-post-image\" alt=\"\" srcset=\"https:\/\/www.wurth.es\/blog\/wp-content\/uploads\/2024\/09\/Nueva-normativa-calzado-seguridad.jpg 800w, https:\/\/www.wurth.es\/blog\/wp-content\/uploads\/2024\/09\/Nueva-normativa-calzado-seguridad-300x112.jpg 300w, https:\/\/www.wurth.es\/blog\/wp-content\/uploads\/2024\/09\/Nueva-normativa-calzado-seguridad-768x287.jpg 768w\" sizes=\"(max-width: 640px) 100vw, 640px\" \/>        <\/a>\n    \n                              <\/div>\n              <div class=\"elespare-content-wrapper\">\n                                \n    <h4 class=\"elespare-post-title\">\n        <a href=\"https:\/\/www.wurth.es\/blog\/nueva-normativa-calzado-de-seguridad\/\"> <span>Nueva normativa para el Calzado de Seguridad<\/span><\/a>\n    <\/h4>\n          <div class=\"elespare-metadata\">\n                  <span class=\"post-author\">\n            <a href=\"https:\/\/www.wurth.es\/blog\/author\/adrian-minguez\/\">\n                              <i class=\"demo-icon elespare-icons-user-circle-regular\" aria-hidden=\"true\"><\/i>\n                            Adri\u00e1n M\u00edguez            <\/a>\n          <\/span>\n                          <span class=\"elespare-posts-full-post-author\">\n            <a href=\"https:\/\/www.wurth.es\/blog\/2024\/\">\n              <i class=\"demo-icon elespare-icons-clock-regular\" aria-hidden=\"true\"><\/i>\n              23 de septiembre de 2024\n            <\/a>\n          <\/span>\n                      <\/div>\n\n              <\/div>\n            <\/div>\n                    <div class=\"elespare-posts-grid-post-items\">\n\n              <div class=\"elespare-img-wrapper\">\n                    <a href=\"https:\/\/www.wurth.es\/blog\/proteccion-respiratoria-trabajo\/\">\n            <img loading=\"lazy\" decoding=\"async\" width=\"600\" height=\"600\" src=\"https:\/\/www.wurth.es\/blog\/wp-content\/uploads\/2024\/09\/81428883_PREVIEW-e1726466933121.jpg\" class=\"attachment-large size-large wp-post-image\" alt=\"\" srcset=\"https:\/\/www.wurth.es\/blog\/wp-content\/uploads\/2024\/09\/81428883_PREVIEW-e1726466933121.jpg 600w, https:\/\/www.wurth.es\/blog\/wp-content\/uploads\/2024\/09\/81428883_PREVIEW-e1726466933121-300x300.jpg 300w, https:\/\/www.wurth.es\/blog\/wp-content\/uploads\/2024\/09\/81428883_PREVIEW-e1726466933121-150x150.jpg 150w\" sizes=\"(max-width: 600px) 100vw, 600px\" \/>        <\/a>\n    \n                              <\/div>\n              <div class=\"elespare-content-wrapper\">\n                                \n    <h4 class=\"elespare-post-title\">\n        <a href=\"https:\/\/www.wurth.es\/blog\/proteccion-respiratoria-trabajo\/\"> <span>Lo que debes saber sobre la Protecci\u00f3n Respiratoria en el Trabajo<\/span><\/a>\n    <\/h4>\n          <div class=\"elespare-metadata\">\n                  <span class=\"post-author\">\n            <a href=\"https:\/\/www.wurth.es\/blog\/author\/adrian-minguez\/\">\n                              <i class=\"demo-icon elespare-icons-user-circle-regular\" aria-hidden=\"true\"><\/i>\n                            Adri\u00e1n M\u00edguez            <\/a>\n          <\/span>\n                          <span class=\"elespare-posts-full-post-author\">\n            <a href=\"https:\/\/www.wurth.es\/blog\/2024\/\">\n              <i class=\"demo-icon elespare-icons-clock-regular\" aria-hidden=\"true\"><\/i>\n              16 de septiembre de 2024\n            <\/a>\n          <\/span>\n                      <\/div>\n\n              <\/div>\n            <\/div>\n                    <div class=\"elespare-posts-grid-post-items\">\n\n              <div class=\"elespare-img-wrapper\">\n                    <a href=\"https:\/\/www.wurth.es\/blog\/guantes-proteccion-corte\/\">\n            <img loading=\"lazy\" decoding=\"async\" width=\"640\" height=\"427\" src=\"https:\/\/www.wurth.es\/blog\/wp-content\/uploads\/2024\/08\/Guantes-de-proteccion-contra-el-corte-1.jpg\" class=\"attachment-large size-large wp-post-image\" alt=\"\" srcset=\"https:\/\/www.wurth.es\/blog\/wp-content\/uploads\/2024\/08\/Guantes-de-proteccion-contra-el-corte-1.jpg 800w, https:\/\/www.wurth.es\/blog\/wp-content\/uploads\/2024\/08\/Guantes-de-proteccion-contra-el-corte-1-300x200.jpg 300w, https:\/\/www.wurth.es\/blog\/wp-content\/uploads\/2024\/08\/Guantes-de-proteccion-contra-el-corte-1-768x513.jpg 768w\" sizes=\"(max-width: 640px) 100vw, 640px\" \/>        <\/a>\n    \n                              <\/div>\n              <div class=\"elespare-content-wrapper\">\n                                \n    <h4 class=\"elespare-post-title\">\n        <a href=\"https:\/\/www.wurth.es\/blog\/guantes-proteccion-corte\/\"> <span>Guantes de Protecci\u00f3n contra el Corte, el EPI imprescindible<\/span><\/a>\n    <\/h4>\n          <div class=\"elespare-metadata\">\n                  <span class=\"post-author\">\n            <a href=\"https:\/\/www.wurth.es\/blog\/author\/adrian-minguez\/\">\n                              <i class=\"demo-icon elespare-icons-user-circle-regular\" aria-hidden=\"true\"><\/i>\n                            Adri\u00e1n M\u00edguez            <\/a>\n          <\/span>\n                          <span class=\"elespare-posts-full-post-author\">\n            <a href=\"https:\/\/www.wurth.es\/blog\/2024\/\">\n              <i class=\"demo-icon elespare-icons-clock-regular\" aria-hidden=\"true\"><\/i>\n              9 de septiembre de 2024\n            <\/a>\n          <\/span>\n                      <\/div>\n\n              <\/div>\n            <\/div>\n                    <div class=\"elespare-posts-grid-post-items\">\n\n              <div class=\"elespare-img-wrapper\">\n                    <a href=\"https:\/\/www.wurth.es\/blog\/gafas-proteccion-laboral\/\">\n            <img loading=\"lazy\" decoding=\"async\" width=\"640\" height=\"480\" src=\"https:\/\/www.wurth.es\/blog\/wp-content\/uploads\/2024\/08\/Gafas-de-proteccion-ocular-Wurth.jpg\" class=\"attachment-large size-large wp-post-image\" alt=\"Gafas de protecci\u00f3n ocular W\u00fcrth\" srcset=\"https:\/\/www.wurth.es\/blog\/wp-content\/uploads\/2024\/08\/Gafas-de-proteccion-ocular-Wurth.jpg 800w, https:\/\/www.wurth.es\/blog\/wp-content\/uploads\/2024\/08\/Gafas-de-proteccion-ocular-Wurth-300x225.jpg 300w, https:\/\/www.wurth.es\/blog\/wp-content\/uploads\/2024\/08\/Gafas-de-proteccion-ocular-Wurth-768x576.jpg 768w\" sizes=\"(max-width: 640px) 100vw, 640px\" \/>        <\/a>\n    \n                              <\/div>\n              <div class=\"elespare-content-wrapper\">\n                                \n    <h4 class=\"elespare-post-title\">\n        <a href=\"https:\/\/www.wurth.es\/blog\/gafas-proteccion-laboral\/\"> <span>Gafas de protecci\u00f3n ocular: Vista clara, trabajo seguro<\/span><\/a>\n    <\/h4>\n          <div class=\"elespare-metadata\">\n                  <span class=\"post-author\">\n            <a href=\"https:\/\/www.wurth.es\/blog\/author\/adrian-minguez\/\">\n                              <i class=\"demo-icon elespare-icons-user-circle-regular\" aria-hidden=\"true\"><\/i>\n                            Adri\u00e1n M\u00edguez            <\/a>\n          <\/span>\n                          <span class=\"elespare-posts-full-post-author\">\n            <a href=\"https:\/\/www.wurth.es\/blog\/2024\/\">\n              <i class=\"demo-icon elespare-icons-clock-regular\" aria-hidden=\"true\"><\/i>\n              2 de septiembre de 2024\n            <\/a>\n          <\/span>\n                      <\/div>\n\n              <\/div>\n            <\/div>\n                    <div class=\"elespare-posts-grid-post-items\">\n\n              <div class=\"elespare-img-wrapper\">\n                    <a href=\"https:\/\/www.wurth.es\/blog\/seguridad-en-tus-proyectos\/\">\n            <img loading=\"lazy\" decoding=\"async\" width=\"640\" height=\"428\" src=\"https:\/\/www.wurth.es\/blog\/wp-content\/uploads\/2024\/07\/codigo-tecnico-de-edificacion-1.0-1024x684.jpg\" class=\"attachment-large size-large wp-post-image\" alt=\"Seguridad en tus proyectos\" srcset=\"https:\/\/www.wurth.es\/blog\/wp-content\/uploads\/2024\/07\/codigo-tecnico-de-edificacion-1.0-1024x684.jpg 1024w, https:\/\/www.wurth.es\/blog\/wp-content\/uploads\/2024\/07\/codigo-tecnico-de-edificacion-1.0-300x200.jpg 300w, https:\/\/www.wurth.es\/blog\/wp-content\/uploads\/2024\/07\/codigo-tecnico-de-edificacion-1.0-768x513.jpg 768w, https:\/\/www.wurth.es\/blog\/wp-content\/uploads\/2024\/07\/codigo-tecnico-de-edificacion-1.0-1536x1025.jpg 1536w, https:\/\/www.wurth.es\/blog\/wp-content\/uploads\/2024\/07\/codigo-tecnico-de-edificacion-1.0-2048x1367.jpg 2048w\" sizes=\"(max-width: 640px) 100vw, 640px\" \/>        <\/a>\n    \n                              <\/div>\n              <div class=\"elespare-content-wrapper\">\n                                \n    <h4 class=\"elespare-post-title\">\n        <a href=\"https:\/\/www.wurth.es\/blog\/seguridad-en-tus-proyectos\/\"> <span>\u00bfQu\u00e9 papel juega la Seguridad en tus proyectos?<\/span><\/a>\n    <\/h4>\n          <div class=\"elespare-metadata\">\n                  <span class=\"post-author\">\n            <a href=\"https:\/\/www.wurth.es\/blog\/author\/adrian-minguez\/\">\n                              <i class=\"demo-icon elespare-icons-user-circle-regular\" aria-hidden=\"true\"><\/i>\n                            Adri\u00e1n M\u00edguez            <\/a>\n          <\/span>\n                          <span class=\"elespare-posts-full-post-author\">\n            <a href=\"https:\/\/www.wurth.es\/blog\/2024\/\">\n              <i class=\"demo-icon elespare-icons-clock-regular\" aria-hidden=\"true\"><\/i>\n              11 de julio de 2024\n            <\/a>\n          <\/span>\n                      <\/div>\n\n              <\/div>\n            <\/div>\n                    <div class=\"elespare-posts-grid-post-items\">\n\n              <div class=\"elespare-img-wrapper\">\n                    <a href=\"https:\/\/www.wurth.es\/blog\/protectores-solares-trabajo-epi\/\">\n            <img loading=\"lazy\" decoding=\"async\" width=\"640\" height=\"359\" src=\"https:\/\/www.wurth.es\/blog\/wp-content\/uploads\/2024\/06\/580167324-1-1-1024x574.jpg\" class=\"attachment-large size-large wp-post-image\" alt=\"Protectores solares en el trabajo son epi\" srcset=\"https:\/\/www.wurth.es\/blog\/wp-content\/uploads\/2024\/06\/580167324-1-1-1024x574.jpg 1024w, https:\/\/www.wurth.es\/blog\/wp-content\/uploads\/2024\/06\/580167324-1-1-300x168.jpg 300w, https:\/\/www.wurth.es\/blog\/wp-content\/uploads\/2024\/06\/580167324-1-1-768x430.jpg 768w, https:\/\/www.wurth.es\/blog\/wp-content\/uploads\/2024\/06\/580167324-1-1-1536x861.jpg 1536w, https:\/\/www.wurth.es\/blog\/wp-content\/uploads\/2024\/06\/580167324-1-1-2048x1148.jpg 2048w\" sizes=\"(max-width: 640px) 100vw, 640px\" \/>        <\/a>\n    \n                              <\/div>\n              <div class=\"elespare-content-wrapper\">\n                                \n    <h4 class=\"elespare-post-title\">\n        <a href=\"https:\/\/www.wurth.es\/blog\/protectores-solares-trabajo-epi\/\"> <span>En el trabajo, los protectores solares tambi\u00e9n son un EPI<\/span><\/a>\n    <\/h4>\n          <div class=\"elespare-metadata\">\n                  <span class=\"post-author\">\n            <a href=\"https:\/\/www.wurth.es\/blog\/author\/adrian-minguez\/\">\n                              <i class=\"demo-icon elespare-icons-user-circle-regular\" aria-hidden=\"true\"><\/i>\n                            Adri\u00e1n M\u00edguez            <\/a>\n          <\/span>\n                          <span class=\"elespare-posts-full-post-author\">\n            <a href=\"https:\/\/www.wurth.es\/blog\/2024\/\">\n              <i class=\"demo-icon elespare-icons-clock-regular\" aria-hidden=\"true\"><\/i>\n              27 de junio de 2024\n            <\/a>\n          <\/span>\n                      <\/div>\n\n              <\/div>\n            <\/div>\n                    <div class=\"elespare-posts-grid-post-items\">\n\n              <div class=\"elespare-img-wrapper\">\n                    <a href=\"https:\/\/www.wurth.es\/blog\/mejorar-adhesion-superficie\/\">\n            <img loading=\"lazy\" decoding=\"async\" width=\"640\" height=\"427\" src=\"https:\/\/www.wurth.es\/blog\/wp-content\/uploads\/2024\/06\/32092478-2-1024x683.jpg\" class=\"attachment-large size-large wp-post-image\" alt=\"c\u00f3mo podemos mejorar una adhesi\u00f3n en una superficie\" srcset=\"https:\/\/www.wurth.es\/blog\/wp-content\/uploads\/2024\/06\/32092478-2-1024x683.jpg 1024w, https:\/\/www.wurth.es\/blog\/wp-content\/uploads\/2024\/06\/32092478-2-300x200.jpg 300w, https:\/\/www.wurth.es\/blog\/wp-content\/uploads\/2024\/06\/32092478-2-768x512.jpg 768w, https:\/\/www.wurth.es\/blog\/wp-content\/uploads\/2024\/06\/32092478-2-1536x1024.jpg 1536w, https:\/\/www.wurth.es\/blog\/wp-content\/uploads\/2024\/06\/32092478-2-2048x1365.jpg 2048w\" sizes=\"(max-width: 640px) 100vw, 640px\" \/>        <\/a>\n    \n                              <\/div>\n              <div class=\"elespare-content-wrapper\">\n                                \n    <h4 class=\"elespare-post-title\">\n        <a href=\"https:\/\/www.wurth.es\/blog\/mejorar-adhesion-superficie\/\"> <span>\u00bfC\u00f3mo podemos mejorar la adhesi\u00f3n en una superficie?<\/span><\/a>\n    <\/h4>\n          <div class=\"elespare-metadata\">\n                  <span class=\"post-author\">\n            <a href=\"https:\/\/www.wurth.es\/blog\/author\/adrian-minguez\/\">\n                              <i class=\"demo-icon elespare-icons-user-circle-regular\" aria-hidden=\"true\"><\/i>\n                            Adri\u00e1n M\u00edguez            <\/a>\n          <\/span>\n                          <span class=\"elespare-posts-full-post-author\">\n            <a href=\"https:\/\/www.wurth.es\/blog\/2024\/\">\n              <i class=\"demo-icon elespare-icons-clock-regular\" aria-hidden=\"true\"><\/i>\n              25 de junio de 2024\n            <\/a>\n          <\/span>\n                      <\/div>\n\n              <\/div>\n            <\/div>\n                    <div class=\"elespare-posts-grid-post-items\">\n\n              <div class=\"elespare-img-wrapper\">\n                    <a href=\"https:\/\/www.wurth.es\/blog\/asesoramiento-suportacion\/\">\n            <img loading=\"lazy\" decoding=\"async\" width=\"640\" height=\"427\" src=\"https:\/\/www.wurth.es\/blog\/wp-content\/uploads\/2024\/05\/Enginieria-y-prescripcion-1024x683.jpg\" class=\"attachment-large size-large wp-post-image\" alt=\"Enginieria W\u00fcrth\" srcset=\"https:\/\/www.wurth.es\/blog\/wp-content\/uploads\/2024\/05\/Enginieria-y-prescripcion-1024x683.jpg 1024w, https:\/\/www.wurth.es\/blog\/wp-content\/uploads\/2024\/05\/Enginieria-y-prescripcion-300x200.jpg 300w, https:\/\/www.wurth.es\/blog\/wp-content\/uploads\/2024\/05\/Enginieria-y-prescripcion-768x512.jpg 768w, https:\/\/www.wurth.es\/blog\/wp-content\/uploads\/2024\/05\/Enginieria-y-prescripcion-1536x1024.jpg 1536w, https:\/\/www.wurth.es\/blog\/wp-content\/uploads\/2024\/05\/Enginieria-y-prescripcion-2048x1365.jpg 2048w\" sizes=\"(max-width: 640px) 100vw, 640px\" \/>        <\/a>\n    \n                              <\/div>\n              <div class=\"elespare-content-wrapper\">\n                                \n    <h4 class=\"elespare-post-title\">\n        <a href=\"https:\/\/www.wurth.es\/blog\/asesoramiento-suportacion\/\"> <span>Asesoramiento personalizado para la suportaci\u00f3n de productos<\/span><\/a>\n    <\/h4>\n          <div class=\"elespare-metadata\">\n                  <span class=\"post-author\">\n            <a href=\"https:\/\/www.wurth.es\/blog\/author\/adrian-minguez\/\">\n                              <i class=\"demo-icon elespare-icons-user-circle-regular\" aria-hidden=\"true\"><\/i>\n                            Adri\u00e1n M\u00edguez            <\/a>\n          <\/span>\n                          <span class=\"elespare-posts-full-post-author\">\n            <a href=\"https:\/\/www.wurth.es\/blog\/2024\/\">\n              <i class=\"demo-icon elespare-icons-clock-regular\" aria-hidden=\"true\"><\/i>\n              3 de mayo de 2024\n            <\/a>\n          <\/span>\n                      <\/div>\n\n              <\/div>\n            <\/div>\n                    <div class=\"elespare-posts-grid-post-items\">\n\n              <div class=\"elespare-img-wrapper\">\n                    <a href=\"https:\/\/www.wurth.es\/blog\/como-corregir-humedades-paredes\/\">\n            <img loading=\"lazy\" decoding=\"async\" width=\"640\" height=\"341\" src=\"https:\/\/www.wurth.es\/blog\/wp-content\/uploads\/2024\/04\/Como-corregir-humedades-en-paredes-1024x545.png\" class=\"attachment-large size-large wp-post-image\" alt=\"C\u00f3mo corregir humedades en paredes\" srcset=\"https:\/\/www.wurth.es\/blog\/wp-content\/uploads\/2024\/04\/Como-corregir-humedades-en-paredes-1024x545.png 1024w, https:\/\/www.wurth.es\/blog\/wp-content\/uploads\/2024\/04\/Como-corregir-humedades-en-paredes-300x160.png 300w, https:\/\/www.wurth.es\/blog\/wp-content\/uploads\/2024\/04\/Como-corregir-humedades-en-paredes-768x409.png 768w, https:\/\/www.wurth.es\/blog\/wp-content\/uploads\/2024\/04\/Como-corregir-humedades-en-paredes.png 1398w\" sizes=\"(max-width: 640px) 100vw, 640px\" \/>        <\/a>\n    \n                              <\/div>\n              <div class=\"elespare-content-wrapper\">\n                                \n    <h4 class=\"elespare-post-title\">\n        <a href=\"https:\/\/www.wurth.es\/blog\/como-corregir-humedades-paredes\/\"> <span>C\u00f3mo corregir humedades en paredes<\/span><\/a>\n    <\/h4>\n          <div class=\"elespare-metadata\">\n                  <span class=\"post-author\">\n            <a href=\"https:\/\/www.wurth.es\/blog\/author\/adrian-minguez\/\">\n                              <i class=\"demo-icon elespare-icons-user-circle-regular\" aria-hidden=\"true\"><\/i>\n                            Adri\u00e1n M\u00edguez            <\/a>\n          <\/span>\n                          <span class=\"elespare-posts-full-post-author\">\n            <a href=\"https:\/\/www.wurth.es\/blog\/2024\/\">\n              <i class=\"demo-icon elespare-icons-clock-regular\" aria-hidden=\"true\"><\/i>\n              5 de abril de 2024\n            <\/a>\n          <\/span>\n                      <\/div>\n\n              <\/div>\n            <\/div>\n                    <div class=\"elespare-posts-grid-post-items\">\n\n              <div class=\"elespare-img-wrapper\">\n                    <a href=\"https:\/\/www.wurth.es\/blog\/anclajes-quimicos\/\">\n            <img loading=\"lazy\" decoding=\"async\" width=\"640\" height=\"481\" src=\"https:\/\/www.wurth.es\/blog\/wp-content\/uploads\/2024\/02\/Anclajes-quimicos-Wurth.jpg\" class=\"attachment-large size-large wp-post-image\" alt=\"Anclajes, cuesti\u00f3n de qu\u00f1imica\" srcset=\"https:\/\/www.wurth.es\/blog\/wp-content\/uploads\/2024\/02\/Anclajes-quimicos-Wurth.jpg 800w, https:\/\/www.wurth.es\/blog\/wp-content\/uploads\/2024\/02\/Anclajes-quimicos-Wurth-300x225.jpg 300w, https:\/\/www.wurth.es\/blog\/wp-content\/uploads\/2024\/02\/Anclajes-quimicos-Wurth-768x577.jpg 768w\" sizes=\"(max-width: 640px) 100vw, 640px\" \/>        <\/a>\n    \n                              <\/div>\n              <div class=\"elespare-content-wrapper\">\n                                \n    <h4 class=\"elespare-post-title\">\n        <a href=\"https:\/\/www.wurth.es\/blog\/anclajes-quimicos\/\"> <span>Anclajes, cuesti\u00f3n de qu\u00edmica<\/span><\/a>\n    <\/h4>\n          <div class=\"elespare-metadata\">\n                  <span class=\"post-author\">\n            <a href=\"https:\/\/www.wurth.es\/blog\/author\/adrian-minguez\/\">\n                              <i class=\"demo-icon elespare-icons-user-circle-regular\" aria-hidden=\"true\"><\/i>\n                            Adri\u00e1n M\u00edguez            <\/a>\n          <\/span>\n                          <span class=\"elespare-posts-full-post-author\">\n            <a href=\"https:\/\/www.wurth.es\/blog\/2024\/\">\n              <i class=\"demo-icon elespare-icons-clock-regular\" aria-hidden=\"true\"><\/i>\n              12 de febrero de 2024\n            <\/a>\n          <\/span>\n                      <\/div>\n\n              <\/div>\n            <\/div>\n                    <div class=\"elespare-posts-grid-post-items\">\n\n              <div class=\"elespare-img-wrapper\">\n                    <a href=\"https:\/\/www.wurth.es\/blog\/modelizado-3d\/\">\n            <img loading=\"lazy\" decoding=\"async\" width=\"640\" height=\"453\" src=\"https:\/\/www.wurth.es\/blog\/wp-content\/uploads\/2024\/01\/Ventajas-del-modelizado-3D.jpg\" class=\"attachment-large size-large wp-post-image\" alt=\"Ventajas del modelizado 3D\" srcset=\"https:\/\/www.wurth.es\/blog\/wp-content\/uploads\/2024\/01\/Ventajas-del-modelizado-3D.jpg 800w, https:\/\/www.wurth.es\/blog\/wp-content\/uploads\/2024\/01\/Ventajas-del-modelizado-3D-300x212.jpg 300w, https:\/\/www.wurth.es\/blog\/wp-content\/uploads\/2024\/01\/Ventajas-del-modelizado-3D-768x543.jpg 768w\" sizes=\"(max-width: 640px) 100vw, 640px\" \/>        <\/a>\n    \n                              <\/div>\n              <div class=\"elespare-content-wrapper\">\n                                \n    <h4 class=\"elespare-post-title\">\n        <a href=\"https:\/\/www.wurth.es\/blog\/modelizado-3d\/\"> <span>Ventajas del modelizado 3D frente a planos tradicionales<\/span><\/a>\n    <\/h4>\n          <div class=\"elespare-metadata\">\n                  <span class=\"post-author\">\n            <a href=\"https:\/\/www.wurth.es\/blog\/author\/adrian-minguez\/\">\n                              <i class=\"demo-icon elespare-icons-user-circle-regular\" aria-hidden=\"true\"><\/i>\n                            Adri\u00e1n M\u00edguez            <\/a>\n          <\/span>\n                          <span class=\"elespare-posts-full-post-author\">\n            <a href=\"https:\/\/www.wurth.es\/blog\/2024\/\">\n              <i class=\"demo-icon elespare-icons-clock-regular\" aria-hidden=\"true\"><\/i>\n              22 de enero de 2024\n            <\/a>\n          <\/span>\n                      <\/div>\n\n              <\/div>\n            <\/div>\n                    <div class=\"elespare-posts-grid-post-items\">\n\n              <div class=\"elespare-img-wrapper\">\n                    <a href=\"https:\/\/www.wurth.es\/blog\/como-unir-perfiles-acero-sin-soldadura\/\">\n            <img loading=\"lazy\" decoding=\"async\" width=\"640\" height=\"408\" src=\"https:\/\/www.wurth.es\/blog\/wp-content\/uploads\/2024\/01\/Como-unir-perfiles-de-acero-sin-soldadura.jpg\" class=\"attachment-large size-large wp-post-image\" alt=\"C\u00f3mo unir perfiles de acero sin soldadura\" srcset=\"https:\/\/www.wurth.es\/blog\/wp-content\/uploads\/2024\/01\/Como-unir-perfiles-de-acero-sin-soldadura.jpg 698w, https:\/\/www.wurth.es\/blog\/wp-content\/uploads\/2024\/01\/Como-unir-perfiles-de-acero-sin-soldadura-300x191.jpg 300w\" sizes=\"(max-width: 640px) 100vw, 640px\" \/>        <\/a>\n    \n                              <\/div>\n              <div class=\"elespare-content-wrapper\">\n                                \n    <h4 class=\"elespare-post-title\">\n        <a href=\"https:\/\/www.wurth.es\/blog\/como-unir-perfiles-acero-sin-soldadura\/\"> <span>C\u00f3mo unir perfiles de acero sin soldadura<\/span><\/a>\n    <\/h4>\n          <div class=\"elespare-metadata\">\n                  <span class=\"post-author\">\n            <a href=\"https:\/\/www.wurth.es\/blog\/author\/adrian-minguez\/\">\n                              <i class=\"demo-icon elespare-icons-user-circle-regular\" aria-hidden=\"true\"><\/i>\n                            Adri\u00e1n M\u00edguez            <\/a>\n          <\/span>\n                          <span class=\"elespare-posts-full-post-author\">\n            <a href=\"https:\/\/www.wurth.es\/blog\/2024\/\">\n              <i class=\"demo-icon elespare-icons-clock-regular\" aria-hidden=\"true\"><\/i>\n              11 de enero de 2024\n            <\/a>\n          <\/span>\n                      <\/div>\n\n              <\/div>\n            <\/div>\n                    <div class=\"elespare-posts-grid-post-items\">\n\n              <div class=\"elespare-img-wrapper\">\n                    <a href=\"https:\/\/www.wurth.es\/blog\/aislamiento-acustico-entre-viviendas-paredes-techos\/\">\n            <img loading=\"lazy\" decoding=\"async\" width=\"640\" height=\"480\" src=\"https:\/\/www.wurth.es\/blog\/wp-content\/uploads\/2023\/12\/Aislamiento-acustico-paredes.webp\" class=\"attachment-large size-large wp-post-image\" alt=\"Aislamiento acustico paredes\" srcset=\"https:\/\/www.wurth.es\/blog\/wp-content\/uploads\/2023\/12\/Aislamiento-acustico-paredes.webp 1024w, https:\/\/www.wurth.es\/blog\/wp-content\/uploads\/2023\/12\/Aislamiento-acustico-paredes-300x225.webp 300w, https:\/\/www.wurth.es\/blog\/wp-content\/uploads\/2023\/12\/Aislamiento-acustico-paredes-768x576.webp 768w\" sizes=\"(max-width: 640px) 100vw, 640px\" \/>        <\/a>\n    \n                              <\/div>\n              <div class=\"elespare-content-wrapper\">\n                                \n    <h4 class=\"elespare-post-title\">\n        <a href=\"https:\/\/www.wurth.es\/blog\/aislamiento-acustico-entre-viviendas-paredes-techos\/\"> <span>Aislamiento ac\u00fastico entre viviendas W\u00fcacustic<\/span><\/a>\n    <\/h4>\n          <div class=\"elespare-metadata\">\n                  <span class=\"post-author\">\n            <a href=\"https:\/\/www.wurth.es\/blog\/author\/adrian-minguez\/\">\n                              <i class=\"demo-icon elespare-icons-user-circle-regular\" aria-hidden=\"true\"><\/i>\n                            Adri\u00e1n M\u00edguez            <\/a>\n          <\/span>\n                          <span class=\"elespare-posts-full-post-author\">\n            <a href=\"https:\/\/www.wurth.es\/blog\/2023\/\">\n              <i class=\"demo-icon elespare-icons-clock-regular\" aria-hidden=\"true\"><\/i>\n              4 de diciembre de 2023\n            <\/a>\n          <\/span>\n                      <\/div>\n\n              <\/div>\n            <\/div>\n                    <div class=\"elespare-posts-grid-post-items\">\n\n              <div class=\"elespare-img-wrapper\">\n                    <a href=\"https:\/\/www.wurth.es\/blog\/arnes-seguridad-trabajo-altura\/\">\n            <img loading=\"lazy\" decoding=\"async\" width=\"640\" height=\"426\" src=\"https:\/\/www.wurth.es\/blog\/wp-content\/uploads\/2023\/11\/Arnes-de-seguridad-para-trabajo-en-altura.jpg\" class=\"attachment-large size-large wp-post-image\" alt=\"Arn\u00e9s de seguridad para trabajo en altura\" srcset=\"https:\/\/www.wurth.es\/blog\/wp-content\/uploads\/2023\/11\/Arnes-de-seguridad-para-trabajo-en-altura.jpg 800w, https:\/\/www.wurth.es\/blog\/wp-content\/uploads\/2023\/11\/Arnes-de-seguridad-para-trabajo-en-altura-300x200.jpg 300w, https:\/\/www.wurth.es\/blog\/wp-content\/uploads\/2023\/11\/Arnes-de-seguridad-para-trabajo-en-altura-768x512.jpg 768w\" sizes=\"(max-width: 640px) 100vw, 640px\" \/>        <\/a>\n    \n                              <\/div>\n              <div class=\"elespare-content-wrapper\">\n                                \n    <h4 class=\"elespare-post-title\">\n        <a href=\"https:\/\/www.wurth.es\/blog\/arnes-seguridad-trabajo-altura\/\"> <span>Arn\u00e9s de seguridad para trabajo en altura: Cu\u00e1l y c\u00f3mo elegir<\/span><\/a>\n    <\/h4>\n          <div class=\"elespare-metadata\">\n                  <span class=\"post-author\">\n            <a href=\"https:\/\/www.wurth.es\/blog\/author\/adrian-minguez\/\">\n                              <i class=\"demo-icon elespare-icons-user-circle-regular\" aria-hidden=\"true\"><\/i>\n                            Adri\u00e1n M\u00edguez            <\/a>\n          <\/span>\n                          <span class=\"elespare-posts-full-post-author\">\n            <a href=\"https:\/\/www.wurth.es\/blog\/2023\/\">\n              <i class=\"demo-icon elespare-icons-clock-regular\" aria-hidden=\"true\"><\/i>\n              16 de noviembre de 2023\n            <\/a>\n          <\/span>\n                      <\/div>\n\n              <\/div>\n            <\/div>\n                    <div class=\"elespare-posts-grid-post-items\">\n\n              <div class=\"elespare-img-wrapper\">\n                    <a href=\"https:\/\/www.wurth.es\/blog\/ropa-alta-visibilidad\/\">\n            <img loading=\"lazy\" decoding=\"async\" width=\"640\" height=\"426\" src=\"https:\/\/www.wurth.es\/blog\/wp-content\/uploads\/2023\/11\/Ropa-de-alta-visibilidad.jpg\" class=\"attachment-large size-large wp-post-image\" alt=\"Ropa de alta visibilidad\" srcset=\"https:\/\/www.wurth.es\/blog\/wp-content\/uploads\/2023\/11\/Ropa-de-alta-visibilidad.jpg 800w, https:\/\/www.wurth.es\/blog\/wp-content\/uploads\/2023\/11\/Ropa-de-alta-visibilidad-300x200.jpg 300w, https:\/\/www.wurth.es\/blog\/wp-content\/uploads\/2023\/11\/Ropa-de-alta-visibilidad-768x512.jpg 768w\" sizes=\"(max-width: 640px) 100vw, 640px\" \/>        <\/a>\n    \n                              <\/div>\n              <div class=\"elespare-content-wrapper\">\n                                \n    <h4 class=\"elespare-post-title\">\n        <a href=\"https:\/\/www.wurth.es\/blog\/ropa-alta-visibilidad\/\"> <span>Ropa de alta visibilidad: tu mejor aliado para la seguridad laboral<\/span><\/a>\n    <\/h4>\n          <div class=\"elespare-metadata\">\n                  <span class=\"post-author\">\n            <a href=\"https:\/\/www.wurth.es\/blog\/author\/adrian-minguez\/\">\n                              <i class=\"demo-icon elespare-icons-user-circle-regular\" aria-hidden=\"true\"><\/i>\n                            Adri\u00e1n M\u00edguez            <\/a>\n          <\/span>\n                          <span class=\"elespare-posts-full-post-author\">\n            <a href=\"https:\/\/www.wurth.es\/blog\/2023\/\">\n              <i class=\"demo-icon elespare-icons-clock-regular\" aria-hidden=\"true\"><\/i>\n              10 de noviembre de 2023\n            <\/a>\n          <\/span>\n                      <\/div>\n\n              <\/div>\n            <\/div>\n                    <div class=\"elespare-posts-grid-post-items\">\n\n              <div class=\"elespare-img-wrapper\">\n                    <a href=\"https:\/\/www.wurth.es\/blog\/cascos-proteccion-laboral\/\">\n            <img loading=\"lazy\" decoding=\"async\" width=\"640\" height=\"427\" src=\"https:\/\/www.wurth.es\/blog\/wp-content\/uploads\/2023\/11\/Por-que-son-tan-importantes-los-cascos-de-proteccion-laboral.jpg\" class=\"attachment-large size-large wp-post-image\" alt=\"\u00bfPor qu\u00e9 son tan importantes los cascos de protecci\u00f3n laboral?\" srcset=\"https:\/\/www.wurth.es\/blog\/wp-content\/uploads\/2023\/11\/Por-que-son-tan-importantes-los-cascos-de-proteccion-laboral.jpg 800w, https:\/\/www.wurth.es\/blog\/wp-content\/uploads\/2023\/11\/Por-que-son-tan-importantes-los-cascos-de-proteccion-laboral-300x200.jpg 300w, https:\/\/www.wurth.es\/blog\/wp-content\/uploads\/2023\/11\/Por-que-son-tan-importantes-los-cascos-de-proteccion-laboral-768x513.jpg 768w\" sizes=\"(max-width: 640px) 100vw, 640px\" \/>        <\/a>\n    \n                              <\/div>\n              <div class=\"elespare-content-wrapper\">\n                                \n    <h4 class=\"elespare-post-title\">\n        <a href=\"https:\/\/www.wurth.es\/blog\/cascos-proteccion-laboral\/\"> <span>\u00bfPor qu\u00e9 son tan importantes los cascos de protecci\u00f3n laboral?<\/span><\/a>\n    <\/h4>\n          <div class=\"elespare-metadata\">\n                  <span class=\"post-author\">\n            <a href=\"https:\/\/www.wurth.es\/blog\/author\/adrian-minguez\/\">\n                              <i class=\"demo-icon elespare-icons-user-circle-regular\" aria-hidden=\"true\"><\/i>\n                            Adri\u00e1n M\u00edguez            <\/a>\n          <\/span>\n                          <span class=\"elespare-posts-full-post-author\">\n            <a href=\"https:\/\/www.wurth.es\/blog\/2023\/\">\n              <i class=\"demo-icon elespare-icons-clock-regular\" aria-hidden=\"true\"><\/i>\n              2 de noviembre de 2023\n            <\/a>\n          <\/span>\n                      <\/div>\n\n              <\/div>\n            <\/div>\n                    <div class=\"elespare-posts-grid-post-items\">\n\n              <div class=\"elespare-img-wrapper\">\n                    <a href=\"https:\/\/www.wurth.es\/blog\/aislamiento-ecologico-eco-wutermic\/\">\n            <img loading=\"lazy\" decoding=\"async\" width=\"640\" height=\"360\" src=\"https:\/\/www.wurth.es\/blog\/wp-content\/uploads\/2023\/10\/Aplicaciones-de-ECO-WUTERMIC-1024x576.webp\" class=\"attachment-large size-large wp-post-image\" alt=\"Aislamiento ecol\u00f3gico ECO-W\u00dcTERMIC\u00ae\" srcset=\"https:\/\/www.wurth.es\/blog\/wp-content\/uploads\/2023\/10\/Aplicaciones-de-ECO-WUTERMIC-1024x576.webp 1024w, https:\/\/www.wurth.es\/blog\/wp-content\/uploads\/2023\/10\/Aplicaciones-de-ECO-WUTERMIC-300x169.webp 300w, https:\/\/www.wurth.es\/blog\/wp-content\/uploads\/2023\/10\/Aplicaciones-de-ECO-WUTERMIC-768x432.webp 768w, https:\/\/www.wurth.es\/blog\/wp-content\/uploads\/2023\/10\/Aplicaciones-de-ECO-WUTERMIC-1536x864.webp 1536w, https:\/\/www.wurth.es\/blog\/wp-content\/uploads\/2023\/10\/Aplicaciones-de-ECO-WUTERMIC.webp 1777w\" sizes=\"(max-width: 640px) 100vw, 640px\" \/>        <\/a>\n    \n                              <\/div>\n              <div class=\"elespare-content-wrapper\">\n                                \n    <h4 class=\"elespare-post-title\">\n        <a href=\"https:\/\/www.wurth.es\/blog\/aislamiento-ecologico-eco-wutermic\/\"> <span>Aislamiento ecol\u00f3gico de altas prestaciones ECO-W\u00dcTERMIC\u00ae<\/span><\/a>\n    <\/h4>\n          <div class=\"elespare-metadata\">\n                  <span class=\"post-author\">\n            <a href=\"https:\/\/www.wurth.es\/blog\/author\/adrian-minguez\/\">\n                              <i class=\"demo-icon elespare-icons-user-circle-regular\" aria-hidden=\"true\"><\/i>\n                            Adri\u00e1n M\u00edguez            <\/a>\n          <\/span>\n                          <span class=\"elespare-posts-full-post-author\">\n            <a href=\"https:\/\/www.wurth.es\/blog\/2023\/\">\n              <i class=\"demo-icon elespare-icons-clock-regular\" aria-hidden=\"true\"><\/i>\n              25 de octubre de 2023\n            <\/a>\n          <\/span>\n                      <\/div>\n\n              <\/div>\n            <\/div>\n                    <div class=\"elespare-posts-grid-post-items\">\n\n              <div class=\"elespare-img-wrapper\">\n                    <a href=\"https:\/\/www.wurth.es\/blog\/tipos-escaleras-normativa-como-elegirlas\/\">\n            <img loading=\"lazy\" decoding=\"async\" width=\"640\" height=\"426\" src=\"https:\/\/www.wurth.es\/blog\/wp-content\/uploads\/2023\/09\/Escaleras-de-Trabajo-Wurth.jpg\" class=\"attachment-large size-large wp-post-image\" alt=\"Tipos de escaleras de trabajo\" srcset=\"https:\/\/www.wurth.es\/blog\/wp-content\/uploads\/2023\/09\/Escaleras-de-Trabajo-Wurth.jpg 800w, https:\/\/www.wurth.es\/blog\/wp-content\/uploads\/2023\/09\/Escaleras-de-Trabajo-Wurth-300x200.jpg 300w, https:\/\/www.wurth.es\/blog\/wp-content\/uploads\/2023\/09\/Escaleras-de-Trabajo-Wurth-768x512.jpg 768w\" sizes=\"(max-width: 640px) 100vw, 640px\" \/>        <\/a>\n    \n                              <\/div>\n              <div class=\"elespare-content-wrapper\">\n                                \n    <h4 class=\"elespare-post-title\">\n        <a href=\"https:\/\/www.wurth.es\/blog\/tipos-escaleras-normativa-como-elegirlas\/\"> <span>Tipos de escaleras de trabajo: normativa y c\u00f3mo elegirlas<\/span><\/a>\n    <\/h4>\n          <div class=\"elespare-metadata\">\n                  <span class=\"post-author\">\n            <a href=\"https:\/\/www.wurth.es\/blog\/author\/adrian-minguez\/\">\n                              <i class=\"demo-icon elespare-icons-user-circle-regular\" aria-hidden=\"true\"><\/i>\n                            Adri\u00e1n M\u00edguez            <\/a>\n          <\/span>\n                          <span class=\"elespare-posts-full-post-author\">\n            <a href=\"https:\/\/www.wurth.es\/blog\/2023\/\">\n              <i class=\"demo-icon elespare-icons-clock-regular\" aria-hidden=\"true\"><\/i>\n              28 de septiembre de 2023\n            <\/a>\n          <\/span>\n                      <\/div>\n\n              <\/div>\n            <\/div>\n                    <div class=\"elespare-posts-grid-post-items\">\n\n              <div class=\"elespare-img-wrapper\">\n                    <a href=\"https:\/\/www.wurth.es\/blog\/paralelismos-anclajes-icebergs\/\">\n            <img loading=\"lazy\" decoding=\"async\" width=\"640\" height=\"800\" src=\"https:\/\/www.wurth.es\/blog\/wp-content\/uploads\/2023\/09\/Paralelismos-entre-un-iceberg-y-un-anclaje.jpg\" class=\"attachment-large size-large wp-post-image\" alt=\"Paralelismos entre un iceberg y un anclaje\" srcset=\"https:\/\/www.wurth.es\/blog\/wp-content\/uploads\/2023\/09\/Paralelismos-entre-un-iceberg-y-un-anclaje.jpg 640w, https:\/\/www.wurth.es\/blog\/wp-content\/uploads\/2023\/09\/Paralelismos-entre-un-iceberg-y-un-anclaje-240x300.jpg 240w\" sizes=\"(max-width: 640px) 100vw, 640px\" \/>        <\/a>\n    \n                              <\/div>\n              <div class=\"elespare-content-wrapper\">\n                                \n    <h4 class=\"elespare-post-title\">\n        <a href=\"https:\/\/www.wurth.es\/blog\/paralelismos-anclajes-icebergs\/\"> <span>\u00bfQu\u00e9 tienen en com\u00fan un anclaje y un iceberg?<\/span><\/a>\n    <\/h4>\n          <div class=\"elespare-metadata\">\n                  <span class=\"post-author\">\n            <a href=\"https:\/\/www.wurth.es\/blog\/author\/adrian-minguez\/\">\n                              <i class=\"demo-icon elespare-icons-user-circle-regular\" aria-hidden=\"true\"><\/i>\n                            Adri\u00e1n M\u00edguez            <\/a>\n          <\/span>\n                          <span class=\"elespare-posts-full-post-author\">\n            <a href=\"https:\/\/www.wurth.es\/blog\/2023\/\">\n              <i class=\"demo-icon elespare-icons-clock-regular\" aria-hidden=\"true\"><\/i>\n              15 de septiembre de 2023\n            <\/a>\n          <\/span>\n                      <\/div>\n\n              <\/div>\n            <\/div>\n                    <div class=\"elespare-posts-grid-post-items\">\n\n              <div class=\"elespare-img-wrapper\">\n                    <a href=\"https:\/\/www.wurth.es\/blog\/impermeabilizacion-cubiertas-sin-ceramica\/\">\n            <img loading=\"lazy\" decoding=\"async\" width=\"640\" height=\"378\" src=\"https:\/\/www.wurth.es\/blog\/wp-content\/uploads\/2023\/08\/Impermeabilizacion-de-cubiertas-sin-colocacion-de-ceramica-1024x605.jpg\" class=\"attachment-large size-large wp-post-image\" alt=\"Impermeabilizaci\u00f3n de cubiertas sin colocaci\u00f3n de cer\u00e1mica\" srcset=\"https:\/\/www.wurth.es\/blog\/wp-content\/uploads\/2023\/08\/Impermeabilizacion-de-cubiertas-sin-colocacion-de-ceramica-1024x605.jpg 1024w, https:\/\/www.wurth.es\/blog\/wp-content\/uploads\/2023\/08\/Impermeabilizacion-de-cubiertas-sin-colocacion-de-ceramica-300x177.jpg 300w, https:\/\/www.wurth.es\/blog\/wp-content\/uploads\/2023\/08\/Impermeabilizacion-de-cubiertas-sin-colocacion-de-ceramica-768x454.jpg 768w, https:\/\/www.wurth.es\/blog\/wp-content\/uploads\/2023\/08\/Impermeabilizacion-de-cubiertas-sin-colocacion-de-ceramica.jpg 1296w\" sizes=\"(max-width: 640px) 100vw, 640px\" \/>        <\/a>\n    \n                              <\/div>\n              <div class=\"elespare-content-wrapper\">\n                                \n    <h4 class=\"elespare-post-title\">\n        <a href=\"https:\/\/www.wurth.es\/blog\/impermeabilizacion-cubiertas-sin-ceramica\/\"> <span>Impermeabilizaci\u00f3n de cubiertas sin colocaci\u00f3n de cer\u00e1mica<\/span><\/a>\n    <\/h4>\n          <div class=\"elespare-metadata\">\n                  <span class=\"post-author\">\n            <a href=\"https:\/\/www.wurth.es\/blog\/author\/adrian-minguez\/\">\n                              <i class=\"demo-icon elespare-icons-user-circle-regular\" aria-hidden=\"true\"><\/i>\n                            Adri\u00e1n M\u00edguez            <\/a>\n          <\/span>\n                          <span class=\"elespare-posts-full-post-author\">\n            <a href=\"https:\/\/www.wurth.es\/blog\/2023\/\">\n              <i class=\"demo-icon elespare-icons-clock-regular\" aria-hidden=\"true\"><\/i>\n              7 de agosto de 2023\n            <\/a>\n          <\/span>\n                      <\/div>\n\n              <\/div>\n            <\/div>\n                    <div class=\"elespare-posts-grid-post-items\">\n\n              <div class=\"elespare-img-wrapper\">\n                    <a href=\"https:\/\/www.wurth.es\/blog\/embaldosado-sobre-impermeabilizacion-piscinas\/\">\n            <img loading=\"lazy\" decoding=\"async\" width=\"640\" height=\"480\" src=\"https:\/\/www.wurth.es\/blog\/wp-content\/uploads\/2023\/06\/Embaldosado-sobre-impermeabilizacion-de-piscinas-1024x768.jpg\" class=\"attachment-large size-large wp-post-image\" alt=\"Embaldosado sobre impermeabilizaci\u00f3n de piscinas\" srcset=\"https:\/\/www.wurth.es\/blog\/wp-content\/uploads\/2023\/06\/Embaldosado-sobre-impermeabilizacion-de-piscinas-1024x768.jpg 1024w, https:\/\/www.wurth.es\/blog\/wp-content\/uploads\/2023\/06\/Embaldosado-sobre-impermeabilizacion-de-piscinas-300x225.jpg 300w, https:\/\/www.wurth.es\/blog\/wp-content\/uploads\/2023\/06\/Embaldosado-sobre-impermeabilizacion-de-piscinas-768x576.jpg 768w, https:\/\/www.wurth.es\/blog\/wp-content\/uploads\/2023\/06\/Embaldosado-sobre-impermeabilizacion-de-piscinas-1536x1152.jpg 1536w, https:\/\/www.wurth.es\/blog\/wp-content\/uploads\/2023\/06\/Embaldosado-sobre-impermeabilizacion-de-piscinas.jpg 2048w\" sizes=\"(max-width: 640px) 100vw, 640px\" \/>        <\/a>\n    \n                              <\/div>\n              <div class=\"elespare-content-wrapper\">\n                                \n    <h4 class=\"elespare-post-title\">\n        <a href=\"https:\/\/www.wurth.es\/blog\/embaldosado-sobre-impermeabilizacion-piscinas\/\"> <span>Embaldosado sobre impermeabilizaci\u00f3n de piscinas<\/span><\/a>\n    <\/h4>\n          <div class=\"elespare-metadata\">\n                  <span class=\"post-author\">\n            <a href=\"https:\/\/www.wurth.es\/blog\/author\/adrian-minguez\/\">\n                              <i class=\"demo-icon elespare-icons-user-circle-regular\" aria-hidden=\"true\"><\/i>\n                            Adri\u00e1n M\u00edguez            <\/a>\n          <\/span>\n                          <span class=\"elespare-posts-full-post-author\">\n            <a href=\"https:\/\/www.wurth.es\/blog\/2023\/\">\n              <i class=\"demo-icon elespare-icons-clock-regular\" aria-hidden=\"true\"><\/i>\n              28 de junio de 2023\n            <\/a>\n          <\/span>\n                      <\/div>\n\n              <\/div>\n            <\/div>\n                    <div class=\"elespare-posts-grid-post-items\">\n\n              <div class=\"elespare-img-wrapper\">\n                    <a href=\"https:\/\/www.wurth.es\/blog\/proteccion-pasiva-contra-incendios-intumescentes\/\">\n            <img loading=\"lazy\" decoding=\"async\" width=\"640\" height=\"394\" src=\"https:\/\/www.wurth.es\/blog\/wp-content\/uploads\/2023\/05\/Imagen-Intumescentes-1-1024x630.png\" class=\"attachment-large size-large wp-post-image\" alt=\"Protecci\u00f3n pasiva contra incendios con intumescentes\" srcset=\"https:\/\/www.wurth.es\/blog\/wp-content\/uploads\/2023\/05\/Imagen-Intumescentes-1-1024x630.png 1024w, https:\/\/www.wurth.es\/blog\/wp-content\/uploads\/2023\/05\/Imagen-Intumescentes-1-300x184.png 300w, https:\/\/www.wurth.es\/blog\/wp-content\/uploads\/2023\/05\/Imagen-Intumescentes-1-768x472.png 768w, https:\/\/www.wurth.es\/blog\/wp-content\/uploads\/2023\/05\/Imagen-Intumescentes-1-1536x944.png 1536w, https:\/\/www.wurth.es\/blog\/wp-content\/uploads\/2023\/05\/Imagen-Intumescentes-1.png 1633w\" sizes=\"(max-width: 640px) 100vw, 640px\" \/>        <\/a>\n    \n                              <\/div>\n              <div class=\"elespare-content-wrapper\">\n                                \n    <h4 class=\"elespare-post-title\">\n        <a href=\"https:\/\/www.wurth.es\/blog\/proteccion-pasiva-contra-incendios-intumescentes\/\"> <span>Protecci\u00f3n pasiva contra incendios con intumescentes<\/span><\/a>\n    <\/h4>\n          <div class=\"elespare-metadata\">\n                  <span class=\"post-author\">\n            <a href=\"https:\/\/www.wurth.es\/blog\/author\/adrian-minguez\/\">\n                              <i class=\"demo-icon elespare-icons-user-circle-regular\" aria-hidden=\"true\"><\/i>\n                            Adri\u00e1n M\u00edguez            <\/a>\n          <\/span>\n                          <span class=\"elespare-posts-full-post-author\">\n            <a href=\"https:\/\/www.wurth.es\/blog\/2023\/\">\n              <i class=\"demo-icon elespare-icons-clock-regular\" aria-hidden=\"true\"><\/i>\n              15 de mayo de 2023\n            <\/a>\n          <\/span>\n                      <\/div>\n\n              <\/div>\n            <\/div>\n                    <div class=\"elespare-posts-grid-post-items\">\n\n              <div class=\"elespare-img-wrapper\">\n                    <a href=\"https:\/\/www.wurth.es\/blog\/nueva-espuma-pu-resistente-fuego\/\">\n            <img loading=\"lazy\" decoding=\"async\" width=\"640\" height=\"400\" src=\"https:\/\/www.wurth.es\/blog\/wp-content\/uploads\/2023\/05\/Imagen-destacada-2.jpg\" class=\"attachment-large size-large wp-post-image\" alt=\"Nueva espuma PU resistente al fuego W\u00fcrth\" srcset=\"https:\/\/www.wurth.es\/blog\/wp-content\/uploads\/2023\/05\/Imagen-destacada-2.jpg 800w, https:\/\/www.wurth.es\/blog\/wp-content\/uploads\/2023\/05\/Imagen-destacada-2-300x188.jpg 300w, https:\/\/www.wurth.es\/blog\/wp-content\/uploads\/2023\/05\/Imagen-destacada-2-768x480.jpg 768w, https:\/\/www.wurth.es\/blog\/wp-content\/uploads\/2023\/05\/Imagen-destacada-2-400x250.jpg 400w\" sizes=\"(max-width: 640px) 100vw, 640px\" \/>        <\/a>\n    \n                              <\/div>\n              <div class=\"elespare-content-wrapper\">\n                                \n    <h4 class=\"elespare-post-title\">\n        <a href=\"https:\/\/www.wurth.es\/blog\/nueva-espuma-pu-resistente-fuego\/\"> <span>Nueva espuma PU resistente al fuego<\/span><\/a>\n    <\/h4>\n          <div class=\"elespare-metadata\">\n                  <span class=\"post-author\">\n            <a href=\"https:\/\/www.wurth.es\/blog\/author\/adrian-minguez\/\">\n                              <i class=\"demo-icon elespare-icons-user-circle-regular\" aria-hidden=\"true\"><\/i>\n                            Adri\u00e1n M\u00edguez            <\/a>\n          <\/span>\n                          <span class=\"elespare-posts-full-post-author\">\n            <a href=\"https:\/\/www.wurth.es\/blog\/2023\/\">\n              <i class=\"demo-icon elespare-icons-clock-regular\" aria-hidden=\"true\"><\/i>\n              11 de mayo de 2023\n            <\/a>\n          <\/span>\n                      <\/div>\n\n              <\/div>\n            <\/div>\n                    <div class=\"elespare-posts-grid-post-items\">\n\n              <div class=\"elespare-img-wrapper\">\n                    <a href=\"https:\/\/www.wurth.es\/blog\/tacos-shark-twist\/\">\n            <img loading=\"lazy\" decoding=\"async\" width=\"640\" height=\"426\" src=\"https:\/\/www.wurth.es\/blog\/wp-content\/uploads\/2023\/05\/imagen-destacada-1.jpg\" class=\"attachment-large size-large wp-post-image\" alt=\"Tacos Shark\u00ae Twist\" srcset=\"https:\/\/www.wurth.es\/blog\/wp-content\/uploads\/2023\/05\/imagen-destacada-1.jpg 800w, https:\/\/www.wurth.es\/blog\/wp-content\/uploads\/2023\/05\/imagen-destacada-1-300x200.jpg 300w, https:\/\/www.wurth.es\/blog\/wp-content\/uploads\/2023\/05\/imagen-destacada-1-768x512.jpg 768w\" sizes=\"(max-width: 640px) 100vw, 640px\" \/>        <\/a>\n    \n                              <\/div>\n              <div class=\"elespare-content-wrapper\">\n                                \n    <h4 class=\"elespare-post-title\">\n        <a href=\"https:\/\/www.wurth.es\/blog\/tacos-shark-twist\/\"> <span>Descubre los nuevos Tacos Shark\u00ae Twist<\/span><\/a>\n    <\/h4>\n          <div class=\"elespare-metadata\">\n                  <span class=\"post-author\">\n            <a href=\"https:\/\/www.wurth.es\/blog\/author\/adrian-minguez\/\">\n                              <i class=\"demo-icon elespare-icons-user-circle-regular\" aria-hidden=\"true\"><\/i>\n                            Adri\u00e1n M\u00edguez            <\/a>\n          <\/span>\n                          <span class=\"elespare-posts-full-post-author\">\n            <a href=\"https:\/\/www.wurth.es\/blog\/2023\/\">\n              <i class=\"demo-icon elespare-icons-clock-regular\" aria-hidden=\"true\"><\/i>\n              5 de mayo de 2023\n            <\/a>\n          <\/span>\n                      <\/div>\n\n              <\/div>\n            <\/div>\n                    <div class=\"elespare-posts-grid-post-items\">\n\n              <div class=\"elespare-img-wrapper\">\n                    <a href=\"https:\/\/www.wurth.es\/blog\/lamina-impermeable-transpirable\/\">\n            <img loading=\"lazy\" decoding=\"async\" width=\"640\" height=\"426\" src=\"https:\/\/www.wurth.es\/blog\/wp-content\/uploads\/2023\/04\/12945895_PREVIEW.jpg\" class=\"attachment-large size-large wp-post-image\" alt=\"Lamina Impermeable Transpirable\" srcset=\"https:\/\/www.wurth.es\/blog\/wp-content\/uploads\/2023\/04\/12945895_PREVIEW.jpg 800w, https:\/\/www.wurth.es\/blog\/wp-content\/uploads\/2023\/04\/12945895_PREVIEW-300x200.jpg 300w, https:\/\/www.wurth.es\/blog\/wp-content\/uploads\/2023\/04\/12945895_PREVIEW-768x512.jpg 768w\" sizes=\"(max-width: 640px) 100vw, 640px\" \/>        <\/a>\n    \n                              <\/div>\n              <div class=\"elespare-content-wrapper\">\n                                \n    <h4 class=\"elespare-post-title\">\n        <a href=\"https:\/\/www.wurth.es\/blog\/lamina-impermeable-transpirable\/\"> <span>L\u00e1mina impermeable transpirable HPV TR2 DBA para cubiertas<\/span><\/a>\n    <\/h4>\n          <div class=\"elespare-metadata\">\n                  <span class=\"post-author\">\n            <a href=\"https:\/\/www.wurth.es\/blog\/author\/adrian-minguez\/\">\n                              <i class=\"demo-icon elespare-icons-user-circle-regular\" aria-hidden=\"true\"><\/i>\n                            Adri\u00e1n M\u00edguez            <\/a>\n          <\/span>\n                          <span class=\"elespare-posts-full-post-author\">\n            <a href=\"https:\/\/www.wurth.es\/blog\/2023\/\">\n              <i class=\"demo-icon elespare-icons-clock-regular\" aria-hidden=\"true\"><\/i>\n              17 de abril de 2023\n            <\/a>\n          <\/span>\n                      <\/div>\n\n              <\/div>\n            <\/div>\n                    <div class=\"elespare-posts-grid-post-items\">\n\n              <div class=\"elespare-img-wrapper\">\n                    <a href=\"https:\/\/www.wurth.es\/blog\/calculo-anclajes-2\/\">\n            <img loading=\"lazy\" decoding=\"async\" width=\"640\" height=\"360\" src=\"https:\/\/www.wurth.es\/blog\/wp-content\/uploads\/2023\/03\/Imagen-Destacada-1024x576.jpeg\" class=\"attachment-large size-large wp-post-image\" alt=\"C\u00e1lculo de anclajes\" srcset=\"https:\/\/www.wurth.es\/blog\/wp-content\/uploads\/2023\/03\/Imagen-Destacada-1024x576.jpeg 1024w, https:\/\/www.wurth.es\/blog\/wp-content\/uploads\/2023\/03\/Imagen-Destacada-300x169.jpeg 300w, https:\/\/www.wurth.es\/blog\/wp-content\/uploads\/2023\/03\/Imagen-Destacada-768x432.jpeg 768w, https:\/\/www.wurth.es\/blog\/wp-content\/uploads\/2023\/03\/Imagen-Destacada-1536x864.jpeg 1536w, https:\/\/www.wurth.es\/blog\/wp-content\/uploads\/2023\/03\/Imagen-Destacada.jpeg 2048w\" sizes=\"(max-width: 640px) 100vw, 640px\" \/>        <\/a>\n    \n                              <\/div>\n              <div class=\"elespare-content-wrapper\">\n                                \n    <h4 class=\"elespare-post-title\">\n        <a href=\"https:\/\/www.wurth.es\/blog\/calculo-anclajes-2\/\"> <span>C\u00e1lculo de anclajes: Calculamos y evaluamos el anclaje adecuado para tu soporte<\/span><\/a>\n    <\/h4>\n          <div class=\"elespare-metadata\">\n                  <span class=\"post-author\">\n            <a href=\"https:\/\/www.wurth.es\/blog\/author\/adrian-minguez\/\">\n                              <i class=\"demo-icon elespare-icons-user-circle-regular\" aria-hidden=\"true\"><\/i>\n                            Adri\u00e1n M\u00edguez            <\/a>\n          <\/span>\n                          <span class=\"elespare-posts-full-post-author\">\n            <a href=\"https:\/\/www.wurth.es\/blog\/2023\/\">\n              <i class=\"demo-icon elespare-icons-clock-regular\" aria-hidden=\"true\"><\/i>\n              1 de marzo de 2023\n            <\/a>\n          <\/span>\n                      <\/div>\n\n              <\/div>\n            <\/div>\n                    <div class=\"elespare-posts-grid-post-items\">\n\n              <div class=\"elespare-img-wrapper\">\n                    <a href=\"https:\/\/www.wurth.es\/blog\/lana-de-roca-o-reflexivo\/\">\n            <img loading=\"lazy\" decoding=\"async\" width=\"566\" height=\"425\" src=\"https:\/\/www.wurth.es\/blog\/wp-content\/uploads\/2022\/12\/NUEVA-IMAGEN-DESTACADA.jpg\" class=\"attachment-large size-large wp-post-image\" alt=\"Qu\u00e9 aislamiento elegir\" srcset=\"https:\/\/www.wurth.es\/blog\/wp-content\/uploads\/2022\/12\/NUEVA-IMAGEN-DESTACADA.jpg 566w, https:\/\/www.wurth.es\/blog\/wp-content\/uploads\/2022\/12\/NUEVA-IMAGEN-DESTACADA-300x225.jpg 300w, https:\/\/www.wurth.es\/blog\/wp-content\/uploads\/2022\/12\/NUEVA-IMAGEN-DESTACADA-150x113.jpg 150w, https:\/\/www.wurth.es\/blog\/wp-content\/uploads\/2022\/12\/NUEVA-IMAGEN-DESTACADA-559x420.jpg 559w, https:\/\/www.wurth.es\/blog\/wp-content\/uploads\/2022\/12\/NUEVA-IMAGEN-DESTACADA-80x60.jpg 80w, https:\/\/www.wurth.es\/blog\/wp-content\/uploads\/2022\/12\/NUEVA-IMAGEN-DESTACADA-265x198.jpg 265w\" sizes=\"(max-width: 566px) 100vw, 566px\" \/>        <\/a>\n    \n                              <\/div>\n              <div class=\"elespare-content-wrapper\">\n                                \n    <h4 class=\"elespare-post-title\">\n        <a href=\"https:\/\/www.wurth.es\/blog\/lana-de-roca-o-reflexivo\/\"> <span>Qu\u00e9 aislamiento elegir, \u00bflana de roca o reflexivo?<\/span><\/a>\n    <\/h4>\n          <div class=\"elespare-metadata\">\n                  <span class=\"post-author\">\n            <a href=\"https:\/\/www.wurth.es\/blog\/author\/adrian-minguez\/\">\n                              <i class=\"demo-icon elespare-icons-user-circle-regular\" aria-hidden=\"true\"><\/i>\n                            Adri\u00e1n M\u00edguez            <\/a>\n          <\/span>\n                          <span class=\"elespare-posts-full-post-author\">\n            <a href=\"https:\/\/www.wurth.es\/blog\/2022\/\">\n              <i class=\"demo-icon elespare-icons-clock-regular\" aria-hidden=\"true\"><\/i>\n              15 de diciembre de 2022\n            <\/a>\n          <\/span>\n                      <\/div>\n\n              <\/div>\n            <\/div>\n                    <div class=\"elespare-posts-grid-post-items\">\n\n              <div class=\"elespare-img-wrapper\">\n                    <a href=\"https:\/\/www.wurth.es\/blog\/cemento-cola-para-que-sirve\/\">\n            <img loading=\"lazy\" decoding=\"async\" width=\"640\" height=\"438\" src=\"https:\/\/www.wurth.es\/blog\/wp-content\/uploads\/2022\/11\/Imagen-destacada-6-1024x701.jpg\" class=\"attachment-large size-large wp-post-image\" alt=\"Pegar baldosas con cemento cola\" srcset=\"https:\/\/www.wurth.es\/blog\/wp-content\/uploads\/2022\/11\/Imagen-destacada-6-1024x701.jpg 1024w, https:\/\/www.wurth.es\/blog\/wp-content\/uploads\/2022\/11\/Imagen-destacada-6-300x205.jpg 300w, https:\/\/www.wurth.es\/blog\/wp-content\/uploads\/2022\/11\/Imagen-destacada-6-768x526.jpg 768w, https:\/\/www.wurth.es\/blog\/wp-content\/uploads\/2022\/11\/Imagen-destacada-6-150x103.jpg 150w, https:\/\/www.wurth.es\/blog\/wp-content\/uploads\/2022\/11\/Imagen-destacada-6-218x150.jpg 218w, https:\/\/www.wurth.es\/blog\/wp-content\/uploads\/2022\/11\/Imagen-destacada-6-600x411.jpg 600w, https:\/\/www.wurth.es\/blog\/wp-content\/uploads\/2022\/11\/Imagen-destacada-6-696x476.jpg 696w, https:\/\/www.wurth.es\/blog\/wp-content\/uploads\/2022\/11\/Imagen-destacada-6-1068x731.jpg 1068w, https:\/\/www.wurth.es\/blog\/wp-content\/uploads\/2022\/11\/Imagen-destacada-6-614x420.jpg 614w, https:\/\/www.wurth.es\/blog\/wp-content\/uploads\/2022\/11\/Imagen-destacada-6.jpg 1514w\" sizes=\"(max-width: 640px) 100vw, 640px\" \/>        <\/a>\n    \n                              <\/div>\n              <div class=\"elespare-content-wrapper\">\n                                \n    <h4 class=\"elespare-post-title\">\n        <a href=\"https:\/\/www.wurth.es\/blog\/cemento-cola-para-que-sirve\/\"> <span>Para qu\u00e9 sirve el cemento cola: todo lo que debes saber<\/span><\/a>\n    <\/h4>\n          <div class=\"elespare-metadata\">\n                  <span class=\"post-author\">\n            <a href=\"https:\/\/www.wurth.es\/blog\/author\/adrian-minguez\/\">\n                              <i class=\"demo-icon elespare-icons-user-circle-regular\" aria-hidden=\"true\"><\/i>\n                            Adri\u00e1n M\u00edguez            <\/a>\n          <\/span>\n                          <span class=\"elespare-posts-full-post-author\">\n            <a href=\"https:\/\/www.wurth.es\/blog\/2022\/\">\n              <i class=\"demo-icon elespare-icons-clock-regular\" aria-hidden=\"true\"><\/i>\n              30 de noviembre de 2022\n            <\/a>\n          <\/span>\n                      <\/div>\n\n              <\/div>\n            <\/div>\n                    <div class=\"elespare-posts-grid-post-items\">\n\n              <div class=\"elespare-img-wrapper\">\n                    <a href=\"https:\/\/www.wurth.es\/blog\/guantes-trabajo-piel\/\">\n            <img loading=\"lazy\" decoding=\"async\" width=\"640\" height=\"426\" src=\"https:\/\/www.wurth.es\/blog\/wp-content\/uploads\/2022\/08\/Imagen-destacada.jpg\" class=\"attachment-large size-large wp-post-image\" alt=\"Guantes trabajo piel\" srcset=\"https:\/\/www.wurth.es\/blog\/wp-content\/uploads\/2022\/08\/Imagen-destacada.jpg 800w, https:\/\/www.wurth.es\/blog\/wp-content\/uploads\/2022\/08\/Imagen-destacada-300x200.jpg 300w, https:\/\/www.wurth.es\/blog\/wp-content\/uploads\/2022\/08\/Imagen-destacada-768x512.jpg 768w, https:\/\/www.wurth.es\/blog\/wp-content\/uploads\/2022\/08\/Imagen-destacada-150x100.jpg 150w, https:\/\/www.wurth.es\/blog\/wp-content\/uploads\/2022\/08\/Imagen-destacada-600x400.jpg 600w, https:\/\/www.wurth.es\/blog\/wp-content\/uploads\/2022\/08\/Imagen-destacada-696x464.jpg 696w, https:\/\/www.wurth.es\/blog\/wp-content\/uploads\/2022\/08\/Imagen-destacada-630x420.jpg 630w\" sizes=\"(max-width: 640px) 100vw, 640px\" \/>        <\/a>\n    \n                              <\/div>\n              <div class=\"elespare-content-wrapper\">\n                                \n    <h4 class=\"elespare-post-title\">\n        <a href=\"https:\/\/www.wurth.es\/blog\/guantes-trabajo-piel\/\"> <span>Guantes de trabajo de piel: usos y ventajas<\/span><\/a>\n    <\/h4>\n          <div class=\"elespare-metadata\">\n                  <span class=\"post-author\">\n            <a href=\"https:\/\/www.wurth.es\/blog\/author\/adrian-minguez\/\">\n                              <i class=\"demo-icon elespare-icons-user-circle-regular\" aria-hidden=\"true\"><\/i>\n                            Adri\u00e1n M\u00edguez            <\/a>\n          <\/span>\n                          <span class=\"elespare-posts-full-post-author\">\n            <a href=\"https:\/\/www.wurth.es\/blog\/2022\/\">\n              <i class=\"demo-icon elespare-icons-clock-regular\" aria-hidden=\"true\"><\/i>\n              2 de agosto de 2022\n            <\/a>\n          <\/span>\n                      <\/div>\n\n              <\/div>\n            <\/div>\n                    <div class=\"elespare-posts-grid-post-items\">\n\n              <div class=\"elespare-img-wrapper\">\n                    <a href=\"https:\/\/www.wurth.es\/blog\/que-es-como-medir-pie-de-rey\/\">\n            <img loading=\"lazy\" decoding=\"async\" width=\"640\" height=\"426\" src=\"https:\/\/www.wurth.es\/blog\/wp-content\/uploads\/2022\/07\/Imagen-destacada-2.jpg\" class=\"attachment-large size-large wp-post-image\" alt=\"Qu\u00e9 es un pie de rey\" srcset=\"https:\/\/www.wurth.es\/blog\/wp-content\/uploads\/2022\/07\/Imagen-destacada-2.jpg 800w, https:\/\/www.wurth.es\/blog\/wp-content\/uploads\/2022\/07\/Imagen-destacada-2-300x200.jpg 300w, https:\/\/www.wurth.es\/blog\/wp-content\/uploads\/2022\/07\/Imagen-destacada-2-768x511.jpg 768w, https:\/\/www.wurth.es\/blog\/wp-content\/uploads\/2022\/07\/Imagen-destacada-2-150x100.jpg 150w, https:\/\/www.wurth.es\/blog\/wp-content\/uploads\/2022\/07\/Imagen-destacada-2-600x399.jpg 600w, https:\/\/www.wurth.es\/blog\/wp-content\/uploads\/2022\/07\/Imagen-destacada-2-696x463.jpg 696w, https:\/\/www.wurth.es\/blog\/wp-content\/uploads\/2022\/07\/Imagen-destacada-2-632x420.jpg 632w\" sizes=\"(max-width: 640px) 100vw, 640px\" \/>        <\/a>\n    \n                              <\/div>\n              <div class=\"elespare-content-wrapper\">\n                                \n    <h4 class=\"elespare-post-title\">\n        <a href=\"https:\/\/www.wurth.es\/blog\/que-es-como-medir-pie-de-rey\/\"> <span>Qu\u00e9 es y c\u00f3mo medir con un pie de rey<\/span><\/a>\n    <\/h4>\n          <div class=\"elespare-metadata\">\n                  <span class=\"post-author\">\n            <a href=\"https:\/\/www.wurth.es\/blog\/author\/adrian-minguez\/\">\n                              <i class=\"demo-icon elespare-icons-user-circle-regular\" aria-hidden=\"true\"><\/i>\n                            Adri\u00e1n M\u00edguez            <\/a>\n          <\/span>\n                          <span class=\"elespare-posts-full-post-author\">\n            <a href=\"https:\/\/www.wurth.es\/blog\/2022\/\">\n              <i class=\"demo-icon elespare-icons-clock-regular\" aria-hidden=\"true\"><\/i>\n              20 de julio de 2022\n            <\/a>\n          <\/span>\n                      <\/div>\n\n              <\/div>\n            <\/div>\n                    <div class=\"elespare-posts-grid-post-items\">\n\n              <div class=\"elespare-img-wrapper\">\n                    <a href=\"https:\/\/www.wurth.es\/blog\/que-es-para-que-sirve-cinta-enmascarar\/\">\n            <img loading=\"lazy\" decoding=\"async\" width=\"640\" height=\"427\" src=\"https:\/\/www.wurth.es\/blog\/wp-content\/uploads\/2022\/07\/Imagen-destacada-1.jpg\" class=\"attachment-large size-large wp-post-image\" alt=\"Qu\u00e9 es y para qu\u00e9 sirve la cinta de enmascarar\" srcset=\"https:\/\/www.wurth.es\/blog\/wp-content\/uploads\/2022\/07\/Imagen-destacada-1.jpg 800w, https:\/\/www.wurth.es\/blog\/wp-content\/uploads\/2022\/07\/Imagen-destacada-1-300x200.jpg 300w, https:\/\/www.wurth.es\/blog\/wp-content\/uploads\/2022\/07\/Imagen-destacada-1-768x513.jpg 768w, https:\/\/www.wurth.es\/blog\/wp-content\/uploads\/2022\/07\/Imagen-destacada-1-150x100.jpg 150w, https:\/\/www.wurth.es\/blog\/wp-content\/uploads\/2022\/07\/Imagen-destacada-1-600x401.jpg 600w, https:\/\/www.wurth.es\/blog\/wp-content\/uploads\/2022\/07\/Imagen-destacada-1-696x465.jpg 696w, https:\/\/www.wurth.es\/blog\/wp-content\/uploads\/2022\/07\/Imagen-destacada-1-629x420.jpg 629w\" sizes=\"(max-width: 640px) 100vw, 640px\" \/>        <\/a>\n    \n                              <\/div>\n              <div class=\"elespare-content-wrapper\">\n                                \n    <h4 class=\"elespare-post-title\">\n        <a href=\"https:\/\/www.wurth.es\/blog\/que-es-para-que-sirve-cinta-enmascarar\/\"> <span>Qu\u00e9 es y para qu\u00e9 sirve la cinta de enmascarar<\/span><\/a>\n    <\/h4>\n          <div class=\"elespare-metadata\">\n                  <span class=\"post-author\">\n            <a href=\"https:\/\/www.wurth.es\/blog\/author\/adrian-minguez\/\">\n                              <i class=\"demo-icon elespare-icons-user-circle-regular\" aria-hidden=\"true\"><\/i>\n                            Adri\u00e1n M\u00edguez            <\/a>\n          <\/span>\n                          <span class=\"elespare-posts-full-post-author\">\n            <a href=\"https:\/\/www.wurth.es\/blog\/2022\/\">\n              <i class=\"demo-icon elespare-icons-clock-regular\" aria-hidden=\"true\"><\/i>\n              13 de julio de 2022\n            <\/a>\n          <\/span>\n                      <\/div>\n\n              <\/div>\n            <\/div>\n                    <div class=\"elespare-posts-grid-post-items\">\n\n              <div class=\"elespare-img-wrapper\">\n                    <a href=\"https:\/\/www.wurth.es\/blog\/como-usar-nivel-laser\/\">\n            <img loading=\"lazy\" decoding=\"async\" width=\"640\" height=\"426\" src=\"https:\/\/www.wurth.es\/blog\/wp-content\/uploads\/2022\/07\/imagen-destacada.jpg\" class=\"attachment-large size-large wp-post-image\" alt=\"C\u00f3mo usar un nivel l\u00e1ser\" srcset=\"https:\/\/www.wurth.es\/blog\/wp-content\/uploads\/2022\/07\/imagen-destacada.jpg 800w, https:\/\/www.wurth.es\/blog\/wp-content\/uploads\/2022\/07\/imagen-destacada-300x200.jpg 300w, https:\/\/www.wurth.es\/blog\/wp-content\/uploads\/2022\/07\/imagen-destacada-768x512.jpg 768w, https:\/\/www.wurth.es\/blog\/wp-content\/uploads\/2022\/07\/imagen-destacada-150x100.jpg 150w, https:\/\/www.wurth.es\/blog\/wp-content\/uploads\/2022\/07\/imagen-destacada-600x400.jpg 600w, https:\/\/www.wurth.es\/blog\/wp-content\/uploads\/2022\/07\/imagen-destacada-696x464.jpg 696w, https:\/\/www.wurth.es\/blog\/wp-content\/uploads\/2022\/07\/imagen-destacada-630x420.jpg 630w\" sizes=\"(max-width: 640px) 100vw, 640px\" \/>        <\/a>\n    \n                              <\/div>\n              <div class=\"elespare-content-wrapper\">\n                                \n    <h4 class=\"elespare-post-title\">\n        <a href=\"https:\/\/www.wurth.es\/blog\/como-usar-nivel-laser\/\"> <span>C\u00f3mo usar un nivel l\u00e1ser<\/span><\/a>\n    <\/h4>\n          <div class=\"elespare-metadata\">\n                  <span class=\"post-author\">\n            <a href=\"https:\/\/www.wurth.es\/blog\/author\/adrian-minguez\/\">\n                              <i class=\"demo-icon elespare-icons-user-circle-regular\" aria-hidden=\"true\"><\/i>\n                            Adri\u00e1n M\u00edguez            <\/a>\n          <\/span>\n                          <span class=\"elespare-posts-full-post-author\">\n            <a href=\"https:\/\/www.wurth.es\/blog\/2022\/\">\n              <i class=\"demo-icon elespare-icons-clock-regular\" aria-hidden=\"true\"><\/i>\n              11 de julio de 2022\n            <\/a>\n          <\/span>\n                      <\/div>\n\n              <\/div>\n            <\/div>\n                    <div class=\"elespare-posts-grid-post-items\">\n\n              <div class=\"elespare-img-wrapper\">\n                    <a href=\"https:\/\/www.wurth.es\/blog\/masilla-selladora-poliuretano\/\">\n            <img loading=\"lazy\" decoding=\"async\" width=\"640\" height=\"480\" src=\"https:\/\/www.wurth.es\/blog\/wp-content\/uploads\/2022\/06\/Imagen-destacada-1.png\" class=\"attachment-large size-large wp-post-image\" alt=\"Masilla Mastic 40+\" srcset=\"https:\/\/www.wurth.es\/blog\/wp-content\/uploads\/2022\/06\/Imagen-destacada-1.png 845w, https:\/\/www.wurth.es\/blog\/wp-content\/uploads\/2022\/06\/Imagen-destacada-1-300x225.png 300w, https:\/\/www.wurth.es\/blog\/wp-content\/uploads\/2022\/06\/Imagen-destacada-1-768x576.png 768w, https:\/\/www.wurth.es\/blog\/wp-content\/uploads\/2022\/06\/Imagen-destacada-1-150x113.png 150w, https:\/\/www.wurth.es\/blog\/wp-content\/uploads\/2022\/06\/Imagen-destacada-1-600x450.png 600w, https:\/\/www.wurth.es\/blog\/wp-content\/uploads\/2022\/06\/Imagen-destacada-1-696x522.png 696w, https:\/\/www.wurth.es\/blog\/wp-content\/uploads\/2022\/06\/Imagen-destacada-1-560x420.png 560w, https:\/\/www.wurth.es\/blog\/wp-content\/uploads\/2022\/06\/Imagen-destacada-1-80x60.png 80w, https:\/\/www.wurth.es\/blog\/wp-content\/uploads\/2022\/06\/Imagen-destacada-1-265x198.png 265w\" sizes=\"(max-width: 640px) 100vw, 640px\" \/>        <\/a>\n    \n                              <\/div>\n              <div class=\"elespare-content-wrapper\">\n                                \n    <h4 class=\"elespare-post-title\">\n        <a href=\"https:\/\/www.wurth.es\/blog\/masilla-selladora-poliuretano\/\"> <span>La masilla selladora PU que resiste a los rayos UV<\/span><\/a>\n    <\/h4>\n          <div class=\"elespare-metadata\">\n                  <span class=\"post-author\">\n            <a href=\"https:\/\/www.wurth.es\/blog\/author\/andrea-torreswurth-es\/\">\n                              <i class=\"demo-icon elespare-icons-user-circle-regular\" aria-hidden=\"true\"><\/i>\n                            Andrea Torres            <\/a>\n          <\/span>\n                          <span class=\"elespare-posts-full-post-author\">\n            <a href=\"https:\/\/www.wurth.es\/blog\/2022\/\">\n              <i class=\"demo-icon elespare-icons-clock-regular\" aria-hidden=\"true\"><\/i>\n              28 de junio de 2022\n            <\/a>\n          <\/span>\n                      <\/div>\n\n              <\/div>\n            <\/div>\n                    <div class=\"elespare-posts-grid-post-items\">\n\n              <div class=\"elespare-img-wrapper\">\n                    <a href=\"https:\/\/www.wurth.es\/blog\/anclajes-perfectos-hormigon\/\">\n            <img loading=\"lazy\" decoding=\"async\" width=\"640\" height=\"359\" src=\"https:\/\/www.wurth.es\/blog\/wp-content\/uploads\/2022\/05\/bhavya-kashyap-d8OyklsYfDo-unsplash-1-1024x575.jpg\" class=\"attachment-large size-large wp-post-image\" alt=\"Anclajes de metal para hormig\u00f3n\" srcset=\"https:\/\/www.wurth.es\/blog\/wp-content\/uploads\/2022\/05\/bhavya-kashyap-d8OyklsYfDo-unsplash-1-1024x575.jpg 1024w, https:\/\/www.wurth.es\/blog\/wp-content\/uploads\/2022\/05\/bhavya-kashyap-d8OyklsYfDo-unsplash-1-300x169.jpg 300w, https:\/\/www.wurth.es\/blog\/wp-content\/uploads\/2022\/05\/bhavya-kashyap-d8OyklsYfDo-unsplash-1-768x432.jpg 768w, https:\/\/www.wurth.es\/blog\/wp-content\/uploads\/2022\/05\/bhavya-kashyap-d8OyklsYfDo-unsplash-1-1536x863.jpg 1536w, https:\/\/www.wurth.es\/blog\/wp-content\/uploads\/2022\/05\/bhavya-kashyap-d8OyklsYfDo-unsplash-1-2048x1151.jpg 2048w, https:\/\/www.wurth.es\/blog\/wp-content\/uploads\/2022\/05\/bhavya-kashyap-d8OyklsYfDo-unsplash-1-150x84.jpg 150w, https:\/\/www.wurth.es\/blog\/wp-content\/uploads\/2022\/05\/bhavya-kashyap-d8OyklsYfDo-unsplash-1-600x337.jpg 600w, https:\/\/www.wurth.es\/blog\/wp-content\/uploads\/2022\/05\/bhavya-kashyap-d8OyklsYfDo-unsplash-1-696x391.jpg 696w, https:\/\/www.wurth.es\/blog\/wp-content\/uploads\/2022\/05\/bhavya-kashyap-d8OyklsYfDo-unsplash-1-1392x782.jpg 1392w, https:\/\/www.wurth.es\/blog\/wp-content\/uploads\/2022\/05\/bhavya-kashyap-d8OyklsYfDo-unsplash-1-1068x600.jpg 1068w, https:\/\/www.wurth.es\/blog\/wp-content\/uploads\/2022\/05\/bhavya-kashyap-d8OyklsYfDo-unsplash-1-1920x1079.jpg 1920w, https:\/\/www.wurth.es\/blog\/wp-content\/uploads\/2022\/05\/bhavya-kashyap-d8OyklsYfDo-unsplash-1-747x420.jpg 747w, https:\/\/www.wurth.es\/blog\/wp-content\/uploads\/2022\/05\/bhavya-kashyap-d8OyklsYfDo-unsplash-1-1495x840.jpg 1495w\" sizes=\"(max-width: 640px) 100vw, 640px\" \/>        <\/a>\n    \n                              <\/div>\n              <div class=\"elespare-content-wrapper\">\n                                \n    <h4 class=\"elespare-post-title\">\n        <a href=\"https:\/\/www.wurth.es\/blog\/anclajes-perfectos-hormigon\/\"> <span>Los anclajes perfectos para hormig\u00f3n<\/span><\/a>\n    <\/h4>\n          <div class=\"elespare-metadata\">\n                  <span class=\"post-author\">\n            <a href=\"https:\/\/www.wurth.es\/blog\/author\/adrian-minguez\/\">\n                              <i class=\"demo-icon elespare-icons-user-circle-regular\" aria-hidden=\"true\"><\/i>\n                            Adri\u00e1n M\u00edguez            <\/a>\n          <\/span>\n                          <span class=\"elespare-posts-full-post-author\">\n            <a href=\"https:\/\/www.wurth.es\/blog\/2022\/\">\n              <i class=\"demo-icon elespare-icons-clock-regular\" aria-hidden=\"true\"><\/i>\n              26 de mayo de 2022\n            <\/a>\n          <\/span>\n                      <\/div>\n\n              <\/div>\n            <\/div>\n              <\/div>\n    <\/div>\n    \t\t\t\t<\/div>\n\t\t\t\t<\/div>\n\t\t\t\t\t<\/div>\n\t\t<\/div>\n\t\t\t\t\t<\/div>\n\t\t<\/section>\n\t\t\t\t<\/div>\n\t\t","protected":false},"excerpt":{"rendered":"<p>\u00daltimas Publicaciones sobre Construcci\u00f3n Enrollador de cables Helena Velasco 12 de diciembre de 2024 Tipos&#8230;<\/p>\n","protected":false},"author":9,"featured_media":0,"parent":0,"menu_order":0,"comment_status":"closed","ping_status":"closed","template":"","meta":{"footnotes":""},"class_list":["post-36","page","type-page","status-publish","hentry"],"_links":{"self":[{"href":"https:\/\/www.wurth.es\/blog\/wp-json\/wp\/v2\/pages\/36","targetHints":{"allow":["GET"]}}],"collection":[{"href":"https:\/\/www.wurth.es\/blog\/wp-json\/wp\/v2\/pages"}],"about":[{"href":"https:\/\/www.wurth.es\/blog\/wp-json\/wp\/v2\/types\/page"}],"author":[{"embeddable":true,"href":"https:\/\/www.wurth.es\/blog\/wp-json\/wp\/v2\/users\/9"}],"replies":[{"embeddable":true,"href":"https:\/\/www.wurth.es\/blog\/wp-json\/wp\/v2\/comments?post=36"}],"version-history":[{"count":37,"href":"https:\/\/www.wurth.es\/blog\/wp-json\/wp\/v2\/pages\/36\/revisions"}],"predecessor-version":[{"id":6660,"href":"https:\/\/www.wurth.es\/blog\/wp-json\/wp\/v2\/pages\/36\/revisions\/6660"}],"wp:attachment":[{"href":"https:\/\/www.wurth.es\/blog\/wp-json\/wp\/v2\/media?parent=36"}],"curies":[{"name":"wp","href":"https:\/\/api.w.org\/{rel}","templated":true}]}}