{"id":1507,"date":"2022-05-25T14:33:35","date_gmt":"2022-05-25T14:33:35","guid":{"rendered":"https:\/\/www.wurth.es\/blog\/?page_id=1507"},"modified":"2023-03-29T11:30:04","modified_gmt":"2023-03-29T11:30:04","slug":"mantenimiento","status":"publish","type":"page","link":"https:\/\/www.wurth.es\/blog\/mantenimiento\/","title":{"rendered":"Mantenimiento"},"content":{"rendered":"<div id=\"ez-toc-container\" class=\"ez-toc-v2_0_79_2 ez-toc-wrap-center counter-hierarchy ez-toc-counter ez-toc-custom ez-toc-container-direction\">\n<div class=\"ez-toc-title-container\">\n<p class=\"ez-toc-title\" style=\"cursor:inherit\">Tabla de contenidos:<\/p>\n<span class=\"ez-toc-title-toggle\"><a href=\"#\" class=\"ez-toc-pull-right ez-toc-btn ez-toc-btn-xs ez-toc-btn-default ez-toc-toggle\" aria-label=\"Alternar tabla de contenidos\"><span class=\"ez-toc-js-icon-con\"><span class=\"\"><span class=\"eztoc-hide\" style=\"display:none;\">Toggle<\/span><span class=\"ez-toc-icon-toggle-span\"><svg style=\"fill: #c00000;color:#c00000\" xmlns=\"http:\/\/www.w3.org\/2000\/svg\" class=\"list-377408\" width=\"20px\" height=\"20px\" viewBox=\"0 0 24 24\" fill=\"none\"><path d=\"M6 6H4v2h2V6zm14 0H8v2h12V6zM4 11h2v2H4v-2zm16 0H8v2h12v-2zM4 16h2v2H4v-2zm16 0H8v2h12v-2z\" fill=\"currentColor\"><\/path><\/svg><svg style=\"fill: #c00000;color:#c00000\" class=\"arrow-unsorted-368013\" xmlns=\"http:\/\/www.w3.org\/2000\/svg\" width=\"10px\" height=\"10px\" viewBox=\"0 0 24 24\" version=\"1.2\" baseProfile=\"tiny\"><path d=\"M18.2 9.3l-6.2-6.3-6.2 6.3c-.2.2-.3.4-.3.7s.1.5.3.7c.2.2.4.3.7.3h11c.3 0 .5-.1.7-.3.2-.2.3-.5.3-.7s-.1-.5-.3-.7zM5.8 14.7l6.2 6.3 6.2-6.3c.2-.2.3-.5.3-.7s-.1-.5-.3-.7c-.2-.2-.4-.3-.7-.3h-11c-.3 0-.5.1-.7.3-.2.2-.3.5-.3.7s.1.5.3.7z\"\/><\/svg><\/span><\/span><\/span><\/a><\/span><\/div>\n<nav><ul class='ez-toc-list ez-toc-list-level-1 ' ><li class='ez-toc-page-1 ez-toc-heading-level-2'><a class=\"ez-toc-link ez-toc-heading-1\" href=\"https:\/\/www.wurth.es\/blog\/que-es-asfalto-en-frio-como-se-aplica\/#que_es_el_asfalto_en_frio\" >Qu\u00e9 es el asfalto en fr\u00edo<\/a><\/li><li class='ez-toc-page-1 ez-toc-heading-level-2'><a class=\"ez-toc-link ez-toc-heading-2\" href=\"https:\/\/www.wurth.es\/blog\/que-es-asfalto-en-frio-como-se-aplica\/#como_se_aplica_el_asfalto_en_frio\" >C\u00f3mo se aplica el asfalto en fr\u00edo<\/a><\/li><li class='ez-toc-page-1 ez-toc-heading-level-2'><a class=\"ez-toc-link ez-toc-heading-3\" href=\"https:\/\/www.wurth.es\/blog\/que-es-asfalto-en-frio-como-se-aplica\/#asfalto_en_frio_wurth\" >Asfalto en fr\u00edo W\u00fcrth<\/a><\/li><\/ul><\/nav><\/div>\n\t\t<div data-elementor-type=\"wp-page\" data-elementor-id=\"1507\" class=\"elementor elementor-1507\">\n\t\t\t\t\t\t<section class=\"elementor-section elementor-top-section elementor-element elementor-element-2037558 elementor-section-boxed elementor-section-height-default elementor-section-height-default\" data-id=\"2037558\" data-element_type=\"section\">\n\t\t\t\t\t\t<div class=\"elementor-container elementor-column-gap-default\">\n\t\t\t\t\t<div class=\"elementor-column elementor-col-100 elementor-top-column elementor-element elementor-element-5eb7e87\" data-id=\"5eb7e87\" data-element_type=\"column\">\n\t\t\t<div class=\"elementor-widget-wrap elementor-element-populated\">\n\t\t\t\t\t\t<div class=\"elementor-element elementor-element-452bdc0 elementor-hidden-mobile elementor-widget elementor-widget-image\" data-id=\"452bdc0\" data-element_type=\"widget\" data-widget_type=\"image.default\">\n\t\t\t\t<div class=\"elementor-widget-container\">\n\t\t\t\t\t\t\t\t\t\t\t\t\t\t\t<img fetchpriority=\"high\" decoding=\"async\" width=\"1300\" height=\"350\" src=\"https:\/\/www.wurth.es\/blog\/wp-content\/uploads\/2022\/08\/mantenimiento.jpg\" class=\"attachment-2048x2048 size-2048x2048 wp-image-2098\" alt=\"\" srcset=\"https:\/\/www.wurth.es\/blog\/wp-content\/uploads\/2022\/08\/mantenimiento.jpg 1300w, https:\/\/www.wurth.es\/blog\/wp-content\/uploads\/2022\/08\/mantenimiento-300x81.jpg 300w, https:\/\/www.wurth.es\/blog\/wp-content\/uploads\/2022\/08\/mantenimiento-1024x276.jpg 1024w, https:\/\/www.wurth.es\/blog\/wp-content\/uploads\/2022\/08\/mantenimiento-768x207.jpg 768w, https:\/\/www.wurth.es\/blog\/wp-content\/uploads\/2022\/08\/mantenimiento-150x40.jpg 150w, https:\/\/www.wurth.es\/blog\/wp-content\/uploads\/2022\/08\/mantenimiento-600x162.jpg 600w, https:\/\/www.wurth.es\/blog\/wp-content\/uploads\/2022\/08\/mantenimiento-696x187.jpg 696w, https:\/\/www.wurth.es\/blog\/wp-content\/uploads\/2022\/08\/mantenimiento-1068x288.jpg 1068w\" sizes=\"(max-width: 1300px) 100vw, 1300px\" \/>\t\t\t\t\t\t\t\t\t\t\t\t\t\t\t<\/div>\n\t\t\t\t<\/div>\n\t\t\t\t<div class=\"elementor-element elementor-element-5d29239 elementor-hidden-desktop elementor-hidden-tablet elementor-widget elementor-widget-image\" data-id=\"5d29239\" data-element_type=\"widget\" data-widget_type=\"image.default\">\n\t\t\t\t<div class=\"elementor-widget-container\">\n\t\t\t\t\t\t\t\t\t\t\t\t\t\t\t<img decoding=\"async\" width=\"500\" height=\"350\" src=\"https:\/\/www.wurth.es\/blog\/wp-content\/uploads\/2022\/08\/mantenimiento-1.jpg\" class=\"attachment-large size-large wp-image-2124\" alt=\"\" srcset=\"https:\/\/www.wurth.es\/blog\/wp-content\/uploads\/2022\/08\/mantenimiento-1.jpg 500w, https:\/\/www.wurth.es\/blog\/wp-content\/uploads\/2022\/08\/mantenimiento-1-300x210.jpg 300w, https:\/\/www.wurth.es\/blog\/wp-content\/uploads\/2022\/08\/mantenimiento-1-150x105.jpg 150w, https:\/\/www.wurth.es\/blog\/wp-content\/uploads\/2022\/08\/mantenimiento-1-100x70.jpg 100w\" sizes=\"(max-width: 500px) 100vw, 500px\" \/>\t\t\t\t\t\t\t\t\t\t\t\t\t\t\t<\/div>\n\t\t\t\t<\/div>\n\t\t\t\t\t<\/div>\n\t\t<\/div>\n\t\t\t\t\t<\/div>\n\t\t<\/section>\n\t\t\t\t<section class=\"elementor-section elementor-top-section elementor-element elementor-element-9da6abe elementor-section-boxed elementor-section-height-default elementor-section-height-default\" data-id=\"9da6abe\" data-element_type=\"section\">\n\t\t\t\t\t\t<div class=\"elementor-container elementor-column-gap-default\">\n\t\t\t\t\t<div class=\"elementor-column elementor-col-100 elementor-top-column elementor-element elementor-element-327e7be\" data-id=\"327e7be\" data-element_type=\"column\">\n\t\t\t<div class=\"elementor-widget-wrap elementor-element-populated\">\n\t\t\t\t\t\t<div class=\"elementor-element elementor-element-bef6151 elementor-grid-3 elementor-grid-tablet-2 elementor-grid-mobile-1 elespare-section-title-elespare-left elementor-widget elementor-widget-post-grid\" data-id=\"bef6151\" data-element_type=\"widget\" data-settings=\"{&quot;columns&quot;:&quot;3&quot;,&quot;columns_tablet&quot;:&quot;2&quot;,&quot;columns_mobile&quot;:&quot;1&quot;}\" data-widget_type=\"post-grid.default\">\n\t\t\t\t<div class=\"elementor-widget-container\">\n\t\t\t\t\t<div class=\"elespare-widget-title-section title-style-1 elespare-left\"><h4 class=\"elespare-widget-title\"><span class=\"elespare-section-title-before\"><\/span><span class=\"elespare-section-title\">\u00daltimas Publicaciones sobre Mantenimiento <\/span><span class=\"elespare-section-title-after\"><\/span><\/h4><\/div>    <div class=\"elespare-grid-wrap grid-layout has-background  elespare-has-equal-height\">\n\n      <div class=\"elespare-posts-wrap  elementor-grid grid-style-1  elespare-image-zoom elespare-light \">\n                    <div class=\"elespare-posts-grid-post-items\">\n\n              <div class=\"elespare-img-wrapper\">\n                    <a href=\"https:\/\/www.wurth.es\/blog\/protectores-auditivos-tipos-usos-y-normativa\/\">\n            <img decoding=\"async\" width=\"640\" height=\"480\" src=\"https:\/\/www.wurth.es\/blog\/wp-content\/uploads\/2026\/04\/Protectores-auditivos-tipos-usos-y-normativa-que-debes-conocer.jpg\" class=\"attachment-large size-large wp-post-image\" alt=\"Protectores auditivos tipos, usos y normativa que debes conocer\" srcset=\"https:\/\/www.wurth.es\/blog\/wp-content\/uploads\/2026\/04\/Protectores-auditivos-tipos-usos-y-normativa-que-debes-conocer.jpg 800w, https:\/\/www.wurth.es\/blog\/wp-content\/uploads\/2026\/04\/Protectores-auditivos-tipos-usos-y-normativa-que-debes-conocer-300x225.jpg 300w, https:\/\/www.wurth.es\/blog\/wp-content\/uploads\/2026\/04\/Protectores-auditivos-tipos-usos-y-normativa-que-debes-conocer-768x576.jpg 768w\" sizes=\"(max-width: 640px) 100vw, 640px\" \/>        <\/a>\n    \n                              <\/div>\n              <div class=\"elespare-content-wrapper\">\n                                \n    <h4 class=\"elespare-post-title\">\n        <a href=\"https:\/\/www.wurth.es\/blog\/protectores-auditivos-tipos-usos-y-normativa\/\"> <span>Protectores auditivos: tipos, usos y normativa que debes conocer<\/span><\/a>\n    <\/h4>\n          <div class=\"elespare-metadata\">\n                  <span class=\"post-author\">\n            <a href=\"https:\/\/www.wurth.es\/blog\/author\/adrian-minguez\/\">\n                              <i class=\"demo-icon elespare-icons-user-circle-regular\" aria-hidden=\"true\"><\/i>\n                            Adri\u00e1n M\u00edguez            <\/a>\n          <\/span>\n                          <span class=\"elespare-posts-full-post-author\">\n            <a href=\"https:\/\/www.wurth.es\/blog\/2026\/\">\n              <i class=\"demo-icon elespare-icons-clock-regular\" aria-hidden=\"true\"><\/i>\n              21 de abril de 2026\n            <\/a>\n          <\/span>\n                      <\/div>\n\n              <\/div>\n            <\/div>\n                    <div class=\"elespare-posts-grid-post-items\">\n\n              <div class=\"elespare-img-wrapper\">\n                    <a href=\"https:\/\/www.wurth.es\/blog\/foco-led-portatil\/\">\n            <img loading=\"lazy\" decoding=\"async\" width=\"640\" height=\"427\" src=\"https:\/\/www.wurth.es\/blog\/wp-content\/uploads\/2025\/09\/663008609_PREVIEW.jpg\" class=\"attachment-large size-large wp-post-image\" alt=\"\" srcset=\"https:\/\/www.wurth.es\/blog\/wp-content\/uploads\/2025\/09\/663008609_PREVIEW.jpg 800w, https:\/\/www.wurth.es\/blog\/wp-content\/uploads\/2025\/09\/663008609_PREVIEW-300x200.jpg 300w, https:\/\/www.wurth.es\/blog\/wp-content\/uploads\/2025\/09\/663008609_PREVIEW-768x513.jpg 768w\" sizes=\"(max-width: 640px) 100vw, 640px\" \/>        <\/a>\n    \n                              <\/div>\n              <div class=\"elespare-content-wrapper\">\n                                \n    <h4 class=\"elespare-post-title\">\n        <a href=\"https:\/\/www.wurth.es\/blog\/foco-led-portatil\/\"> <span>Foco LED port\u00e1til con bater\u00eda intercambiable: la soluci\u00f3n de iluminaci\u00f3n para profesionales<\/span><\/a>\n    <\/h4>\n          <div class=\"elespare-metadata\">\n                  <span class=\"post-author\">\n            <a href=\"https:\/\/www.wurth.es\/blog\/author\/adrian-minguez\/\">\n                              <i class=\"demo-icon elespare-icons-user-circle-regular\" aria-hidden=\"true\"><\/i>\n                            Adri\u00e1n M\u00edguez            <\/a>\n          <\/span>\n                          <span class=\"elespare-posts-full-post-author\">\n            <a href=\"https:\/\/www.wurth.es\/blog\/2025\/\">\n              <i class=\"demo-icon elespare-icons-clock-regular\" aria-hidden=\"true\"><\/i>\n              29 de octubre de 2025\n            <\/a>\n          <\/span>\n                      <\/div>\n\n              <\/div>\n            <\/div>\n                    <div class=\"elespare-posts-grid-post-items\">\n\n              <div class=\"elespare-img-wrapper\">\n                    <a href=\"https:\/\/www.wurth.es\/blog\/soldadura-frio-wurth\/\">\n            <img loading=\"lazy\" decoding=\"async\" width=\"640\" height=\"489\" src=\"https:\/\/www.wurth.es\/blog\/wp-content\/uploads\/2025\/07\/41598_PREVIEW.jpg\" class=\"attachment-large size-large wp-post-image\" alt=\"\" srcset=\"https:\/\/www.wurth.es\/blog\/wp-content\/uploads\/2025\/07\/41598_PREVIEW.jpg 800w, https:\/\/www.wurth.es\/blog\/wp-content\/uploads\/2025\/07\/41598_PREVIEW-300x229.jpg 300w, https:\/\/www.wurth.es\/blog\/wp-content\/uploads\/2025\/07\/41598_PREVIEW-768x587.jpg 768w\" sizes=\"(max-width: 640px) 100vw, 640px\" \/>        <\/a>\n    \n                              <\/div>\n              <div class=\"elespare-content-wrapper\">\n                                \n    <h4 class=\"elespare-post-title\">\n        <a href=\"https:\/\/www.wurth.es\/blog\/soldadura-frio-wurth\/\"> <span>C\u00f3mo reparar metales al instante con la Soldadura en Fr\u00edo de W\u00fcrth<\/span><\/a>\n    <\/h4>\n          <div class=\"elespare-metadata\">\n                  <span class=\"post-author\">\n            <a href=\"https:\/\/www.wurth.es\/blog\/author\/adrian-minguez\/\">\n                              <i class=\"demo-icon elespare-icons-user-circle-regular\" aria-hidden=\"true\"><\/i>\n                            Adri\u00e1n M\u00edguez            <\/a>\n          <\/span>\n                          <span class=\"elespare-posts-full-post-author\">\n            <a href=\"https:\/\/www.wurth.es\/blog\/2025\/\">\n              <i class=\"demo-icon elespare-icons-clock-regular\" aria-hidden=\"true\"><\/i>\n              22 de septiembre de 2025\n            <\/a>\n          <\/span>\n                      <\/div>\n\n              <\/div>\n            <\/div>\n                    <div class=\"elespare-posts-grid-post-items\">\n\n              <div class=\"elespare-img-wrapper\">\n                    <a href=\"https:\/\/www.wurth.es\/blog\/anclaje-autorroscante-hormigon-w-bs\/\">\n            <img loading=\"lazy\" decoding=\"async\" width=\"640\" height=\"360\" src=\"https:\/\/www.wurth.es\/blog\/wp-content\/uploads\/2025\/07\/569353321_PREVIEW.jpg\" class=\"attachment-large size-large wp-post-image\" alt=\"\" srcset=\"https:\/\/www.wurth.es\/blog\/wp-content\/uploads\/2025\/07\/569353321_PREVIEW.jpg 800w, https:\/\/www.wurth.es\/blog\/wp-content\/uploads\/2025\/07\/569353321_PREVIEW-300x169.jpg 300w, https:\/\/www.wurth.es\/blog\/wp-content\/uploads\/2025\/07\/569353321_PREVIEW-768x432.jpg 768w\" sizes=\"(max-width: 640px) 100vw, 640px\" \/>        <\/a>\n    \n                              <\/div>\n              <div class=\"elespare-content-wrapper\">\n                                \n    <h4 class=\"elespare-post-title\">\n        <a href=\"https:\/\/www.wurth.es\/blog\/anclaje-autorroscante-hormigon-w-bs\/\"> <span>Anclaje Autorroscante W-BS de W\u00fcrth: Innovaci\u00f3n, velocidad y seguridad en fijaciones para hormig\u00f3n<\/span><\/a>\n    <\/h4>\n          <div class=\"elespare-metadata\">\n                  <span class=\"post-author\">\n            <a href=\"https:\/\/www.wurth.es\/blog\/author\/adrian-minguez\/\">\n                              <i class=\"demo-icon elespare-icons-user-circle-regular\" aria-hidden=\"true\"><\/i>\n                            Adri\u00e1n M\u00edguez            <\/a>\n          <\/span>\n                          <span class=\"elespare-posts-full-post-author\">\n            <a href=\"https:\/\/www.wurth.es\/blog\/2025\/\">\n              <i class=\"demo-icon elespare-icons-clock-regular\" aria-hidden=\"true\"><\/i>\n              8 de septiembre de 2025\n            <\/a>\n          <\/span>\n                      <\/div>\n\n              <\/div>\n            <\/div>\n                    <div class=\"elespare-posts-grid-post-items\">\n\n              <div class=\"elespare-img-wrapper\">\n                    <a href=\"https:\/\/www.wurth.es\/blog\/3-errores-fijacion-barandillas-construccion\/\">\n            <img loading=\"lazy\" decoding=\"async\" width=\"640\" height=\"407\" src=\"https:\/\/www.wurth.es\/blog\/wp-content\/uploads\/2025\/08\/portada-blog-anclajes-barandilla.jpg\" class=\"attachment-large size-large wp-post-image\" alt=\"\" srcset=\"https:\/\/www.wurth.es\/blog\/wp-content\/uploads\/2025\/08\/portada-blog-anclajes-barandilla.jpg 800w, https:\/\/www.wurth.es\/blog\/wp-content\/uploads\/2025\/08\/portada-blog-anclajes-barandilla-300x191.jpg 300w, https:\/\/www.wurth.es\/blog\/wp-content\/uploads\/2025\/08\/portada-blog-anclajes-barandilla-768x489.jpg 768w\" sizes=\"(max-width: 640px) 100vw, 640px\" \/>        <\/a>\n    \n                              <\/div>\n              <div class=\"elespare-content-wrapper\">\n                                \n    <h4 class=\"elespare-post-title\">\n        <a href=\"https:\/\/www.wurth.es\/blog\/3-errores-fijacion-barandillas-construccion\/\"> <span>Los 3 errores m\u00e1s grandes en la fijaci\u00f3n de barandillas en la construcci\u00f3n de edificios<\/span><\/a>\n    <\/h4>\n          <div class=\"elespare-metadata\">\n                  <span class=\"post-author\">\n            <a href=\"https:\/\/www.wurth.es\/blog\/author\/adrian-minguez\/\">\n                              <i class=\"demo-icon elespare-icons-user-circle-regular\" aria-hidden=\"true\"><\/i>\n                            Adri\u00e1n M\u00edguez            <\/a>\n          <\/span>\n                          <span class=\"elespare-posts-full-post-author\">\n            <a href=\"https:\/\/www.wurth.es\/blog\/2025\/\">\n              <i class=\"demo-icon elespare-icons-clock-regular\" aria-hidden=\"true\"><\/i>\n              13 de agosto de 2025\n            <\/a>\n          <\/span>\n                      <\/div>\n\n              <\/div>\n            <\/div>\n                    <div class=\"elespare-posts-grid-post-items\">\n\n              <div class=\"elespare-img-wrapper\">\n                    <a href=\"https:\/\/www.wurth.es\/blog\/manipulacion-amianto-seguridad\/\">\n            <img loading=\"lazy\" decoding=\"async\" width=\"640\" height=\"426\" src=\"https:\/\/www.wurth.es\/blog\/wp-content\/uploads\/2025\/07\/1834772_PREVIEW-1.jpg\" class=\"attachment-large size-large wp-post-image\" alt=\"\" srcset=\"https:\/\/www.wurth.es\/blog\/wp-content\/uploads\/2025\/07\/1834772_PREVIEW-1.jpg 800w, https:\/\/www.wurth.es\/blog\/wp-content\/uploads\/2025\/07\/1834772_PREVIEW-1-300x200.jpg 300w, https:\/\/www.wurth.es\/blog\/wp-content\/uploads\/2025\/07\/1834772_PREVIEW-1-768x512.jpg 768w\" sizes=\"(max-width: 640px) 100vw, 640px\" \/>        <\/a>\n    \n                              <\/div>\n              <div class=\"elespare-content-wrapper\">\n                                \n    <h4 class=\"elespare-post-title\">\n        <a href=\"https:\/\/www.wurth.es\/blog\/manipulacion-amianto-seguridad\/\"> <span>Manipulaci\u00f3n y retirada de amianto: medios para protegernos<\/span><\/a>\n    <\/h4>\n          <div class=\"elespare-metadata\">\n                  <span class=\"post-author\">\n            <a href=\"https:\/\/www.wurth.es\/blog\/author\/adrian-minguez\/\">\n                              <i class=\"demo-icon elespare-icons-user-circle-regular\" aria-hidden=\"true\"><\/i>\n                            Adri\u00e1n M\u00edguez            <\/a>\n          <\/span>\n                          <span class=\"elespare-posts-full-post-author\">\n            <a href=\"https:\/\/www.wurth.es\/blog\/2025\/\">\n              <i class=\"demo-icon elespare-icons-clock-regular\" aria-hidden=\"true\"><\/i>\n              14 de julio de 2025\n            <\/a>\n          <\/span>\n                      <\/div>\n\n              <\/div>\n            <\/div>\n                    <div class=\"elespare-posts-grid-post-items\">\n\n              <div class=\"elespare-img-wrapper\">\n                    <a href=\"https:\/\/www.wurth.es\/blog\/tipos-de-soldadura\/\">\n            <img loading=\"lazy\" decoding=\"async\" width=\"640\" height=\"360\" src=\"https:\/\/www.wurth.es\/blog\/wp-content\/uploads\/2025\/03\/55888341_PREVIEW.jpg\" class=\"attachment-large size-large wp-post-image\" alt=\"\" srcset=\"https:\/\/www.wurth.es\/blog\/wp-content\/uploads\/2025\/03\/55888341_PREVIEW.jpg 800w, https:\/\/www.wurth.es\/blog\/wp-content\/uploads\/2025\/03\/55888341_PREVIEW-300x169.jpg 300w, https:\/\/www.wurth.es\/blog\/wp-content\/uploads\/2025\/03\/55888341_PREVIEW-768x432.jpg 768w\" sizes=\"(max-width: 640px) 100vw, 640px\" \/>        <\/a>\n    \n                              <\/div>\n              <div class=\"elespare-content-wrapper\">\n                                \n    <h4 class=\"elespare-post-title\">\n        <a href=\"https:\/\/www.wurth.es\/blog\/tipos-de-soldadura\/\"> <span>Tipos de Soldadura: Gu\u00eda Completa de las T\u00e9cnicas m\u00e1s usadas<\/span><\/a>\n    <\/h4>\n          <div class=\"elespare-metadata\">\n                  <span class=\"post-author\">\n            <a href=\"https:\/\/www.wurth.es\/blog\/author\/adrian-minguez\/\">\n                              <i class=\"demo-icon elespare-icons-user-circle-regular\" aria-hidden=\"true\"><\/i>\n                            Adri\u00e1n M\u00edguez            <\/a>\n          <\/span>\n                          <span class=\"elespare-posts-full-post-author\">\n            <a href=\"https:\/\/www.wurth.es\/blog\/2025\/\">\n              <i class=\"demo-icon elespare-icons-clock-regular\" aria-hidden=\"true\"><\/i>\n              31 de marzo de 2025\n            <\/a>\n          <\/span>\n                      <\/div>\n\n              <\/div>\n            <\/div>\n                    <div class=\"elespare-posts-grid-post-items\">\n\n              <div class=\"elespare-img-wrapper\">\n                    <a href=\"https:\/\/www.wurth.es\/blog\/anclaje-plastico\/\">\n            <img loading=\"lazy\" decoding=\"async\" width=\"640\" height=\"427\" src=\"https:\/\/www.wurth.es\/blog\/wp-content\/uploads\/2025\/03\/526531556_PREVIEW.jpg\" class=\"attachment-large size-large wp-post-image\" alt=\"\" srcset=\"https:\/\/www.wurth.es\/blog\/wp-content\/uploads\/2025\/03\/526531556_PREVIEW.jpg 800w, https:\/\/www.wurth.es\/blog\/wp-content\/uploads\/2025\/03\/526531556_PREVIEW-300x200.jpg 300w, https:\/\/www.wurth.es\/blog\/wp-content\/uploads\/2025\/03\/526531556_PREVIEW-768x513.jpg 768w\" sizes=\"(max-width: 640px) 100vw, 640px\" \/>        <\/a>\n    \n                              <\/div>\n              <div class=\"elespare-content-wrapper\">\n                                \n    <h4 class=\"elespare-post-title\">\n        <a href=\"https:\/\/www.wurth.es\/blog\/anclaje-plastico\/\"> <span>Anclaje Pl\u00e1stico<\/span><\/a>\n    <\/h4>\n          <div class=\"elespare-metadata\">\n                  <span class=\"post-author\">\n            <a href=\"https:\/\/www.wurth.es\/blog\/author\/adrian-minguez\/\">\n                              <i class=\"demo-icon elespare-icons-user-circle-regular\" aria-hidden=\"true\"><\/i>\n                            Adri\u00e1n M\u00edguez            <\/a>\n          <\/span>\n                          <span class=\"elespare-posts-full-post-author\">\n            <a href=\"https:\/\/www.wurth.es\/blog\/2025\/\">\n              <i class=\"demo-icon elespare-icons-clock-regular\" aria-hidden=\"true\"><\/i>\n              27 de marzo de 2025\n            <\/a>\n          <\/span>\n                      <\/div>\n\n              <\/div>\n            <\/div>\n                    <div class=\"elespare-posts-grid-post-items\">\n\n              <div class=\"elespare-img-wrapper\">\n                    <a href=\"https:\/\/www.wurth.es\/blog\/anclajes-metalicos\/\">\n            <img loading=\"lazy\" decoding=\"async\" width=\"493\" height=\"493\" src=\"https:\/\/www.wurth.es\/blog\/wp-content\/uploads\/2025\/03\/4332969-1.jpg\" class=\"attachment-large size-large wp-post-image\" alt=\"\" srcset=\"https:\/\/www.wurth.es\/blog\/wp-content\/uploads\/2025\/03\/4332969-1.jpg 493w, https:\/\/www.wurth.es\/blog\/wp-content\/uploads\/2025\/03\/4332969-1-300x300.jpg 300w, https:\/\/www.wurth.es\/blog\/wp-content\/uploads\/2025\/03\/4332969-1-150x150.jpg 150w\" sizes=\"(max-width: 493px) 100vw, 493px\" \/>        <\/a>\n    \n                              <\/div>\n              <div class=\"elespare-content-wrapper\">\n                                \n    <h4 class=\"elespare-post-title\">\n        <a href=\"https:\/\/www.wurth.es\/blog\/anclajes-metalicos\/\"> <span>Descubre los mejores Anclajes Met\u00e1licos para Hormig\u00f3n<\/span><\/a>\n    <\/h4>\n          <div class=\"elespare-metadata\">\n                  <span class=\"post-author\">\n            <a href=\"https:\/\/www.wurth.es\/blog\/author\/adrian-minguez\/\">\n                              <i class=\"demo-icon elespare-icons-user-circle-regular\" aria-hidden=\"true\"><\/i>\n                            Adri\u00e1n M\u00edguez            <\/a>\n          <\/span>\n                          <span class=\"elespare-posts-full-post-author\">\n            <a href=\"https:\/\/www.wurth.es\/blog\/2025\/\">\n              <i class=\"demo-icon elespare-icons-clock-regular\" aria-hidden=\"true\"><\/i>\n              13 de marzo de 2025\n            <\/a>\n          <\/span>\n                      <\/div>\n\n              <\/div>\n            <\/div>\n                    <div class=\"elespare-posts-grid-post-items\">\n\n              <div class=\"elespare-img-wrapper\">\n                    <a href=\"https:\/\/www.wurth.es\/blog\/membrana-impermeabilizante-witanflex\/\">\n            <img loading=\"lazy\" decoding=\"async\" width=\"640\" height=\"480\" src=\"https:\/\/www.wurth.es\/blog\/wp-content\/uploads\/2025\/02\/image-12.png\" class=\"attachment-large size-large wp-post-image\" alt=\"\" srcset=\"https:\/\/www.wurth.es\/blog\/wp-content\/uploads\/2025\/02\/image-12.png 800w, https:\/\/www.wurth.es\/blog\/wp-content\/uploads\/2025\/02\/image-12-300x225.png 300w, https:\/\/www.wurth.es\/blog\/wp-content\/uploads\/2025\/02\/image-12-768x576.png 768w\" sizes=\"(max-width: 640px) 100vw, 640px\" \/>        <\/a>\n    \n                              <\/div>\n              <div class=\"elespare-content-wrapper\">\n                                \n    <h4 class=\"elespare-post-title\">\n        <a href=\"https:\/\/www.wurth.es\/blog\/membrana-impermeabilizante-witanflex\/\"> <span>Ventajas de WITANFLEX ALUMET: La soluci\u00f3n de Impermeabilizaci\u00f3n Ideal<\/span><\/a>\n    <\/h4>\n          <div class=\"elespare-metadata\">\n                  <span class=\"post-author\">\n            <a href=\"https:\/\/www.wurth.es\/blog\/author\/adrian-minguez\/\">\n                              <i class=\"demo-icon elespare-icons-user-circle-regular\" aria-hidden=\"true\"><\/i>\n                            Adri\u00e1n M\u00edguez            <\/a>\n          <\/span>\n                          <span class=\"elespare-posts-full-post-author\">\n            <a href=\"https:\/\/www.wurth.es\/blog\/2025\/\">\n              <i class=\"demo-icon elespare-icons-clock-regular\" aria-hidden=\"true\"><\/i>\n              11 de marzo de 2025\n            <\/a>\n          <\/span>\n                      <\/div>\n\n              <\/div>\n            <\/div>\n                    <div class=\"elespare-posts-grid-post-items\">\n\n              <div class=\"elespare-img-wrapper\">\n                    <a href=\"https:\/\/www.wurth.es\/blog\/aspirador-limpia-tapicerias\/\">\n            <img loading=\"lazy\" decoding=\"async\" width=\"534\" height=\"534\" src=\"https:\/\/www.wurth.es\/blog\/wp-content\/uploads\/2025\/03\/14548373_PREVIEW-edited.jpg\" class=\"attachment-large size-large wp-post-image\" alt=\"\" srcset=\"https:\/\/www.wurth.es\/blog\/wp-content\/uploads\/2025\/03\/14548373_PREVIEW-edited.jpg 534w, https:\/\/www.wurth.es\/blog\/wp-content\/uploads\/2025\/03\/14548373_PREVIEW-edited-300x300.jpg 300w, https:\/\/www.wurth.es\/blog\/wp-content\/uploads\/2025\/03\/14548373_PREVIEW-edited-150x150.jpg 150w\" sizes=\"(max-width: 534px) 100vw, 534px\" \/>        <\/a>\n    \n                              <\/div>\n              <div class=\"elespare-content-wrapper\">\n                                \n    <h4 class=\"elespare-post-title\">\n        <a href=\"https:\/\/www.wurth.es\/blog\/aspirador-limpia-tapicerias\/\"> <span>Gu\u00eda completa para usar un Aspirador Limpia Tapicer\u00edas<\/span><\/a>\n    <\/h4>\n          <div class=\"elespare-metadata\">\n                  <span class=\"post-author\">\n            <a href=\"https:\/\/www.wurth.es\/blog\/author\/adrian-minguez\/\">\n                              <i class=\"demo-icon elespare-icons-user-circle-regular\" aria-hidden=\"true\"><\/i>\n                            Adri\u00e1n M\u00edguez            <\/a>\n          <\/span>\n                          <span class=\"elespare-posts-full-post-author\">\n            <a href=\"https:\/\/www.wurth.es\/blog\/2025\/\">\n              <i class=\"demo-icon elespare-icons-clock-regular\" aria-hidden=\"true\"><\/i>\n              5 de marzo de 2025\n            <\/a>\n          <\/span>\n                      <\/div>\n\n              <\/div>\n            <\/div>\n                    <div class=\"elespare-posts-grid-post-items\">\n\n              <div class=\"elespare-img-wrapper\">\n                    <a href=\"https:\/\/www.wurth.es\/blog\/certificaciones-frio-lluvia-vestuario-laboral\/\">\n            <img loading=\"lazy\" decoding=\"async\" width=\"584\" height=\"393\" src=\"https:\/\/www.wurth.es\/blog\/wp-content\/uploads\/2025\/02\/image-18.png\" class=\"attachment-large size-large wp-post-image\" alt=\"\" srcset=\"https:\/\/www.wurth.es\/blog\/wp-content\/uploads\/2025\/02\/image-18.png 584w, https:\/\/www.wurth.es\/blog\/wp-content\/uploads\/2025\/02\/image-18-300x202.png 300w\" sizes=\"(max-width: 584px) 100vw, 584px\" \/>        <\/a>\n    \n                              <\/div>\n              <div class=\"elespare-content-wrapper\">\n                                \n    <h4 class=\"elespare-post-title\">\n        <a href=\"https:\/\/www.wurth.es\/blog\/certificaciones-frio-lluvia-vestuario-laboral\/\"> <span>Certificaciones de fr\u00edo y lluvia en vestuario laboral: tu cuerpo a buen resguardo<\/span><\/a>\n    <\/h4>\n          <div class=\"elespare-metadata\">\n                  <span class=\"post-author\">\n            <a href=\"https:\/\/www.wurth.es\/blog\/author\/adrian-minguez\/\">\n                              <i class=\"demo-icon elespare-icons-user-circle-regular\" aria-hidden=\"true\"><\/i>\n                            Adri\u00e1n M\u00edguez            <\/a>\n          <\/span>\n                          <span class=\"elespare-posts-full-post-author\">\n            <a href=\"https:\/\/www.wurth.es\/blog\/2025\/\">\n              <i class=\"demo-icon elespare-icons-clock-regular\" aria-hidden=\"true\"><\/i>\n              4 de marzo de 2025\n            <\/a>\n          <\/span>\n                      <\/div>\n\n              <\/div>\n            <\/div>\n                    <div class=\"elespare-posts-grid-post-items\">\n\n              <div class=\"elespare-img-wrapper\">\n                    <a href=\"https:\/\/www.wurth.es\/blog\/eliminadores-de-adhesivos\/\">\n            <img loading=\"lazy\" decoding=\"async\" width=\"640\" height=\"426\" src=\"https:\/\/www.wurth.es\/blog\/wp-content\/uploads\/2025\/02\/14326630.jpg\" class=\"attachment-large size-large wp-post-image\" alt=\"\" srcset=\"https:\/\/www.wurth.es\/blog\/wp-content\/uploads\/2025\/02\/14326630.jpg 800w, https:\/\/www.wurth.es\/blog\/wp-content\/uploads\/2025\/02\/14326630-300x200.jpg 300w, https:\/\/www.wurth.es\/blog\/wp-content\/uploads\/2025\/02\/14326630-768x512.jpg 768w\" sizes=\"(max-width: 640px) 100vw, 640px\" \/>        <\/a>\n    \n                              <\/div>\n              <div class=\"elespare-content-wrapper\">\n                                \n    <h4 class=\"elespare-post-title\">\n        <a href=\"https:\/\/www.wurth.es\/blog\/eliminadores-de-adhesivos\/\"> <span>Eliminadores de Adhesivos<\/span><\/a>\n    <\/h4>\n          <div class=\"elespare-metadata\">\n                  <span class=\"post-author\">\n            <a href=\"https:\/\/www.wurth.es\/blog\/author\/adrian-minguez\/\">\n                              <i class=\"demo-icon elespare-icons-user-circle-regular\" aria-hidden=\"true\"><\/i>\n                            Adri\u00e1n M\u00edguez            <\/a>\n          <\/span>\n                          <span class=\"elespare-posts-full-post-author\">\n            <a href=\"https:\/\/www.wurth.es\/blog\/2025\/\">\n              <i class=\"demo-icon elespare-icons-clock-regular\" aria-hidden=\"true\"><\/i>\n              14 de febrero de 2025\n            <\/a>\n          <\/span>\n                      <\/div>\n\n              <\/div>\n            <\/div>\n                    <div class=\"elespare-posts-grid-post-items\">\n\n              <div class=\"elespare-img-wrapper\">\n                    <a href=\"https:\/\/www.wurth.es\/blog\/disco-de-corte-de-diamante\/\">\n            <img loading=\"lazy\" decoding=\"async\" width=\"640\" height=\"427\" src=\"https:\/\/www.wurth.es\/blog\/wp-content\/uploads\/2024\/12\/41987624_PREVIEW.jpg\" class=\"attachment-large size-large wp-post-image\" alt=\"\" srcset=\"https:\/\/www.wurth.es\/blog\/wp-content\/uploads\/2024\/12\/41987624_PREVIEW.jpg 800w, https:\/\/www.wurth.es\/blog\/wp-content\/uploads\/2024\/12\/41987624_PREVIEW-300x200.jpg 300w, https:\/\/www.wurth.es\/blog\/wp-content\/uploads\/2024\/12\/41987624_PREVIEW-768x513.jpg 768w\" sizes=\"(max-width: 640px) 100vw, 640px\" \/>        <\/a>\n    \n                              <\/div>\n              <div class=\"elespare-content-wrapper\">\n                                \n    <h4 class=\"elespare-post-title\">\n        <a href=\"https:\/\/www.wurth.es\/blog\/disco-de-corte-de-diamante\/\"> <span>Gu\u00eda Completa para Elegir el Disco de Corte de Diamante Ideal<\/span><\/a>\n    <\/h4>\n          <div class=\"elespare-metadata\">\n                  <span class=\"post-author\">\n            <a href=\"https:\/\/www.wurth.es\/blog\/author\/adrian-minguez\/\">\n                              <i class=\"demo-icon elespare-icons-user-circle-regular\" aria-hidden=\"true\"><\/i>\n                            Adri\u00e1n M\u00edguez            <\/a>\n          <\/span>\n                          <span class=\"elespare-posts-full-post-author\">\n            <a href=\"https:\/\/www.wurth.es\/blog\/2025\/\">\n              <i class=\"demo-icon elespare-icons-clock-regular\" aria-hidden=\"true\"><\/i>\n              21 de enero de 2025\n            <\/a>\n          <\/span>\n                      <\/div>\n\n              <\/div>\n            <\/div>\n                    <div class=\"elespare-posts-grid-post-items\">\n\n              <div class=\"elespare-img-wrapper\">\n                    <a href=\"https:\/\/www.wurth.es\/blog\/desbastadora-de-hormigon\/\">\n            <img loading=\"lazy\" decoding=\"async\" width=\"640\" height=\"427\" src=\"https:\/\/www.wurth.es\/blog\/wp-content\/uploads\/2025\/01\/16214047_PREVIEW.jpg\" class=\"attachment-large size-large wp-post-image\" alt=\"\" srcset=\"https:\/\/www.wurth.es\/blog\/wp-content\/uploads\/2025\/01\/16214047_PREVIEW.jpg 800w, https:\/\/www.wurth.es\/blog\/wp-content\/uploads\/2025\/01\/16214047_PREVIEW-300x200.jpg 300w, https:\/\/www.wurth.es\/blog\/wp-content\/uploads\/2025\/01\/16214047_PREVIEW-768x513.jpg 768w\" sizes=\"(max-width: 640px) 100vw, 640px\" \/>        <\/a>\n    \n                              <\/div>\n              <div class=\"elespare-content-wrapper\">\n                                \n    <h4 class=\"elespare-post-title\">\n        <a href=\"https:\/\/www.wurth.es\/blog\/desbastadora-de-hormigon\/\"> <span>Desbastadoras de Hormig\u00f3n: Herramienta Clave para Superficies Profesionales<\/span><\/a>\n    <\/h4>\n          <div class=\"elespare-metadata\">\n                  <span class=\"post-author\">\n            <a href=\"https:\/\/www.wurth.es\/blog\/author\/adrian-minguez\/\">\n                              <i class=\"demo-icon elespare-icons-user-circle-regular\" aria-hidden=\"true\"><\/i>\n                            Adri\u00e1n M\u00edguez            <\/a>\n          <\/span>\n                          <span class=\"elespare-posts-full-post-author\">\n            <a href=\"https:\/\/www.wurth.es\/blog\/2025\/\">\n              <i class=\"demo-icon elespare-icons-clock-regular\" aria-hidden=\"true\"><\/i>\n              16 de enero de 2025\n            <\/a>\n          <\/span>\n                      <\/div>\n\n              <\/div>\n            <\/div>\n                    <div class=\"elespare-posts-grid-post-items\">\n\n              <div class=\"elespare-img-wrapper\">\n                    <a href=\"https:\/\/www.wurth.es\/blog\/tipos-guantes-de-uso-alimentario\/\">\n            <img loading=\"lazy\" decoding=\"async\" width=\"640\" height=\"783\" src=\"https:\/\/www.wurth.es\/blog\/wp-content\/uploads\/2025\/01\/639802746_PREVIEW.jpg\" class=\"attachment-large size-large wp-post-image\" alt=\"\" srcset=\"https:\/\/www.wurth.es\/blog\/wp-content\/uploads\/2025\/01\/639802746_PREVIEW.jpg 654w, https:\/\/www.wurth.es\/blog\/wp-content\/uploads\/2025\/01\/639802746_PREVIEW-245x300.jpg 245w\" sizes=\"(max-width: 640px) 100vw, 640px\" \/>        <\/a>\n    \n                              <\/div>\n              <div class=\"elespare-content-wrapper\">\n                                \n    <h4 class=\"elespare-post-title\">\n        <a href=\"https:\/\/www.wurth.es\/blog\/tipos-guantes-de-uso-alimentario\/\"> <span>Guantes para Uso Alimentario\u00a0<\/span><\/a>\n    <\/h4>\n          <div class=\"elespare-metadata\">\n                  <span class=\"post-author\">\n            <a href=\"https:\/\/www.wurth.es\/blog\/author\/adrian-minguez\/\">\n                              <i class=\"demo-icon elespare-icons-user-circle-regular\" aria-hidden=\"true\"><\/i>\n                            Adri\u00e1n M\u00edguez            <\/a>\n          <\/span>\n                          <span class=\"elespare-posts-full-post-author\">\n            <a href=\"https:\/\/www.wurth.es\/blog\/2025\/\">\n              <i class=\"demo-icon elespare-icons-clock-regular\" aria-hidden=\"true\"><\/i>\n              14 de enero de 2025\n            <\/a>\n          <\/span>\n                      <\/div>\n\n              <\/div>\n            <\/div>\n                    <div class=\"elespare-posts-grid-post-items\">\n\n              <div class=\"elespare-img-wrapper\">\n                    <a href=\"https:\/\/www.wurth.es\/blog\/enrollador-de-cable-heavy-duty\/\">\n            <img loading=\"lazy\" decoding=\"async\" width=\"640\" height=\"427\" src=\"https:\/\/www.wurth.es\/blog\/wp-content\/uploads\/2024\/12\/583201443_PREVIEW.jpg\" class=\"attachment-large size-large wp-post-image\" alt=\"\" srcset=\"https:\/\/www.wurth.es\/blog\/wp-content\/uploads\/2024\/12\/583201443_PREVIEW.jpg 800w, https:\/\/www.wurth.es\/blog\/wp-content\/uploads\/2024\/12\/583201443_PREVIEW-300x200.jpg 300w, https:\/\/www.wurth.es\/blog\/wp-content\/uploads\/2024\/12\/583201443_PREVIEW-768x513.jpg 768w\" sizes=\"(max-width: 640px) 100vw, 640px\" \/>        <\/a>\n    \n                              <\/div>\n              <div class=\"elespare-content-wrapper\">\n                                \n    <h4 class=\"elespare-post-title\">\n        <a href=\"https:\/\/www.wurth.es\/blog\/enrollador-de-cable-heavy-duty\/\"> <span>Descubre el Enrollador de Cable HEAVY DUTY<\/span><\/a>\n    <\/h4>\n          <div class=\"elespare-metadata\">\n                  <span class=\"post-author\">\n            <a href=\"https:\/\/www.wurth.es\/blog\/author\/adrian-minguez\/\">\n                              <i class=\"demo-icon elespare-icons-user-circle-regular\" aria-hidden=\"true\"><\/i>\n                            Adri\u00e1n M\u00edguez            <\/a>\n          <\/span>\n                          <span class=\"elespare-posts-full-post-author\">\n            <a href=\"https:\/\/www.wurth.es\/blog\/2025\/\">\n              <i class=\"demo-icon elespare-icons-clock-regular\" aria-hidden=\"true\"><\/i>\n              7 de enero de 2025\n            <\/a>\n          <\/span>\n                      <\/div>\n\n              <\/div>\n            <\/div>\n                    <div class=\"elespare-posts-grid-post-items\">\n\n              <div class=\"elespare-img-wrapper\">\n                    <a href=\"https:\/\/www.wurth.es\/blog\/tipos-de-alicates-y-sus-aplicaciones\/\">\n            <img loading=\"lazy\" decoding=\"async\" width=\"640\" height=\"427\" src=\"https:\/\/www.wurth.es\/blog\/wp-content\/uploads\/2024\/12\/632311406_PREVIEW-1.jpg\" class=\"attachment-large size-large wp-post-image\" alt=\"tipos de alicates\" srcset=\"https:\/\/www.wurth.es\/blog\/wp-content\/uploads\/2024\/12\/632311406_PREVIEW-1.jpg 800w, https:\/\/www.wurth.es\/blog\/wp-content\/uploads\/2024\/12\/632311406_PREVIEW-1-300x200.jpg 300w, https:\/\/www.wurth.es\/blog\/wp-content\/uploads\/2024\/12\/632311406_PREVIEW-1-768x513.jpg 768w\" sizes=\"(max-width: 640px) 100vw, 640px\" \/>        <\/a>\n    \n                              <\/div>\n              <div class=\"elespare-content-wrapper\">\n                                \n    <h4 class=\"elespare-post-title\">\n        <a href=\"https:\/\/www.wurth.es\/blog\/tipos-de-alicates-y-sus-aplicaciones\/\"> <span>Tipos de Alicates y sus aplicaciones<\/span><\/a>\n    <\/h4>\n          <div class=\"elespare-metadata\">\n                  <span class=\"post-author\">\n            <a href=\"https:\/\/www.wurth.es\/blog\/author\/adrian-minguez\/\">\n                              <i class=\"demo-icon elespare-icons-user-circle-regular\" aria-hidden=\"true\"><\/i>\n                            Adri\u00e1n M\u00edguez            <\/a>\n          <\/span>\n                          <span class=\"elespare-posts-full-post-author\">\n            <a href=\"https:\/\/www.wurth.es\/blog\/2024\/\">\n              <i class=\"demo-icon elespare-icons-clock-regular\" aria-hidden=\"true\"><\/i>\n              20 de diciembre de 2024\n            <\/a>\n          <\/span>\n                      <\/div>\n\n              <\/div>\n            <\/div>\n                    <div class=\"elespare-posts-grid-post-items\">\n\n              <div class=\"elespare-img-wrapper\">\n                    <a href=\"https:\/\/www.wurth.es\/blog\/guantes-resistentes-al-frio-la-mejor-opcion-para-trabajar-en-invierno\/\">\n            <img loading=\"lazy\" decoding=\"async\" width=\"640\" height=\"427\" src=\"https:\/\/www.wurth.es\/blog\/wp-content\/uploads\/2024\/12\/5359028_PREVIEW.jpg\" class=\"attachment-large size-large wp-post-image\" alt=\"\" srcset=\"https:\/\/www.wurth.es\/blog\/wp-content\/uploads\/2024\/12\/5359028_PREVIEW.jpg 800w, https:\/\/www.wurth.es\/blog\/wp-content\/uploads\/2024\/12\/5359028_PREVIEW-300x200.jpg 300w, https:\/\/www.wurth.es\/blog\/wp-content\/uploads\/2024\/12\/5359028_PREVIEW-768x513.jpg 768w\" sizes=\"(max-width: 640px) 100vw, 640px\" \/>        <\/a>\n    \n                              <\/div>\n              <div class=\"elespare-content-wrapper\">\n                                \n    <h4 class=\"elespare-post-title\">\n        <a href=\"https:\/\/www.wurth.es\/blog\/guantes-resistentes-al-frio-la-mejor-opcion-para-trabajar-en-invierno\/\"> <span>Guantes resistentes al Fr\u00edo: la mejor opci\u00f3n para Trabajar en Invierno<\/span><\/a>\n    <\/h4>\n          <div class=\"elespare-metadata\">\n                  <span class=\"post-author\">\n            <a href=\"https:\/\/www.wurth.es\/blog\/author\/adrian-minguez\/\">\n                              <i class=\"demo-icon elespare-icons-user-circle-regular\" aria-hidden=\"true\"><\/i>\n                            Adri\u00e1n M\u00edguez            <\/a>\n          <\/span>\n                          <span class=\"elespare-posts-full-post-author\">\n            <a href=\"https:\/\/www.wurth.es\/blog\/2024\/\">\n              <i class=\"demo-icon elespare-icons-clock-regular\" aria-hidden=\"true\"><\/i>\n              16 de diciembre de 2024\n            <\/a>\n          <\/span>\n                      <\/div>\n\n              <\/div>\n            <\/div>\n                    <div class=\"elespare-posts-grid-post-items\">\n\n              <div class=\"elespare-img-wrapper\">\n                    <a href=\"https:\/\/www.wurth.es\/blog\/cinta-de-juntas-la-solucion-ideal-para-aislar-ventanas-y-puertas\/\">\n            <img loading=\"lazy\" decoding=\"async\" width=\"640\" height=\"427\" src=\"https:\/\/www.wurth.es\/blog\/wp-content\/uploads\/2024\/12\/37567731_PREVIEW.jpg\" class=\"attachment-large size-large wp-post-image\" alt=\"\" srcset=\"https:\/\/www.wurth.es\/blog\/wp-content\/uploads\/2024\/12\/37567731_PREVIEW.jpg 800w, https:\/\/www.wurth.es\/blog\/wp-content\/uploads\/2024\/12\/37567731_PREVIEW-300x200.jpg 300w, https:\/\/www.wurth.es\/blog\/wp-content\/uploads\/2024\/12\/37567731_PREVIEW-768x513.jpg 768w\" sizes=\"(max-width: 640px) 100vw, 640px\" \/>        <\/a>\n    \n                              <\/div>\n              <div class=\"elespare-content-wrapper\">\n                                \n    <h4 class=\"elespare-post-title\">\n        <a href=\"https:\/\/www.wurth.es\/blog\/cinta-de-juntas-la-solucion-ideal-para-aislar-ventanas-y-puertas\/\"> <span>Cinta de Juntas: La Soluci\u00f3n Ideal para aislar Ventanas y Puertas<\/span><\/a>\n    <\/h4>\n          <div class=\"elespare-metadata\">\n                  <span class=\"post-author\">\n            <a href=\"https:\/\/www.wurth.es\/blog\/author\/adrian-minguez\/\">\n                              <i class=\"demo-icon elespare-icons-user-circle-regular\" aria-hidden=\"true\"><\/i>\n                            Adri\u00e1n M\u00edguez            <\/a>\n          <\/span>\n                          <span class=\"elespare-posts-full-post-author\">\n            <a href=\"https:\/\/www.wurth.es\/blog\/2024\/\">\n              <i class=\"demo-icon elespare-icons-clock-regular\" aria-hidden=\"true\"><\/i>\n              11 de diciembre de 2024\n            <\/a>\n          <\/span>\n                      <\/div>\n\n              <\/div>\n            <\/div>\n                    <div class=\"elespare-posts-grid-post-items\">\n\n              <div class=\"elespare-img-wrapper\">\n                    <a href=\"https:\/\/www.wurth.es\/blog\/tipos-destornilladores\/\">\n            <img loading=\"lazy\" decoding=\"async\" width=\"640\" height=\"427\" src=\"https:\/\/www.wurth.es\/blog\/wp-content\/uploads\/2024\/11\/562755813_PREVIEW-1.jpg\" class=\"attachment-large size-large wp-post-image\" alt=\"\" srcset=\"https:\/\/www.wurth.es\/blog\/wp-content\/uploads\/2024\/11\/562755813_PREVIEW-1.jpg 800w, https:\/\/www.wurth.es\/blog\/wp-content\/uploads\/2024\/11\/562755813_PREVIEW-1-300x200.jpg 300w, https:\/\/www.wurth.es\/blog\/wp-content\/uploads\/2024\/11\/562755813_PREVIEW-1-768x513.jpg 768w\" sizes=\"(max-width: 640px) 100vw, 640px\" \/>        <\/a>\n    \n                              <\/div>\n              <div class=\"elespare-content-wrapper\">\n                                \n    <h4 class=\"elespare-post-title\">\n        <a href=\"https:\/\/www.wurth.es\/blog\/tipos-destornilladores\/\"> <span>Diferentes Tipos de Destornilladores<\/span><\/a>\n    <\/h4>\n          <div class=\"elespare-metadata\">\n                  <span class=\"post-author\">\n            <a href=\"https:\/\/www.wurth.es\/blog\/author\/adrian-minguez\/\">\n                              <i class=\"demo-icon elespare-icons-user-circle-regular\" aria-hidden=\"true\"><\/i>\n                            Adri\u00e1n M\u00edguez            <\/a>\n          <\/span>\n                          <span class=\"elespare-posts-full-post-author\">\n            <a href=\"https:\/\/www.wurth.es\/blog\/2024\/\">\n              <i class=\"demo-icon elespare-icons-clock-regular\" aria-hidden=\"true\"><\/i>\n              29 de noviembre de 2024\n            <\/a>\n          <\/span>\n                      <\/div>\n\n              <\/div>\n            <\/div>\n                    <div class=\"elespare-posts-grid-post-items\">\n\n              <div class=\"elespare-img-wrapper\">\n                    <a href=\"https:\/\/www.wurth.es\/blog\/lavaojos-emergencia\/\">\n            <img loading=\"lazy\" decoding=\"async\" width=\"640\" height=\"426\" src=\"https:\/\/www.wurth.es\/blog\/wp-content\/uploads\/2024\/10\/27925237_PREVIEW.jpg\" class=\"attachment-large size-large wp-post-image\" alt=\"\" srcset=\"https:\/\/www.wurth.es\/blog\/wp-content\/uploads\/2024\/10\/27925237_PREVIEW.jpg 800w, https:\/\/www.wurth.es\/blog\/wp-content\/uploads\/2024\/10\/27925237_PREVIEW-300x200.jpg 300w, https:\/\/www.wurth.es\/blog\/wp-content\/uploads\/2024\/10\/27925237_PREVIEW-768x511.jpg 768w\" sizes=\"(max-width: 640px) 100vw, 640px\" \/>        <\/a>\n    \n                              <\/div>\n              <div class=\"elespare-content-wrapper\">\n                                \n    <h4 class=\"elespare-post-title\">\n        <a href=\"https:\/\/www.wurth.es\/blog\/lavaojos-emergencia\/\"> <span>Lavaojos de Emergencia: Protecci\u00f3n Ocular al Rescate<\/span><\/a>\n    <\/h4>\n          <div class=\"elespare-metadata\">\n                  <span class=\"post-author\">\n            <a href=\"https:\/\/www.wurth.es\/blog\/author\/adrian-minguez\/\">\n                              <i class=\"demo-icon elespare-icons-user-circle-regular\" aria-hidden=\"true\"><\/i>\n                            Adri\u00e1n M\u00edguez            <\/a>\n          <\/span>\n                          <span class=\"elespare-posts-full-post-author\">\n            <a href=\"https:\/\/www.wurth.es\/blog\/2024\/\">\n              <i class=\"demo-icon elespare-icons-clock-regular\" aria-hidden=\"true\"><\/i>\n              31 de octubre de 2024\n            <\/a>\n          <\/span>\n                      <\/div>\n\n              <\/div>\n            <\/div>\n                    <div class=\"elespare-posts-grid-post-items\">\n\n              <div class=\"elespare-img-wrapper\">\n                    <a href=\"https:\/\/www.wurth.es\/blog\/pintura-polivalente-proteccion-suelos\/\">\n            <img loading=\"lazy\" decoding=\"async\" width=\"640\" height=\"251\" src=\"https:\/\/www.wurth.es\/blog\/wp-content\/uploads\/2024\/10\/Grey_Pavilack.jpg\" class=\"attachment-large size-large wp-post-image\" alt=\"\" srcset=\"https:\/\/www.wurth.es\/blog\/wp-content\/uploads\/2024\/10\/Grey_Pavilack.jpg 800w, https:\/\/www.wurth.es\/blog\/wp-content\/uploads\/2024\/10\/Grey_Pavilack-300x118.jpg 300w, https:\/\/www.wurth.es\/blog\/wp-content\/uploads\/2024\/10\/Grey_Pavilack-768x301.jpg 768w\" sizes=\"(max-width: 640px) 100vw, 640px\" \/>        <\/a>\n    \n                              <\/div>\n              <div class=\"elespare-content-wrapper\">\n                                \n    <h4 class=\"elespare-post-title\">\n        <a href=\"https:\/\/www.wurth.es\/blog\/pintura-polivalente-proteccion-suelos\/\"> <span>PAVILACK: Pintura polivalente para Protecci\u00f3n de Suelos<\/span><\/a>\n    <\/h4>\n          <div class=\"elespare-metadata\">\n                  <span class=\"post-author\">\n            <a href=\"https:\/\/www.wurth.es\/blog\/author\/adrian-minguez\/\">\n                              <i class=\"demo-icon elespare-icons-user-circle-regular\" aria-hidden=\"true\"><\/i>\n                            Adri\u00e1n M\u00edguez            <\/a>\n          <\/span>\n                          <span class=\"elespare-posts-full-post-author\">\n            <a href=\"https:\/\/www.wurth.es\/blog\/2024\/\">\n              <i class=\"demo-icon elespare-icons-clock-regular\" aria-hidden=\"true\"><\/i>\n              14 de octubre de 2024\n            <\/a>\n          <\/span>\n                      <\/div>\n\n              <\/div>\n            <\/div>\n                    <div class=\"elespare-posts-grid-post-items\">\n\n              <div class=\"elespare-img-wrapper\">\n                    <a href=\"https:\/\/www.wurth.es\/blog\/nueva-normativa-calzado-de-seguridad\/\">\n            <img loading=\"lazy\" decoding=\"async\" width=\"640\" height=\"239\" src=\"https:\/\/www.wurth.es\/blog\/wp-content\/uploads\/2024\/09\/Nueva-normativa-calzado-seguridad.jpg\" class=\"attachment-large size-large wp-post-image\" alt=\"\" srcset=\"https:\/\/www.wurth.es\/blog\/wp-content\/uploads\/2024\/09\/Nueva-normativa-calzado-seguridad.jpg 800w, https:\/\/www.wurth.es\/blog\/wp-content\/uploads\/2024\/09\/Nueva-normativa-calzado-seguridad-300x112.jpg 300w, https:\/\/www.wurth.es\/blog\/wp-content\/uploads\/2024\/09\/Nueva-normativa-calzado-seguridad-768x287.jpg 768w\" sizes=\"(max-width: 640px) 100vw, 640px\" \/>        <\/a>\n    \n                              <\/div>\n              <div class=\"elespare-content-wrapper\">\n                                \n    <h4 class=\"elespare-post-title\">\n        <a href=\"https:\/\/www.wurth.es\/blog\/nueva-normativa-calzado-de-seguridad\/\"> <span>Nueva normativa para el Calzado de Seguridad<\/span><\/a>\n    <\/h4>\n          <div class=\"elespare-metadata\">\n                  <span class=\"post-author\">\n            <a href=\"https:\/\/www.wurth.es\/blog\/author\/adrian-minguez\/\">\n                              <i class=\"demo-icon elespare-icons-user-circle-regular\" aria-hidden=\"true\"><\/i>\n                            Adri\u00e1n M\u00edguez            <\/a>\n          <\/span>\n                          <span class=\"elespare-posts-full-post-author\">\n            <a href=\"https:\/\/www.wurth.es\/blog\/2024\/\">\n              <i class=\"demo-icon elespare-icons-clock-regular\" aria-hidden=\"true\"><\/i>\n              23 de septiembre de 2024\n            <\/a>\n          <\/span>\n                      <\/div>\n\n              <\/div>\n            <\/div>\n                    <div class=\"elespare-posts-grid-post-items\">\n\n              <div class=\"elespare-img-wrapper\">\n                    <a href=\"https:\/\/www.wurth.es\/blog\/proteccion-respiratoria-trabajo\/\">\n            <img loading=\"lazy\" decoding=\"async\" width=\"600\" height=\"600\" src=\"https:\/\/www.wurth.es\/blog\/wp-content\/uploads\/2024\/09\/81428883_PREVIEW-e1726466933121.jpg\" class=\"attachment-large size-large wp-post-image\" alt=\"\" srcset=\"https:\/\/www.wurth.es\/blog\/wp-content\/uploads\/2024\/09\/81428883_PREVIEW-e1726466933121.jpg 600w, https:\/\/www.wurth.es\/blog\/wp-content\/uploads\/2024\/09\/81428883_PREVIEW-e1726466933121-300x300.jpg 300w, https:\/\/www.wurth.es\/blog\/wp-content\/uploads\/2024\/09\/81428883_PREVIEW-e1726466933121-150x150.jpg 150w\" sizes=\"(max-width: 600px) 100vw, 600px\" \/>        <\/a>\n    \n                              <\/div>\n              <div class=\"elespare-content-wrapper\">\n                                \n    <h4 class=\"elespare-post-title\">\n        <a href=\"https:\/\/www.wurth.es\/blog\/proteccion-respiratoria-trabajo\/\"> <span>Lo que debes saber sobre la Protecci\u00f3n Respiratoria en el Trabajo<\/span><\/a>\n    <\/h4>\n          <div class=\"elespare-metadata\">\n                  <span class=\"post-author\">\n            <a href=\"https:\/\/www.wurth.es\/blog\/author\/adrian-minguez\/\">\n                              <i class=\"demo-icon elespare-icons-user-circle-regular\" aria-hidden=\"true\"><\/i>\n                            Adri\u00e1n M\u00edguez            <\/a>\n          <\/span>\n                          <span class=\"elespare-posts-full-post-author\">\n            <a href=\"https:\/\/www.wurth.es\/blog\/2024\/\">\n              <i class=\"demo-icon elespare-icons-clock-regular\" aria-hidden=\"true\"><\/i>\n              16 de septiembre de 2024\n            <\/a>\n          <\/span>\n                      <\/div>\n\n              <\/div>\n            <\/div>\n                    <div class=\"elespare-posts-grid-post-items\">\n\n              <div class=\"elespare-img-wrapper\">\n                    <a href=\"https:\/\/www.wurth.es\/blog\/guantes-proteccion-corte\/\">\n            <img loading=\"lazy\" decoding=\"async\" width=\"640\" height=\"427\" src=\"https:\/\/www.wurth.es\/blog\/wp-content\/uploads\/2024\/08\/Guantes-de-proteccion-contra-el-corte-1.jpg\" class=\"attachment-large size-large wp-post-image\" alt=\"\" srcset=\"https:\/\/www.wurth.es\/blog\/wp-content\/uploads\/2024\/08\/Guantes-de-proteccion-contra-el-corte-1.jpg 800w, https:\/\/www.wurth.es\/blog\/wp-content\/uploads\/2024\/08\/Guantes-de-proteccion-contra-el-corte-1-300x200.jpg 300w, https:\/\/www.wurth.es\/blog\/wp-content\/uploads\/2024\/08\/Guantes-de-proteccion-contra-el-corte-1-768x513.jpg 768w\" sizes=\"(max-width: 640px) 100vw, 640px\" \/>        <\/a>\n    \n                              <\/div>\n              <div class=\"elespare-content-wrapper\">\n                                \n    <h4 class=\"elespare-post-title\">\n        <a href=\"https:\/\/www.wurth.es\/blog\/guantes-proteccion-corte\/\"> <span>Guantes de Protecci\u00f3n contra el Corte, el EPI imprescindible<\/span><\/a>\n    <\/h4>\n          <div class=\"elespare-metadata\">\n                  <span class=\"post-author\">\n            <a href=\"https:\/\/www.wurth.es\/blog\/author\/adrian-minguez\/\">\n                              <i class=\"demo-icon elespare-icons-user-circle-regular\" aria-hidden=\"true\"><\/i>\n                            Adri\u00e1n M\u00edguez            <\/a>\n          <\/span>\n                          <span class=\"elespare-posts-full-post-author\">\n            <a href=\"https:\/\/www.wurth.es\/blog\/2024\/\">\n              <i class=\"demo-icon elespare-icons-clock-regular\" aria-hidden=\"true\"><\/i>\n              9 de septiembre de 2024\n            <\/a>\n          <\/span>\n                      <\/div>\n\n              <\/div>\n            <\/div>\n                    <div class=\"elespare-posts-grid-post-items\">\n\n              <div class=\"elespare-img-wrapper\">\n                    <a href=\"https:\/\/www.wurth.es\/blog\/gafas-proteccion-laboral\/\">\n            <img loading=\"lazy\" decoding=\"async\" width=\"640\" height=\"480\" src=\"https:\/\/www.wurth.es\/blog\/wp-content\/uploads\/2024\/08\/Gafas-de-proteccion-ocular-Wurth.jpg\" class=\"attachment-large size-large wp-post-image\" alt=\"Gafas de protecci\u00f3n ocular W\u00fcrth\" srcset=\"https:\/\/www.wurth.es\/blog\/wp-content\/uploads\/2024\/08\/Gafas-de-proteccion-ocular-Wurth.jpg 800w, https:\/\/www.wurth.es\/blog\/wp-content\/uploads\/2024\/08\/Gafas-de-proteccion-ocular-Wurth-300x225.jpg 300w, https:\/\/www.wurth.es\/blog\/wp-content\/uploads\/2024\/08\/Gafas-de-proteccion-ocular-Wurth-768x576.jpg 768w\" sizes=\"(max-width: 640px) 100vw, 640px\" \/>        <\/a>\n    \n                              <\/div>\n              <div class=\"elespare-content-wrapper\">\n                                \n    <h4 class=\"elespare-post-title\">\n        <a href=\"https:\/\/www.wurth.es\/blog\/gafas-proteccion-laboral\/\"> <span>Gafas de protecci\u00f3n ocular: Vista clara, trabajo seguro<\/span><\/a>\n    <\/h4>\n          <div class=\"elespare-metadata\">\n                  <span class=\"post-author\">\n            <a href=\"https:\/\/www.wurth.es\/blog\/author\/adrian-minguez\/\">\n                              <i class=\"demo-icon elespare-icons-user-circle-regular\" aria-hidden=\"true\"><\/i>\n                            Adri\u00e1n M\u00edguez            <\/a>\n          <\/span>\n                          <span class=\"elespare-posts-full-post-author\">\n            <a href=\"https:\/\/www.wurth.es\/blog\/2024\/\">\n              <i class=\"demo-icon elespare-icons-clock-regular\" aria-hidden=\"true\"><\/i>\n              2 de septiembre de 2024\n            <\/a>\n          <\/span>\n                      <\/div>\n\n              <\/div>\n            <\/div>\n                    <div class=\"elespare-posts-grid-post-items\">\n\n              <div class=\"elespare-img-wrapper\">\n                    <a href=\"https:\/\/www.wurth.es\/blog\/seguridad-en-tus-proyectos\/\">\n            <img loading=\"lazy\" decoding=\"async\" width=\"640\" height=\"428\" src=\"https:\/\/www.wurth.es\/blog\/wp-content\/uploads\/2024\/07\/codigo-tecnico-de-edificacion-1.0-1024x684.jpg\" class=\"attachment-large size-large wp-post-image\" alt=\"Seguridad en tus proyectos\" srcset=\"https:\/\/www.wurth.es\/blog\/wp-content\/uploads\/2024\/07\/codigo-tecnico-de-edificacion-1.0-1024x684.jpg 1024w, https:\/\/www.wurth.es\/blog\/wp-content\/uploads\/2024\/07\/codigo-tecnico-de-edificacion-1.0-300x200.jpg 300w, https:\/\/www.wurth.es\/blog\/wp-content\/uploads\/2024\/07\/codigo-tecnico-de-edificacion-1.0-768x513.jpg 768w, https:\/\/www.wurth.es\/blog\/wp-content\/uploads\/2024\/07\/codigo-tecnico-de-edificacion-1.0-1536x1025.jpg 1536w, https:\/\/www.wurth.es\/blog\/wp-content\/uploads\/2024\/07\/codigo-tecnico-de-edificacion-1.0-2048x1367.jpg 2048w\" sizes=\"(max-width: 640px) 100vw, 640px\" \/>        <\/a>\n    \n                              <\/div>\n              <div class=\"elespare-content-wrapper\">\n                                \n    <h4 class=\"elespare-post-title\">\n        <a href=\"https:\/\/www.wurth.es\/blog\/seguridad-en-tus-proyectos\/\"> <span>\u00bfQu\u00e9 papel juega la Seguridad en tus proyectos?<\/span><\/a>\n    <\/h4>\n          <div class=\"elespare-metadata\">\n                  <span class=\"post-author\">\n            <a href=\"https:\/\/www.wurth.es\/blog\/author\/adrian-minguez\/\">\n                              <i class=\"demo-icon elespare-icons-user-circle-regular\" aria-hidden=\"true\"><\/i>\n                            Adri\u00e1n M\u00edguez            <\/a>\n          <\/span>\n                          <span class=\"elespare-posts-full-post-author\">\n            <a href=\"https:\/\/www.wurth.es\/blog\/2024\/\">\n              <i class=\"demo-icon elespare-icons-clock-regular\" aria-hidden=\"true\"><\/i>\n              11 de julio de 2024\n            <\/a>\n          <\/span>\n                      <\/div>\n\n              <\/div>\n            <\/div>\n                    <div class=\"elespare-posts-grid-post-items\">\n\n              <div class=\"elespare-img-wrapper\">\n                    <a href=\"https:\/\/www.wurth.es\/blog\/protectores-solares-trabajo-epi\/\">\n            <img loading=\"lazy\" decoding=\"async\" width=\"640\" height=\"359\" src=\"https:\/\/www.wurth.es\/blog\/wp-content\/uploads\/2024\/06\/580167324-1-1-1024x574.jpg\" class=\"attachment-large size-large wp-post-image\" alt=\"Protectores solares en el trabajo son epi\" srcset=\"https:\/\/www.wurth.es\/blog\/wp-content\/uploads\/2024\/06\/580167324-1-1-1024x574.jpg 1024w, https:\/\/www.wurth.es\/blog\/wp-content\/uploads\/2024\/06\/580167324-1-1-300x168.jpg 300w, https:\/\/www.wurth.es\/blog\/wp-content\/uploads\/2024\/06\/580167324-1-1-768x430.jpg 768w, https:\/\/www.wurth.es\/blog\/wp-content\/uploads\/2024\/06\/580167324-1-1-1536x861.jpg 1536w, https:\/\/www.wurth.es\/blog\/wp-content\/uploads\/2024\/06\/580167324-1-1-2048x1148.jpg 2048w\" sizes=\"(max-width: 640px) 100vw, 640px\" \/>        <\/a>\n    \n                              <\/div>\n              <div class=\"elespare-content-wrapper\">\n                                \n    <h4 class=\"elespare-post-title\">\n        <a href=\"https:\/\/www.wurth.es\/blog\/protectores-solares-trabajo-epi\/\"> <span>En el trabajo, los protectores solares tambi\u00e9n son un EPI<\/span><\/a>\n    <\/h4>\n          <div class=\"elespare-metadata\">\n                  <span class=\"post-author\">\n            <a href=\"https:\/\/www.wurth.es\/blog\/author\/adrian-minguez\/\">\n                              <i class=\"demo-icon elespare-icons-user-circle-regular\" aria-hidden=\"true\"><\/i>\n                            Adri\u00e1n M\u00edguez            <\/a>\n          <\/span>\n                          <span class=\"elespare-posts-full-post-author\">\n            <a href=\"https:\/\/www.wurth.es\/blog\/2024\/\">\n              <i class=\"demo-icon elespare-icons-clock-regular\" aria-hidden=\"true\"><\/i>\n              27 de junio de 2024\n            <\/a>\n          <\/span>\n                      <\/div>\n\n              <\/div>\n            <\/div>\n                    <div class=\"elespare-posts-grid-post-items\">\n\n              <div class=\"elespare-img-wrapper\">\n                    <a href=\"https:\/\/www.wurth.es\/blog\/mejorar-adhesion-superficie\/\">\n            <img loading=\"lazy\" decoding=\"async\" width=\"640\" height=\"427\" src=\"https:\/\/www.wurth.es\/blog\/wp-content\/uploads\/2024\/06\/32092478-2-1024x683.jpg\" class=\"attachment-large size-large wp-post-image\" alt=\"c\u00f3mo podemos mejorar una adhesi\u00f3n en una superficie\" srcset=\"https:\/\/www.wurth.es\/blog\/wp-content\/uploads\/2024\/06\/32092478-2-1024x683.jpg 1024w, https:\/\/www.wurth.es\/blog\/wp-content\/uploads\/2024\/06\/32092478-2-300x200.jpg 300w, https:\/\/www.wurth.es\/blog\/wp-content\/uploads\/2024\/06\/32092478-2-768x512.jpg 768w, https:\/\/www.wurth.es\/blog\/wp-content\/uploads\/2024\/06\/32092478-2-1536x1024.jpg 1536w, https:\/\/www.wurth.es\/blog\/wp-content\/uploads\/2024\/06\/32092478-2-2048x1365.jpg 2048w\" sizes=\"(max-width: 640px) 100vw, 640px\" \/>        <\/a>\n    \n                              <\/div>\n              <div class=\"elespare-content-wrapper\">\n                                \n    <h4 class=\"elespare-post-title\">\n        <a href=\"https:\/\/www.wurth.es\/blog\/mejorar-adhesion-superficie\/\"> <span>\u00bfC\u00f3mo podemos mejorar la adhesi\u00f3n en una superficie?<\/span><\/a>\n    <\/h4>\n          <div class=\"elespare-metadata\">\n                  <span class=\"post-author\">\n            <a href=\"https:\/\/www.wurth.es\/blog\/author\/adrian-minguez\/\">\n                              <i class=\"demo-icon elespare-icons-user-circle-regular\" aria-hidden=\"true\"><\/i>\n                            Adri\u00e1n M\u00edguez            <\/a>\n          <\/span>\n                          <span class=\"elespare-posts-full-post-author\">\n            <a href=\"https:\/\/www.wurth.es\/blog\/2024\/\">\n              <i class=\"demo-icon elespare-icons-clock-regular\" aria-hidden=\"true\"><\/i>\n              25 de junio de 2024\n            <\/a>\n          <\/span>\n                      <\/div>\n\n              <\/div>\n            <\/div>\n                    <div class=\"elespare-posts-grid-post-items\">\n\n              <div class=\"elespare-img-wrapper\">\n                    <a href=\"https:\/\/www.wurth.es\/blog\/ropa-alta-visibilidad\/\">\n            <img loading=\"lazy\" decoding=\"async\" width=\"640\" height=\"426\" src=\"https:\/\/www.wurth.es\/blog\/wp-content\/uploads\/2023\/11\/Ropa-de-alta-visibilidad.jpg\" class=\"attachment-large size-large wp-post-image\" alt=\"Ropa de alta visibilidad\" srcset=\"https:\/\/www.wurth.es\/blog\/wp-content\/uploads\/2023\/11\/Ropa-de-alta-visibilidad.jpg 800w, https:\/\/www.wurth.es\/blog\/wp-content\/uploads\/2023\/11\/Ropa-de-alta-visibilidad-300x200.jpg 300w, https:\/\/www.wurth.es\/blog\/wp-content\/uploads\/2023\/11\/Ropa-de-alta-visibilidad-768x512.jpg 768w\" sizes=\"(max-width: 640px) 100vw, 640px\" \/>        <\/a>\n    \n                              <\/div>\n              <div class=\"elespare-content-wrapper\">\n                                \n    <h4 class=\"elespare-post-title\">\n        <a href=\"https:\/\/www.wurth.es\/blog\/ropa-alta-visibilidad\/\"> <span>Ropa de alta visibilidad: tu mejor aliado para la seguridad laboral<\/span><\/a>\n    <\/h4>\n          <div class=\"elespare-metadata\">\n                  <span class=\"post-author\">\n            <a href=\"https:\/\/www.wurth.es\/blog\/author\/adrian-minguez\/\">\n                              <i class=\"demo-icon elespare-icons-user-circle-regular\" aria-hidden=\"true\"><\/i>\n                            Adri\u00e1n M\u00edguez            <\/a>\n          <\/span>\n                          <span class=\"elespare-posts-full-post-author\">\n            <a href=\"https:\/\/www.wurth.es\/blog\/2023\/\">\n              <i class=\"demo-icon elespare-icons-clock-regular\" aria-hidden=\"true\"><\/i>\n              10 de noviembre de 2023\n            <\/a>\n          <\/span>\n                      <\/div>\n\n              <\/div>\n            <\/div>\n                    <div class=\"elespare-posts-grid-post-items\">\n\n              <div class=\"elespare-img-wrapper\">\n                    <a href=\"https:\/\/www.wurth.es\/blog\/senalizacion-luminiscente\/\">\n            <img loading=\"lazy\" decoding=\"async\" width=\"640\" height=\"360\" src=\"https:\/\/www.wurth.es\/blog\/wp-content\/uploads\/2023\/10\/Senalizacion-luminiscente-1024x576.webp\" class=\"attachment-large size-large wp-post-image\" alt=\"Se\u00f1alizaci\u00f3n luminiscente\" srcset=\"https:\/\/www.wurth.es\/blog\/wp-content\/uploads\/2023\/10\/Senalizacion-luminiscente-1024x576.webp 1024w, https:\/\/www.wurth.es\/blog\/wp-content\/uploads\/2023\/10\/Senalizacion-luminiscente-300x169.webp 300w, https:\/\/www.wurth.es\/blog\/wp-content\/uploads\/2023\/10\/Senalizacion-luminiscente-768x432.webp 768w, https:\/\/www.wurth.es\/blog\/wp-content\/uploads\/2023\/10\/Senalizacion-luminiscente-1536x864.webp 1536w, https:\/\/www.wurth.es\/blog\/wp-content\/uploads\/2023\/10\/Senalizacion-luminiscente.webp 2048w\" sizes=\"(max-width: 640px) 100vw, 640px\" \/>        <\/a>\n    \n                              <\/div>\n              <div class=\"elespare-content-wrapper\">\n                                \n    <h4 class=\"elespare-post-title\">\n        <a href=\"https:\/\/www.wurth.es\/blog\/senalizacion-luminiscente\/\"> <span>Se\u00f1alizaci\u00f3n luminiscente: Qu\u00e9 es, tipos y regulaci\u00f3n<\/span><\/a>\n    <\/h4>\n          <div class=\"elespare-metadata\">\n                  <span class=\"post-author\">\n            <a href=\"https:\/\/www.wurth.es\/blog\/author\/adrian-minguez\/\">\n                              <i class=\"demo-icon elespare-icons-user-circle-regular\" aria-hidden=\"true\"><\/i>\n                            Adri\u00e1n M\u00edguez            <\/a>\n          <\/span>\n                          <span class=\"elespare-posts-full-post-author\">\n            <a href=\"https:\/\/www.wurth.es\/blog\/2023\/\">\n              <i class=\"demo-icon elespare-icons-clock-regular\" aria-hidden=\"true\"><\/i>\n              9 de octubre de 2023\n            <\/a>\n          <\/span>\n                      <\/div>\n\n              <\/div>\n            <\/div>\n                    <div class=\"elespare-posts-grid-post-items\">\n\n              <div class=\"elespare-img-wrapper\">\n                    <a href=\"https:\/\/www.wurth.es\/blog\/tipos-escaleras-normativa-como-elegirlas\/\">\n            <img loading=\"lazy\" decoding=\"async\" width=\"640\" height=\"426\" src=\"https:\/\/www.wurth.es\/blog\/wp-content\/uploads\/2023\/09\/Escaleras-de-Trabajo-Wurth.jpg\" class=\"attachment-large size-large wp-post-image\" alt=\"Tipos de escaleras de trabajo\" srcset=\"https:\/\/www.wurth.es\/blog\/wp-content\/uploads\/2023\/09\/Escaleras-de-Trabajo-Wurth.jpg 800w, https:\/\/www.wurth.es\/blog\/wp-content\/uploads\/2023\/09\/Escaleras-de-Trabajo-Wurth-300x200.jpg 300w, https:\/\/www.wurth.es\/blog\/wp-content\/uploads\/2023\/09\/Escaleras-de-Trabajo-Wurth-768x512.jpg 768w\" sizes=\"(max-width: 640px) 100vw, 640px\" \/>        <\/a>\n    \n                              <\/div>\n              <div class=\"elespare-content-wrapper\">\n                                \n    <h4 class=\"elespare-post-title\">\n        <a href=\"https:\/\/www.wurth.es\/blog\/tipos-escaleras-normativa-como-elegirlas\/\"> <span>Tipos de escaleras de trabajo: normativa y c\u00f3mo elegirlas<\/span><\/a>\n    <\/h4>\n          <div class=\"elespare-metadata\">\n                  <span class=\"post-author\">\n            <a href=\"https:\/\/www.wurth.es\/blog\/author\/adrian-minguez\/\">\n                              <i class=\"demo-icon elespare-icons-user-circle-regular\" aria-hidden=\"true\"><\/i>\n                            Adri\u00e1n M\u00edguez            <\/a>\n          <\/span>\n                          <span class=\"elespare-posts-full-post-author\">\n            <a href=\"https:\/\/www.wurth.es\/blog\/2023\/\">\n              <i class=\"demo-icon elespare-icons-clock-regular\" aria-hidden=\"true\"><\/i>\n              28 de septiembre de 2023\n            <\/a>\n          <\/span>\n                      <\/div>\n\n              <\/div>\n            <\/div>\n                    <div class=\"elespare-posts-grid-post-items\">\n\n              <div class=\"elespare-img-wrapper\">\n                    <a href=\"https:\/\/www.wurth.es\/blog\/seguridad-soldadura\/\">\n            <img loading=\"lazy\" decoding=\"async\" width=\"640\" height=\"426\" src=\"https:\/\/www.wurth.es\/blog\/wp-content\/uploads\/2023\/09\/Seguridad-en-trabajos-de-soldadura-y-corte-con-aporte-de-calor.jpg\" class=\"attachment-large size-large wp-post-image\" alt=\"\" srcset=\"https:\/\/www.wurth.es\/blog\/wp-content\/uploads\/2023\/09\/Seguridad-en-trabajos-de-soldadura-y-corte-con-aporte-de-calor.jpg 800w, https:\/\/www.wurth.es\/blog\/wp-content\/uploads\/2023\/09\/Seguridad-en-trabajos-de-soldadura-y-corte-con-aporte-de-calor-300x200.jpg 300w, https:\/\/www.wurth.es\/blog\/wp-content\/uploads\/2023\/09\/Seguridad-en-trabajos-de-soldadura-y-corte-con-aporte-de-calor-768x512.jpg 768w\" sizes=\"(max-width: 640px) 100vw, 640px\" \/>        <\/a>\n    \n                              <\/div>\n              <div class=\"elespare-content-wrapper\">\n                                \n    <h4 class=\"elespare-post-title\">\n        <a href=\"https:\/\/www.wurth.es\/blog\/seguridad-soldadura\/\"> <span>Seguridad en trabajos de soldadura y corte con aporte de calor<\/span><\/a>\n    <\/h4>\n          <div class=\"elespare-metadata\">\n                  <span class=\"post-author\">\n            <a href=\"https:\/\/www.wurth.es\/blog\/author\/adrian-minguez\/\">\n                              <i class=\"demo-icon elespare-icons-user-circle-regular\" aria-hidden=\"true\"><\/i>\n                            Adri\u00e1n M\u00edguez            <\/a>\n          <\/span>\n                          <span class=\"elespare-posts-full-post-author\">\n            <a href=\"https:\/\/www.wurth.es\/blog\/2023\/\">\n              <i class=\"demo-icon elespare-icons-clock-regular\" aria-hidden=\"true\"><\/i>\n              21 de septiembre de 2023\n            <\/a>\n          <\/span>\n                      <\/div>\n\n              <\/div>\n            <\/div>\n                    <div class=\"elespare-posts-grid-post-items\">\n\n              <div class=\"elespare-img-wrapper\">\n                    <a href=\"https:\/\/www.wurth.es\/blog\/como-aflojar-tuercas-tornillos-oxidados-agarrotados\/\">\n            <img loading=\"lazy\" decoding=\"async\" width=\"640\" height=\"426\" src=\"https:\/\/www.wurth.es\/blog\/wp-content\/uploads\/2023\/08\/Como-aflojar-tuercas-y-tornillos-oxidados-u-agarrotados.jpg\" class=\"attachment-large size-large wp-post-image\" alt=\"Como aflojar tuercas y tornillos oxidados u agarrotados\" srcset=\"https:\/\/www.wurth.es\/blog\/wp-content\/uploads\/2023\/08\/Como-aflojar-tuercas-y-tornillos-oxidados-u-agarrotados.jpg 800w, https:\/\/www.wurth.es\/blog\/wp-content\/uploads\/2023\/08\/Como-aflojar-tuercas-y-tornillos-oxidados-u-agarrotados-300x200.jpg 300w, https:\/\/www.wurth.es\/blog\/wp-content\/uploads\/2023\/08\/Como-aflojar-tuercas-y-tornillos-oxidados-u-agarrotados-768x512.jpg 768w\" sizes=\"(max-width: 640px) 100vw, 640px\" \/>        <\/a>\n    \n                              <\/div>\n              <div class=\"elespare-content-wrapper\">\n                                \n    <h4 class=\"elespare-post-title\">\n        <a href=\"https:\/\/www.wurth.es\/blog\/como-aflojar-tuercas-tornillos-oxidados-agarrotados\/\"> <span>C\u00f3mo aflojar tuercas y tornillos oxidados u agarrotados<\/span><\/a>\n    <\/h4>\n          <div class=\"elespare-metadata\">\n                  <span class=\"post-author\">\n            <a href=\"https:\/\/www.wurth.es\/blog\/author\/adrian-minguez\/\">\n                              <i class=\"demo-icon elespare-icons-user-circle-regular\" aria-hidden=\"true\"><\/i>\n                            Adri\u00e1n M\u00edguez            <\/a>\n          <\/span>\n                          <span class=\"elespare-posts-full-post-author\">\n            <a href=\"https:\/\/www.wurth.es\/blog\/2023\/\">\n              <i class=\"demo-icon elespare-icons-clock-regular\" aria-hidden=\"true\"><\/i>\n              2 de agosto de 2023\n            <\/a>\n          <\/span>\n                      <\/div>\n\n              <\/div>\n            <\/div>\n                    <div class=\"elespare-posts-grid-post-items\">\n\n              <div class=\"elespare-img-wrapper\">\n                    <a href=\"https:\/\/www.wurth.es\/blog\/nueva-espuma-pu-resistente-fuego\/\">\n            <img loading=\"lazy\" decoding=\"async\" width=\"640\" height=\"400\" src=\"https:\/\/www.wurth.es\/blog\/wp-content\/uploads\/2023\/05\/Imagen-destacada-2.jpg\" class=\"attachment-large size-large wp-post-image\" alt=\"Nueva espuma PU resistente al fuego W\u00fcrth\" srcset=\"https:\/\/www.wurth.es\/blog\/wp-content\/uploads\/2023\/05\/Imagen-destacada-2.jpg 800w, https:\/\/www.wurth.es\/blog\/wp-content\/uploads\/2023\/05\/Imagen-destacada-2-300x188.jpg 300w, https:\/\/www.wurth.es\/blog\/wp-content\/uploads\/2023\/05\/Imagen-destacada-2-768x480.jpg 768w, https:\/\/www.wurth.es\/blog\/wp-content\/uploads\/2023\/05\/Imagen-destacada-2-400x250.jpg 400w\" sizes=\"(max-width: 640px) 100vw, 640px\" \/>        <\/a>\n    \n                              <\/div>\n              <div class=\"elespare-content-wrapper\">\n                                \n    <h4 class=\"elespare-post-title\">\n        <a href=\"https:\/\/www.wurth.es\/blog\/nueva-espuma-pu-resistente-fuego\/\"> <span>Nueva espuma PU resistente al fuego<\/span><\/a>\n    <\/h4>\n          <div class=\"elespare-metadata\">\n                  <span class=\"post-author\">\n            <a href=\"https:\/\/www.wurth.es\/blog\/author\/adrian-minguez\/\">\n                              <i class=\"demo-icon elespare-icons-user-circle-regular\" aria-hidden=\"true\"><\/i>\n                            Adri\u00e1n M\u00edguez            <\/a>\n          <\/span>\n                          <span class=\"elespare-posts-full-post-author\">\n            <a href=\"https:\/\/www.wurth.es\/blog\/2023\/\">\n              <i class=\"demo-icon elespare-icons-clock-regular\" aria-hidden=\"true\"><\/i>\n              11 de mayo de 2023\n            <\/a>\n          <\/span>\n                      <\/div>\n\n              <\/div>\n            <\/div>\n                    <div class=\"elespare-posts-grid-post-items\">\n\n              <div class=\"elespare-img-wrapper\">\n                    <a href=\"https:\/\/www.wurth.es\/blog\/tacos-shark-twist\/\">\n            <img loading=\"lazy\" decoding=\"async\" width=\"640\" height=\"426\" src=\"https:\/\/www.wurth.es\/blog\/wp-content\/uploads\/2023\/05\/imagen-destacada-1.jpg\" class=\"attachment-large size-large wp-post-image\" alt=\"Tacos Shark\u00ae Twist\" srcset=\"https:\/\/www.wurth.es\/blog\/wp-content\/uploads\/2023\/05\/imagen-destacada-1.jpg 800w, https:\/\/www.wurth.es\/blog\/wp-content\/uploads\/2023\/05\/imagen-destacada-1-300x200.jpg 300w, https:\/\/www.wurth.es\/blog\/wp-content\/uploads\/2023\/05\/imagen-destacada-1-768x512.jpg 768w\" sizes=\"(max-width: 640px) 100vw, 640px\" \/>        <\/a>\n    \n                              <\/div>\n              <div class=\"elespare-content-wrapper\">\n                                \n    <h4 class=\"elespare-post-title\">\n        <a href=\"https:\/\/www.wurth.es\/blog\/tacos-shark-twist\/\"> <span>Descubre los nuevos Tacos Shark\u00ae Twist<\/span><\/a>\n    <\/h4>\n          <div class=\"elespare-metadata\">\n                  <span class=\"post-author\">\n            <a href=\"https:\/\/www.wurth.es\/blog\/author\/adrian-minguez\/\">\n                              <i class=\"demo-icon elespare-icons-user-circle-regular\" aria-hidden=\"true\"><\/i>\n                            Adri\u00e1n M\u00edguez            <\/a>\n          <\/span>\n                          <span class=\"elespare-posts-full-post-author\">\n            <a href=\"https:\/\/www.wurth.es\/blog\/2023\/\">\n              <i class=\"demo-icon elespare-icons-clock-regular\" aria-hidden=\"true\"><\/i>\n              5 de mayo de 2023\n            <\/a>\n          <\/span>\n                      <\/div>\n\n              <\/div>\n            <\/div>\n                    <div class=\"elespare-posts-grid-post-items\">\n\n              <div class=\"elespare-img-wrapper\">\n                    <a href=\"https:\/\/www.wurth.es\/blog\/productos-nsf\/\">\n            <img loading=\"lazy\" decoding=\"async\" width=\"640\" height=\"426\" src=\"https:\/\/www.wurth.es\/blog\/wp-content\/uploads\/2023\/03\/Imagen-Destacada-2.jpg\" class=\"attachment-large size-large wp-post-image\" alt=\"\u00bfQu\u00e9 son los productos NSF?\" srcset=\"https:\/\/www.wurth.es\/blog\/wp-content\/uploads\/2023\/03\/Imagen-Destacada-2.jpg 800w, https:\/\/www.wurth.es\/blog\/wp-content\/uploads\/2023\/03\/Imagen-Destacada-2-300x200.jpg 300w, https:\/\/www.wurth.es\/blog\/wp-content\/uploads\/2023\/03\/Imagen-Destacada-2-768x512.jpg 768w\" sizes=\"(max-width: 640px) 100vw, 640px\" \/>        <\/a>\n    \n                              <\/div>\n              <div class=\"elespare-content-wrapper\">\n                                \n    <h4 class=\"elespare-post-title\">\n        <a href=\"https:\/\/www.wurth.es\/blog\/productos-nsf\/\"> <span>\u00bfQu\u00e9 son los productos NSF?<\/span><\/a>\n    <\/h4>\n          <div class=\"elespare-metadata\">\n                  <span class=\"post-author\">\n            <a href=\"https:\/\/www.wurth.es\/blog\/author\/adrian-minguez\/\">\n                              <i class=\"demo-icon elespare-icons-user-circle-regular\" aria-hidden=\"true\"><\/i>\n                            Adri\u00e1n M\u00edguez            <\/a>\n          <\/span>\n                          <span class=\"elespare-posts-full-post-author\">\n            <a href=\"https:\/\/www.wurth.es\/blog\/2023\/\">\n              <i class=\"demo-icon elespare-icons-clock-regular\" aria-hidden=\"true\"><\/i>\n              22 de marzo de 2023\n            <\/a>\n          <\/span>\n                      <\/div>\n\n              <\/div>\n            <\/div>\n                    <div class=\"elespare-posts-grid-post-items\">\n\n              <div class=\"elespare-img-wrapper\">\n                    <a href=\"https:\/\/www.wurth.es\/blog\/gama-skin\/\">\n            <img loading=\"lazy\" decoding=\"async\" width=\"640\" height=\"427\" src=\"https:\/\/www.wurth.es\/blog\/wp-content\/uploads\/2023\/02\/Imagen-destacada-3.jpg\" class=\"attachment-large size-large wp-post-image\" alt=\"Gama Skin W\u00fcrth\" srcset=\"https:\/\/www.wurth.es\/blog\/wp-content\/uploads\/2023\/02\/Imagen-destacada-3.jpg 886w, https:\/\/www.wurth.es\/blog\/wp-content\/uploads\/2023\/02\/Imagen-destacada-3-300x200.jpg 300w, https:\/\/www.wurth.es\/blog\/wp-content\/uploads\/2023\/02\/Imagen-destacada-3-768x512.jpg 768w\" sizes=\"(max-width: 640px) 100vw, 640px\" \/>        <\/a>\n    \n                              <\/div>\n              <div class=\"elespare-content-wrapper\">\n                                \n    <h4 class=\"elespare-post-title\">\n        <a href=\"https:\/\/www.wurth.es\/blog\/gama-skin\/\"> <span>Gama Skin: protecci\u00f3n, limpieza y cuidado<\/span><\/a>\n    <\/h4>\n          <div class=\"elespare-metadata\">\n                  <span class=\"post-author\">\n            <a href=\"https:\/\/www.wurth.es\/blog\/author\/adrian-minguez\/\">\n                              <i class=\"demo-icon elespare-icons-user-circle-regular\" aria-hidden=\"true\"><\/i>\n                            Adri\u00e1n M\u00edguez            <\/a>\n          <\/span>\n                          <span class=\"elespare-posts-full-post-author\">\n            <a href=\"https:\/\/www.wurth.es\/blog\/2023\/\">\n              <i class=\"demo-icon elespare-icons-clock-regular\" aria-hidden=\"true\"><\/i>\n              23 de febrero de 2023\n            <\/a>\n          <\/span>\n                      <\/div>\n\n              <\/div>\n            <\/div>\n                    <div class=\"elespare-posts-grid-post-items\">\n\n              <div class=\"elespare-img-wrapper\">\n                    <a href=\"https:\/\/www.wurth.es\/blog\/guantes-nitrilo-diamantados\/\">\n            <img loading=\"lazy\" decoding=\"async\" width=\"640\" height=\"471\" src=\"https:\/\/www.wurth.es\/blog\/wp-content\/uploads\/2023\/02\/Imagen-Destacada-1-1024x754.jpg\" class=\"attachment-large size-large wp-post-image\" alt=\"Guantes de nitrilo diamantados\" srcset=\"https:\/\/www.wurth.es\/blog\/wp-content\/uploads\/2023\/02\/Imagen-Destacada-1-1024x754.jpg 1024w, https:\/\/www.wurth.es\/blog\/wp-content\/uploads\/2023\/02\/Imagen-Destacada-1-300x221.jpg 300w, https:\/\/www.wurth.es\/blog\/wp-content\/uploads\/2023\/02\/Imagen-Destacada-1-768x566.jpg 768w, https:\/\/www.wurth.es\/blog\/wp-content\/uploads\/2023\/02\/Imagen-Destacada-1.jpg 1128w\" sizes=\"(max-width: 640px) 100vw, 640px\" \/>        <\/a>\n    \n                              <\/div>\n              <div class=\"elespare-content-wrapper\">\n                                \n    <h4 class=\"elespare-post-title\">\n        <a href=\"https:\/\/www.wurth.es\/blog\/guantes-nitrilo-diamantados\/\"> <span>Guantes de nitrilo diamantados extra naranjas &#8211; Desechables<\/span><\/a>\n    <\/h4>\n          <div class=\"elespare-metadata\">\n                  <span class=\"post-author\">\n            <a href=\"https:\/\/www.wurth.es\/blog\/author\/adrian-minguez\/\">\n                              <i class=\"demo-icon elespare-icons-user-circle-regular\" aria-hidden=\"true\"><\/i>\n                            Adri\u00e1n M\u00edguez            <\/a>\n          <\/span>\n                          <span class=\"elespare-posts-full-post-author\">\n            <a href=\"https:\/\/www.wurth.es\/blog\/2023\/\">\n              <i class=\"demo-icon elespare-icons-clock-regular\" aria-hidden=\"true\"><\/i>\n              16 de febrero de 2023\n            <\/a>\n          <\/span>\n                      <\/div>\n\n              <\/div>\n            <\/div>\n                    <div class=\"elespare-posts-grid-post-items\">\n\n              <div class=\"elespare-img-wrapper\">\n                    <a href=\"https:\/\/www.wurth.es\/blog\/mantenimiento-establecimientos-hoteleros\/\">\n            <img loading=\"lazy\" decoding=\"async\" width=\"640\" height=\"427\" src=\"https:\/\/www.wurth.es\/blog\/wp-content\/uploads\/2022\/08\/Imagen-destacada-1.jpg\" class=\"attachment-large size-large wp-post-image\" alt=\"Productos indispensables para mantenimiento de establecimientos tur\u00edsticos\" srcset=\"https:\/\/www.wurth.es\/blog\/wp-content\/uploads\/2022\/08\/Imagen-destacada-1.jpg 800w, https:\/\/www.wurth.es\/blog\/wp-content\/uploads\/2022\/08\/Imagen-destacada-1-300x200.jpg 300w, https:\/\/www.wurth.es\/blog\/wp-content\/uploads\/2022\/08\/Imagen-destacada-1-768x513.jpg 768w, https:\/\/www.wurth.es\/blog\/wp-content\/uploads\/2022\/08\/Imagen-destacada-1-150x100.jpg 150w, https:\/\/www.wurth.es\/blog\/wp-content\/uploads\/2022\/08\/Imagen-destacada-1-600x401.jpg 600w, https:\/\/www.wurth.es\/blog\/wp-content\/uploads\/2022\/08\/Imagen-destacada-1-696x465.jpg 696w, https:\/\/www.wurth.es\/blog\/wp-content\/uploads\/2022\/08\/Imagen-destacada-1-629x420.jpg 629w\" sizes=\"(max-width: 640px) 100vw, 640px\" \/>        <\/a>\n    \n                              <\/div>\n              <div class=\"elespare-content-wrapper\">\n                                \n    <h4 class=\"elespare-post-title\">\n        <a href=\"https:\/\/www.wurth.es\/blog\/mantenimiento-establecimientos-hoteleros\/\"> <span>Productos indispensables para el mantenimiento de establecimientos hoteleros<\/span><\/a>\n    <\/h4>\n          <div class=\"elespare-metadata\">\n                  <span class=\"post-author\">\n            <a href=\"https:\/\/www.wurth.es\/blog\/author\/andrea-torreswurth-es\/\">\n                              <i class=\"demo-icon elespare-icons-user-circle-regular\" aria-hidden=\"true\"><\/i>\n                            Andrea Torres            <\/a>\n          <\/span>\n                          <span class=\"elespare-posts-full-post-author\">\n            <a href=\"https:\/\/www.wurth.es\/blog\/2022\/\">\n              <i class=\"demo-icon elespare-icons-clock-regular\" aria-hidden=\"true\"><\/i>\n              25 de agosto de 2022\n            <\/a>\n          <\/span>\n                      <\/div>\n\n              <\/div>\n            <\/div>\n                    <div class=\"elespare-posts-grid-post-items\">\n\n              <div class=\"elespare-img-wrapper\">\n                    <a href=\"https:\/\/www.wurth.es\/blog\/que-es-para-que-sirve-cinta-enmascarar\/\">\n            <img loading=\"lazy\" decoding=\"async\" width=\"640\" height=\"427\" src=\"https:\/\/www.wurth.es\/blog\/wp-content\/uploads\/2022\/07\/Imagen-destacada-1.jpg\" class=\"attachment-large size-large wp-post-image\" alt=\"Qu\u00e9 es y para qu\u00e9 sirve la cinta de enmascarar\" srcset=\"https:\/\/www.wurth.es\/blog\/wp-content\/uploads\/2022\/07\/Imagen-destacada-1.jpg 800w, https:\/\/www.wurth.es\/blog\/wp-content\/uploads\/2022\/07\/Imagen-destacada-1-300x200.jpg 300w, https:\/\/www.wurth.es\/blog\/wp-content\/uploads\/2022\/07\/Imagen-destacada-1-768x513.jpg 768w, https:\/\/www.wurth.es\/blog\/wp-content\/uploads\/2022\/07\/Imagen-destacada-1-150x100.jpg 150w, https:\/\/www.wurth.es\/blog\/wp-content\/uploads\/2022\/07\/Imagen-destacada-1-600x401.jpg 600w, https:\/\/www.wurth.es\/blog\/wp-content\/uploads\/2022\/07\/Imagen-destacada-1-696x465.jpg 696w, https:\/\/www.wurth.es\/blog\/wp-content\/uploads\/2022\/07\/Imagen-destacada-1-629x420.jpg 629w\" sizes=\"(max-width: 640px) 100vw, 640px\" \/>        <\/a>\n    \n                              <\/div>\n              <div class=\"elespare-content-wrapper\">\n                                \n    <h4 class=\"elespare-post-title\">\n        <a href=\"https:\/\/www.wurth.es\/blog\/que-es-para-que-sirve-cinta-enmascarar\/\"> <span>Qu\u00e9 es y para qu\u00e9 sirve la cinta de enmascarar<\/span><\/a>\n    <\/h4>\n          <div class=\"elespare-metadata\">\n                  <span class=\"post-author\">\n            <a href=\"https:\/\/www.wurth.es\/blog\/author\/adrian-minguez\/\">\n                              <i class=\"demo-icon elespare-icons-user-circle-regular\" aria-hidden=\"true\"><\/i>\n                            Adri\u00e1n M\u00edguez            <\/a>\n          <\/span>\n                          <span class=\"elespare-posts-full-post-author\">\n            <a href=\"https:\/\/www.wurth.es\/blog\/2022\/\">\n              <i class=\"demo-icon elespare-icons-clock-regular\" aria-hidden=\"true\"><\/i>\n              13 de julio de 2022\n            <\/a>\n          <\/span>\n                      <\/div>\n\n              <\/div>\n            <\/div>\n                    <div class=\"elespare-posts-grid-post-items\">\n\n              <div class=\"elespare-img-wrapper\">\n                    <a href=\"https:\/\/www.wurth.es\/blog\/como-quitar-cinta-carrocero-muy-pegada\/\">\n            <img loading=\"lazy\" decoding=\"async\" width=\"640\" height=\"426\" src=\"https:\/\/www.wurth.es\/blog\/wp-content\/uploads\/2022\/07\/43238_PREVIEW.jpg\" class=\"attachment-large size-large wp-post-image\" alt=\"C\u00f3mo eliminar cinta de carrocero muy pegada\" srcset=\"https:\/\/www.wurth.es\/blog\/wp-content\/uploads\/2022\/07\/43238_PREVIEW.jpg 800w, https:\/\/www.wurth.es\/blog\/wp-content\/uploads\/2022\/07\/43238_PREVIEW-300x200.jpg 300w, https:\/\/www.wurth.es\/blog\/wp-content\/uploads\/2022\/07\/43238_PREVIEW-768x512.jpg 768w, https:\/\/www.wurth.es\/blog\/wp-content\/uploads\/2022\/07\/43238_PREVIEW-150x100.jpg 150w, https:\/\/www.wurth.es\/blog\/wp-content\/uploads\/2022\/07\/43238_PREVIEW-600x400.jpg 600w, https:\/\/www.wurth.es\/blog\/wp-content\/uploads\/2022\/07\/43238_PREVIEW-696x464.jpg 696w, https:\/\/www.wurth.es\/blog\/wp-content\/uploads\/2022\/07\/43238_PREVIEW-630x420.jpg 630w\" sizes=\"(max-width: 640px) 100vw, 640px\" \/>        <\/a>\n    \n                              <\/div>\n              <div class=\"elespare-content-wrapper\">\n                                \n    <h4 class=\"elespare-post-title\">\n        <a href=\"https:\/\/www.wurth.es\/blog\/como-quitar-cinta-carrocero-muy-pegada\/\"> <span>C\u00f3mo quitar cinta de carrocero muy pegada<\/span><\/a>\n    <\/h4>\n          <div class=\"elespare-metadata\">\n                  <span class=\"post-author\">\n            <a href=\"https:\/\/www.wurth.es\/blog\/author\/adrian-minguez\/\">\n                              <i class=\"demo-icon elespare-icons-user-circle-regular\" aria-hidden=\"true\"><\/i>\n                            Adri\u00e1n M\u00edguez            <\/a>\n          <\/span>\n                          <span class=\"elespare-posts-full-post-author\">\n            <a href=\"https:\/\/www.wurth.es\/blog\/2022\/\">\n              <i class=\"demo-icon elespare-icons-clock-regular\" aria-hidden=\"true\"><\/i>\n              5 de julio de 2022\n            <\/a>\n          <\/span>\n                      <\/div>\n\n              <\/div>\n            <\/div>\n                    <div class=\"elespare-posts-grid-post-items\">\n\n              <div class=\"elespare-img-wrapper\">\n                    <a href=\"https:\/\/www.wurth.es\/blog\/eliminar-oxido-acero-inoxidable\/\">\n            <img loading=\"lazy\" decoding=\"async\" width=\"640\" height=\"394\" src=\"https:\/\/www.wurth.es\/blog\/wp-content\/uploads\/2022\/06\/Imagen-destacada.png\" class=\"attachment-large size-large wp-post-image\" alt=\"Eliminar \u00f3xido en acero inoxidable\" srcset=\"https:\/\/www.wurth.es\/blog\/wp-content\/uploads\/2022\/06\/Imagen-destacada.png 818w, https:\/\/www.wurth.es\/blog\/wp-content\/uploads\/2022\/06\/Imagen-destacada-300x184.png 300w, https:\/\/www.wurth.es\/blog\/wp-content\/uploads\/2022\/06\/Imagen-destacada-768x472.png 768w, https:\/\/www.wurth.es\/blog\/wp-content\/uploads\/2022\/06\/Imagen-destacada-150x92.png 150w, https:\/\/www.wurth.es\/blog\/wp-content\/uploads\/2022\/06\/Imagen-destacada-600x369.png 600w, https:\/\/www.wurth.es\/blog\/wp-content\/uploads\/2022\/06\/Imagen-destacada-696x428.png 696w, https:\/\/www.wurth.es\/blog\/wp-content\/uploads\/2022\/06\/Imagen-destacada-683x420.png 683w, https:\/\/www.wurth.es\/blog\/wp-content\/uploads\/2022\/06\/Imagen-destacada-356x220.png 356w\" sizes=\"(max-width: 640px) 100vw, 640px\" \/>        <\/a>\n    \n                              <\/div>\n              <div class=\"elespare-content-wrapper\">\n                                \n    <h4 class=\"elespare-post-title\">\n        <a href=\"https:\/\/www.wurth.es\/blog\/eliminar-oxido-acero-inoxidable\/\"> <span>C\u00f3mo eliminar \u00f3xido en acero inoxidable<\/span><\/a>\n    <\/h4>\n          <div class=\"elespare-metadata\">\n                  <span class=\"post-author\">\n            <a href=\"https:\/\/www.wurth.es\/blog\/author\/adrian-minguez\/\">\n                              <i class=\"demo-icon elespare-icons-user-circle-regular\" aria-hidden=\"true\"><\/i>\n                            Adri\u00e1n M\u00edguez            <\/a>\n          <\/span>\n                          <span class=\"elespare-posts-full-post-author\">\n            <a href=\"https:\/\/www.wurth.es\/blog\/2022\/\">\n              <i class=\"demo-icon elespare-icons-clock-regular\" aria-hidden=\"true\"><\/i>\n              2 de junio de 2022\n            <\/a>\n          <\/span>\n                      <\/div>\n\n              <\/div>\n            <\/div>\n                    <div class=\"elespare-posts-grid-post-items\">\n\n              <div class=\"elespare-img-wrapper\">\n                    <a href=\"https:\/\/www.wurth.es\/blog\/que-es-asfalto-en-frio-como-se-aplica\/\">\n            <img loading=\"lazy\" decoding=\"async\" width=\"640\" height=\"426\" src=\"https:\/\/www.wurth.es\/blog\/wp-content\/uploads\/2022\/05\/Imagen-destacada-1.jpg\" class=\"attachment-large size-large wp-post-image\" alt=\"Qu\u00e9 es el asfalto en fr\u00edo y c\u00f3mo se aplica\" srcset=\"https:\/\/www.wurth.es\/blog\/wp-content\/uploads\/2022\/05\/Imagen-destacada-1.jpg 800w, https:\/\/www.wurth.es\/blog\/wp-content\/uploads\/2022\/05\/Imagen-destacada-1-300x200.jpg 300w, https:\/\/www.wurth.es\/blog\/wp-content\/uploads\/2022\/05\/Imagen-destacada-1-768x512.jpg 768w, https:\/\/www.wurth.es\/blog\/wp-content\/uploads\/2022\/05\/Imagen-destacada-1-150x100.jpg 150w, https:\/\/www.wurth.es\/blog\/wp-content\/uploads\/2022\/05\/Imagen-destacada-1-600x400.jpg 600w, https:\/\/www.wurth.es\/blog\/wp-content\/uploads\/2022\/05\/Imagen-destacada-1-696x464.jpg 696w, https:\/\/www.wurth.es\/blog\/wp-content\/uploads\/2022\/05\/Imagen-destacada-1-630x420.jpg 630w\" sizes=\"(max-width: 640px) 100vw, 640px\" \/>        <\/a>\n    \n                              <\/div>\n              <div class=\"elespare-content-wrapper\">\n                                \n    <h4 class=\"elespare-post-title\">\n        <a href=\"https:\/\/www.wurth.es\/blog\/que-es-asfalto-en-frio-como-se-aplica\/\"> <span>Qu\u00e9 es el asfalto en fr\u00edo y c\u00f3mo se aplica<\/span><\/a>\n    <\/h4>\n          <div class=\"elespare-metadata\">\n                  <span class=\"post-author\">\n            <a href=\"https:\/\/www.wurth.es\/blog\/author\/adrian-minguez\/\">\n                              <i class=\"demo-icon elespare-icons-user-circle-regular\" aria-hidden=\"true\"><\/i>\n                            Adri\u00e1n M\u00edguez            <\/a>\n          <\/span>\n                          <span class=\"elespare-posts-full-post-author\">\n            <a href=\"https:\/\/www.wurth.es\/blog\/2022\/\">\n              <i class=\"demo-icon elespare-icons-clock-regular\" aria-hidden=\"true\"><\/i>\n              31 de mayo de 2022\n            <\/a>\n          <\/span>\n                      <\/div>\n\n              <\/div>\n            <\/div>\n              <\/div>\n    <\/div>\n    \t\t\t\t<\/div>\n\t\t\t\t<\/div>\n\t\t\t\t\t<\/div>\n\t\t<\/div>\n\t\t\t\t\t<\/div>\n\t\t<\/section>\n\t\t\t\t<\/div>\n\t\t","protected":false},"excerpt":{"rendered":"<p>\u00daltimas Publicaciones sobre Mantenimiento Gama Skin: protecci\u00f3n, limpieza y cuidado Pau Torrente 23 de febrero&#8230;<\/p>\n","protected":false},"author":9,"featured_media":0,"parent":0,"menu_order":0,"comment_status":"closed","ping_status":"closed","template":"","meta":{"footnotes":""},"class_list":["post-1507","page","type-page","status-publish","hentry"],"_links":{"self":[{"href":"https:\/\/www.wurth.es\/blog\/wp-json\/wp\/v2\/pages\/1507","targetHints":{"allow":["GET"]}}],"collection":[{"href":"https:\/\/www.wurth.es\/blog\/wp-json\/wp\/v2\/pages"}],"about":[{"href":"https:\/\/www.wurth.es\/blog\/wp-json\/wp\/v2\/types\/page"}],"author":[{"embeddable":true,"href":"https:\/\/www.wurth.es\/blog\/wp-json\/wp\/v2\/users\/9"}],"replies":[{"embeddable":true,"href":"https:\/\/www.wurth.es\/blog\/wp-json\/wp\/v2\/comments?post=1507"}],"version-history":[{"count":23,"href":"https:\/\/www.wurth.es\/blog\/wp-json\/wp\/v2\/pages\/1507\/revisions"}],"predecessor-version":[{"id":4128,"href":"https:\/\/www.wurth.es\/blog\/wp-json\/wp\/v2\/pages\/1507\/revisions\/4128"}],"wp:attachment":[{"href":"https:\/\/www.wurth.es\/blog\/wp-json\/wp\/v2\/media?parent=1507"}],"curies":[{"name":"wp","href":"https:\/\/api.w.org\/{rel}","templated":true}]}}