{"id":1478,"date":"2022-05-25T10:05:31","date_gmt":"2022-05-25T10:05:31","guid":{"rendered":"https:\/\/www.wurth.es\/blog\/?page_id=1478"},"modified":"2023-03-29T11:29:07","modified_gmt":"2023-03-29T11:29:07","slug":"madera","status":"publish","type":"page","link":"https:\/\/www.wurth.es\/blog\/madera\/","title":{"rendered":"Madera"},"content":{"rendered":"<div id=\"ez-toc-container\" class=\"ez-toc-v2_0_79_2 ez-toc-wrap-center counter-hierarchy ez-toc-counter ez-toc-custom ez-toc-container-direction\">\n<div class=\"ez-toc-title-container\">\n<p class=\"ez-toc-title\" style=\"cursor:inherit\">Tabla de contenidos:<\/p>\n<span class=\"ez-toc-title-toggle\"><a href=\"#\" class=\"ez-toc-pull-right ez-toc-btn ez-toc-btn-xs ez-toc-btn-default ez-toc-toggle\" aria-label=\"Alternar tabla de contenidos\"><span class=\"ez-toc-js-icon-con\"><span class=\"\"><span class=\"eztoc-hide\" style=\"display:none;\">Toggle<\/span><span class=\"ez-toc-icon-toggle-span\"><svg style=\"fill: #c00000;color:#c00000\" xmlns=\"http:\/\/www.w3.org\/2000\/svg\" class=\"list-377408\" width=\"20px\" height=\"20px\" viewBox=\"0 0 24 24\" fill=\"none\"><path d=\"M6 6H4v2h2V6zm14 0H8v2h12V6zM4 11h2v2H4v-2zm16 0H8v2h12v-2zM4 16h2v2H4v-2zm16 0H8v2h12v-2z\" fill=\"currentColor\"><\/path><\/svg><svg style=\"fill: #c00000;color:#c00000\" class=\"arrow-unsorted-368013\" xmlns=\"http:\/\/www.w3.org\/2000\/svg\" width=\"10px\" height=\"10px\" viewBox=\"0 0 24 24\" version=\"1.2\" baseProfile=\"tiny\"><path d=\"M18.2 9.3l-6.2-6.3-6.2 6.3c-.2.2-.3.4-.3.7s.1.5.3.7c.2.2.4.3.7.3h11c.3 0 .5-.1.7-.3.2-.2.3-.5.3-.7s-.1-.5-.3-.7zM5.8 14.7l6.2 6.3 6.2-6.3c.2-.2.3-.5.3-.7s-.1-.5-.3-.7c-.2-.2-.4-.3-.7-.3h-11c-.3 0-.5.1-.7.3-.2.2-.3.5-.3.7s.1.5.3.7z\"\/><\/svg><\/span><\/span><\/span><\/a><\/span><\/div>\n<nav><ul class='ez-toc-list ez-toc-list-level-1 ' ><li class='ez-toc-page-1 ez-toc-heading-level-2'><a class=\"ez-toc-link ez-toc-heading-1\" href=\"https:\/\/www.wurth.es\/blog\/que-es-y-como-limpiar-cianocrilato\/#%c2%bfque_es_el_cianocrilato\" >\u00bfQu\u00e9 es el cianocrilato?<\/a><\/li><li class='ez-toc-page-1 ez-toc-heading-level-2'><a class=\"ez-toc-link ez-toc-heading-2\" href=\"https:\/\/www.wurth.es\/blog\/que-es-y-como-limpiar-cianocrilato\/#como_se_aplica_el_cianocrilato\" >C\u00f3mo se aplica el cianocrilato<\/a><\/li><li class='ez-toc-page-1 ez-toc-heading-level-2'><a class=\"ez-toc-link ez-toc-heading-3\" href=\"https:\/\/www.wurth.es\/blog\/que-es-y-como-limpiar-cianocrilato\/#%c2%bfque_es_el_activador_de_cianocrilato\" >\u00bfQu\u00e9 es el activador de cianocrilato?<\/a><\/li><li class='ez-toc-page-1 ez-toc-heading-level-2'><a class=\"ez-toc-link ez-toc-heading-4\" href=\"https:\/\/www.wurth.es\/blog\/que-es-y-como-limpiar-cianocrilato\/#%c2%bfcomo_limpiar_cianocrilato\" >\u00bfC\u00f3mo limpiar cianocrilato?<\/a><\/li><\/ul><\/nav><\/div>\n\t\t<div data-elementor-type=\"wp-page\" data-elementor-id=\"1478\" class=\"elementor elementor-1478\">\n\t\t\t\t\t\t<section class=\"elementor-section elementor-top-section elementor-element elementor-element-98ab149 elementor-section-boxed elementor-section-height-default elementor-section-height-default\" data-id=\"98ab149\" data-element_type=\"section\">\n\t\t\t\t\t\t<div class=\"elementor-container elementor-column-gap-default\">\n\t\t\t\t\t<div class=\"elementor-column elementor-col-100 elementor-top-column elementor-element elementor-element-02732ab\" data-id=\"02732ab\" data-element_type=\"column\">\n\t\t\t<div class=\"elementor-widget-wrap elementor-element-populated\">\n\t\t\t\t\t\t<div class=\"elementor-element elementor-element-b7274cd elementor-hidden-mobile elementor-widget elementor-widget-image\" data-id=\"b7274cd\" data-element_type=\"widget\" data-widget_type=\"image.default\">\n\t\t\t\t<div class=\"elementor-widget-container\">\n\t\t\t\t\t\t\t\t\t\t\t\t\t\t\t<img fetchpriority=\"high\" decoding=\"async\" width=\"1300\" height=\"350\" src=\"https:\/\/www.wurth.es\/blog\/wp-content\/uploads\/2022\/08\/madera.jpg\" class=\"attachment-1536x1536 size-1536x1536 wp-image-2097\" alt=\"\" srcset=\"https:\/\/www.wurth.es\/blog\/wp-content\/uploads\/2022\/08\/madera.jpg 1300w, https:\/\/www.wurth.es\/blog\/wp-content\/uploads\/2022\/08\/madera-300x81.jpg 300w, https:\/\/www.wurth.es\/blog\/wp-content\/uploads\/2022\/08\/madera-1024x276.jpg 1024w, https:\/\/www.wurth.es\/blog\/wp-content\/uploads\/2022\/08\/madera-768x207.jpg 768w, https:\/\/www.wurth.es\/blog\/wp-content\/uploads\/2022\/08\/madera-150x40.jpg 150w, https:\/\/www.wurth.es\/blog\/wp-content\/uploads\/2022\/08\/madera-600x162.jpg 600w, https:\/\/www.wurth.es\/blog\/wp-content\/uploads\/2022\/08\/madera-696x187.jpg 696w, https:\/\/www.wurth.es\/blog\/wp-content\/uploads\/2022\/08\/madera-1068x288.jpg 1068w\" sizes=\"(max-width: 1300px) 100vw, 1300px\" \/>\t\t\t\t\t\t\t\t\t\t\t\t\t\t\t<\/div>\n\t\t\t\t<\/div>\n\t\t\t\t<div class=\"elementor-element elementor-element-60ded46 elementor-hidden-desktop elementor-hidden-tablet elementor-widget elementor-widget-image\" data-id=\"60ded46\" data-element_type=\"widget\" data-widget_type=\"image.default\">\n\t\t\t\t<div class=\"elementor-widget-container\">\n\t\t\t\t\t\t\t\t\t\t\t\t\t\t\t<img decoding=\"async\" width=\"500\" height=\"350\" src=\"https:\/\/www.wurth.es\/blog\/wp-content\/uploads\/2022\/08\/madera-1.jpg\" class=\"attachment-large size-large wp-image-2129\" alt=\"\" srcset=\"https:\/\/www.wurth.es\/blog\/wp-content\/uploads\/2022\/08\/madera-1.jpg 500w, https:\/\/www.wurth.es\/blog\/wp-content\/uploads\/2022\/08\/madera-1-300x210.jpg 300w, https:\/\/www.wurth.es\/blog\/wp-content\/uploads\/2022\/08\/madera-1-150x105.jpg 150w, https:\/\/www.wurth.es\/blog\/wp-content\/uploads\/2022\/08\/madera-1-100x70.jpg 100w\" sizes=\"(max-width: 500px) 100vw, 500px\" \/>\t\t\t\t\t\t\t\t\t\t\t\t\t\t\t<\/div>\n\t\t\t\t<\/div>\n\t\t\t\t\t<\/div>\n\t\t<\/div>\n\t\t\t\t\t<\/div>\n\t\t<\/section>\n\t\t\t\t<section class=\"elementor-section elementor-top-section elementor-element elementor-element-1b7b1f7 elementor-section-boxed elementor-section-height-default elementor-section-height-default\" data-id=\"1b7b1f7\" data-element_type=\"section\">\n\t\t\t\t\t\t<div class=\"elementor-container elementor-column-gap-default\">\n\t\t\t\t\t<div class=\"elementor-column elementor-col-100 elementor-top-column elementor-element elementor-element-27a4cab\" data-id=\"27a4cab\" data-element_type=\"column\">\n\t\t\t<div class=\"elementor-widget-wrap elementor-element-populated\">\n\t\t\t\t\t\t<div class=\"elementor-element elementor-element-42e57fd elementor-grid-3 elementor-grid-tablet-2 elementor-grid-mobile-1 elespare-section-title-elespare-left elementor-widget elementor-widget-post-grid\" data-id=\"42e57fd\" data-element_type=\"widget\" data-settings=\"{&quot;columns&quot;:&quot;3&quot;,&quot;columns_tablet&quot;:&quot;2&quot;,&quot;columns_mobile&quot;:&quot;1&quot;}\" data-widget_type=\"post-grid.default\">\n\t\t\t\t<div class=\"elementor-widget-container\">\n\t\t\t\t\t<div class=\"elespare-widget-title-section title-style-1 elespare-left\"><h4 class=\"elespare-widget-title\"><span class=\"elespare-section-title-before\"><\/span><span class=\"elespare-section-title\">\u00daltimas Publicaciones sobre Madera <\/span><span class=\"elespare-section-title-after\"><\/span><\/h4><\/div>    <div class=\"elespare-grid-wrap grid-layout has-background  elespare-has-equal-height\">\n\n      <div class=\"elespare-posts-wrap  elementor-grid grid-style-1  elespare-image-zoom elespare-light \">\n                    <div class=\"elespare-posts-grid-post-items\">\n\n              <div class=\"elespare-img-wrapper\">\n                    <a href=\"https:\/\/www.wurth.es\/blog\/protectores-auditivos-tipos-usos-y-normativa\/\">\n            <img decoding=\"async\" width=\"640\" height=\"480\" src=\"https:\/\/www.wurth.es\/blog\/wp-content\/uploads\/2026\/04\/Protectores-auditivos-tipos-usos-y-normativa-que-debes-conocer.jpg\" class=\"attachment-large size-large wp-post-image\" alt=\"Protectores auditivos tipos, usos y normativa que debes conocer\" srcset=\"https:\/\/www.wurth.es\/blog\/wp-content\/uploads\/2026\/04\/Protectores-auditivos-tipos-usos-y-normativa-que-debes-conocer.jpg 800w, https:\/\/www.wurth.es\/blog\/wp-content\/uploads\/2026\/04\/Protectores-auditivos-tipos-usos-y-normativa-que-debes-conocer-300x225.jpg 300w, https:\/\/www.wurth.es\/blog\/wp-content\/uploads\/2026\/04\/Protectores-auditivos-tipos-usos-y-normativa-que-debes-conocer-768x576.jpg 768w\" sizes=\"(max-width: 640px) 100vw, 640px\" \/>        <\/a>\n    \n                              <\/div>\n              <div class=\"elespare-content-wrapper\">\n                                \n    <h4 class=\"elespare-post-title\">\n        <a href=\"https:\/\/www.wurth.es\/blog\/protectores-auditivos-tipos-usos-y-normativa\/\"> <span>Protectores auditivos: tipos, usos y normativa que debes conocer<\/span><\/a>\n    <\/h4>\n          <div class=\"elespare-metadata\">\n                  <span class=\"post-author\">\n            <a href=\"https:\/\/www.wurth.es\/blog\/author\/adrian-minguez\/\">\n                              <i class=\"demo-icon elespare-icons-user-circle-regular\" aria-hidden=\"true\"><\/i>\n                            Adri\u00e1n M\u00edguez            <\/a>\n          <\/span>\n                          <span class=\"elespare-posts-full-post-author\">\n            <a href=\"https:\/\/www.wurth.es\/blog\/2026\/\">\n              <i class=\"demo-icon elespare-icons-clock-regular\" aria-hidden=\"true\"><\/i>\n              21 de abril de 2026\n            <\/a>\n          <\/span>\n                      <\/div>\n\n              <\/div>\n            <\/div>\n                    <div class=\"elespare-posts-grid-post-items\">\n\n              <div class=\"elespare-img-wrapper\">\n                    <a href=\"https:\/\/www.wurth.es\/blog\/foco-led-portatil\/\">\n            <img loading=\"lazy\" decoding=\"async\" width=\"640\" height=\"427\" src=\"https:\/\/www.wurth.es\/blog\/wp-content\/uploads\/2025\/09\/663008609_PREVIEW.jpg\" class=\"attachment-large size-large wp-post-image\" alt=\"\" srcset=\"https:\/\/www.wurth.es\/blog\/wp-content\/uploads\/2025\/09\/663008609_PREVIEW.jpg 800w, https:\/\/www.wurth.es\/blog\/wp-content\/uploads\/2025\/09\/663008609_PREVIEW-300x200.jpg 300w, https:\/\/www.wurth.es\/blog\/wp-content\/uploads\/2025\/09\/663008609_PREVIEW-768x513.jpg 768w\" sizes=\"(max-width: 640px) 100vw, 640px\" \/>        <\/a>\n    \n                              <\/div>\n              <div class=\"elespare-content-wrapper\">\n                                \n    <h4 class=\"elespare-post-title\">\n        <a href=\"https:\/\/www.wurth.es\/blog\/foco-led-portatil\/\"> <span>Foco LED port\u00e1til con bater\u00eda intercambiable: la soluci\u00f3n de iluminaci\u00f3n para profesionales<\/span><\/a>\n    <\/h4>\n          <div class=\"elespare-metadata\">\n                  <span class=\"post-author\">\n            <a href=\"https:\/\/www.wurth.es\/blog\/author\/adrian-minguez\/\">\n                              <i class=\"demo-icon elespare-icons-user-circle-regular\" aria-hidden=\"true\"><\/i>\n                            Adri\u00e1n M\u00edguez            <\/a>\n          <\/span>\n                          <span class=\"elespare-posts-full-post-author\">\n            <a href=\"https:\/\/www.wurth.es\/blog\/2025\/\">\n              <i class=\"demo-icon elespare-icons-clock-regular\" aria-hidden=\"true\"><\/i>\n              29 de octubre de 2025\n            <\/a>\n          <\/span>\n                      <\/div>\n\n              <\/div>\n            <\/div>\n                    <div class=\"elespare-posts-grid-post-items\">\n\n              <div class=\"elespare-img-wrapper\">\n                    <a href=\"https:\/\/www.wurth.es\/blog\/manipulacion-amianto-seguridad\/\">\n            <img loading=\"lazy\" decoding=\"async\" width=\"640\" height=\"426\" src=\"https:\/\/www.wurth.es\/blog\/wp-content\/uploads\/2025\/07\/1834772_PREVIEW-1.jpg\" class=\"attachment-large size-large wp-post-image\" alt=\"\" srcset=\"https:\/\/www.wurth.es\/blog\/wp-content\/uploads\/2025\/07\/1834772_PREVIEW-1.jpg 800w, https:\/\/www.wurth.es\/blog\/wp-content\/uploads\/2025\/07\/1834772_PREVIEW-1-300x200.jpg 300w, https:\/\/www.wurth.es\/blog\/wp-content\/uploads\/2025\/07\/1834772_PREVIEW-1-768x512.jpg 768w\" sizes=\"(max-width: 640px) 100vw, 640px\" \/>        <\/a>\n    \n                              <\/div>\n              <div class=\"elespare-content-wrapper\">\n                                \n    <h4 class=\"elespare-post-title\">\n        <a href=\"https:\/\/www.wurth.es\/blog\/manipulacion-amianto-seguridad\/\"> <span>Manipulaci\u00f3n y retirada de amianto: medios para protegernos<\/span><\/a>\n    <\/h4>\n          <div class=\"elespare-metadata\">\n                  <span class=\"post-author\">\n            <a href=\"https:\/\/www.wurth.es\/blog\/author\/adrian-minguez\/\">\n                              <i class=\"demo-icon elespare-icons-user-circle-regular\" aria-hidden=\"true\"><\/i>\n                            Adri\u00e1n M\u00edguez            <\/a>\n          <\/span>\n                          <span class=\"elespare-posts-full-post-author\">\n            <a href=\"https:\/\/www.wurth.es\/blog\/2025\/\">\n              <i class=\"demo-icon elespare-icons-clock-regular\" aria-hidden=\"true\"><\/i>\n              14 de julio de 2025\n            <\/a>\n          <\/span>\n                      <\/div>\n\n              <\/div>\n            <\/div>\n                    <div class=\"elespare-posts-grid-post-items\">\n\n              <div class=\"elespare-img-wrapper\">\n                    <a href=\"https:\/\/www.wurth.es\/blog\/brocas-para-madera-y-sierras-de-corona\/\">\n            <img loading=\"lazy\" decoding=\"async\" width=\"640\" height=\"427\" src=\"https:\/\/www.wurth.es\/blog\/wp-content\/uploads\/2025\/05\/562857761_PREVIEW.jpg\" class=\"attachment-large size-large wp-post-image\" alt=\"\" srcset=\"https:\/\/www.wurth.es\/blog\/wp-content\/uploads\/2025\/05\/562857761_PREVIEW.jpg 800w, https:\/\/www.wurth.es\/blog\/wp-content\/uploads\/2025\/05\/562857761_PREVIEW-300x200.jpg 300w, https:\/\/www.wurth.es\/blog\/wp-content\/uploads\/2025\/05\/562857761_PREVIEW-768x513.jpg 768w\" sizes=\"(max-width: 640px) 100vw, 640px\" \/>        <\/a>\n    \n                              <\/div>\n              <div class=\"elespare-content-wrapper\">\n                                \n    <h4 class=\"elespare-post-title\">\n        <a href=\"https:\/\/www.wurth.es\/blog\/brocas-para-madera-y-sierras-de-corona\/\"> <span>Brocas para perforar madera con cortes limpios y precisos y sierras de corona para incisiones impecables<\/span><\/a>\n    <\/h4>\n          <div class=\"elespare-metadata\">\n                  <span class=\"post-author\">\n            <a href=\"https:\/\/www.wurth.es\/blog\/author\/adrian-minguez\/\">\n                              <i class=\"demo-icon elespare-icons-user-circle-regular\" aria-hidden=\"true\"><\/i>\n                            Adri\u00e1n M\u00edguez            <\/a>\n          <\/span>\n                          <span class=\"elespare-posts-full-post-author\">\n            <a href=\"https:\/\/www.wurth.es\/blog\/2025\/\">\n              <i class=\"demo-icon elespare-icons-clock-regular\" aria-hidden=\"true\"><\/i>\n              29 de mayo de 2025\n            <\/a>\n          <\/span>\n                      <\/div>\n\n              <\/div>\n            <\/div>\n                    <div class=\"elespare-posts-grid-post-items\">\n\n              <div class=\"elespare-img-wrapper\">\n                    <a href=\"https:\/\/www.wurth.es\/blog\/certificaciones-frio-lluvia-vestuario-laboral\/\">\n            <img loading=\"lazy\" decoding=\"async\" width=\"584\" height=\"393\" src=\"https:\/\/www.wurth.es\/blog\/wp-content\/uploads\/2025\/02\/image-18.png\" class=\"attachment-large size-large wp-post-image\" alt=\"\" srcset=\"https:\/\/www.wurth.es\/blog\/wp-content\/uploads\/2025\/02\/image-18.png 584w, https:\/\/www.wurth.es\/blog\/wp-content\/uploads\/2025\/02\/image-18-300x202.png 300w\" sizes=\"(max-width: 584px) 100vw, 584px\" \/>        <\/a>\n    \n                              <\/div>\n              <div class=\"elespare-content-wrapper\">\n                                \n    <h4 class=\"elespare-post-title\">\n        <a href=\"https:\/\/www.wurth.es\/blog\/certificaciones-frio-lluvia-vestuario-laboral\/\"> <span>Certificaciones de fr\u00edo y lluvia en vestuario laboral: tu cuerpo a buen resguardo<\/span><\/a>\n    <\/h4>\n          <div class=\"elespare-metadata\">\n                  <span class=\"post-author\">\n            <a href=\"https:\/\/www.wurth.es\/blog\/author\/adrian-minguez\/\">\n                              <i class=\"demo-icon elespare-icons-user-circle-regular\" aria-hidden=\"true\"><\/i>\n                            Adri\u00e1n M\u00edguez            <\/a>\n          <\/span>\n                          <span class=\"elespare-posts-full-post-author\">\n            <a href=\"https:\/\/www.wurth.es\/blog\/2025\/\">\n              <i class=\"demo-icon elespare-icons-clock-regular\" aria-hidden=\"true\"><\/i>\n              4 de marzo de 2025\n            <\/a>\n          <\/span>\n                      <\/div>\n\n              <\/div>\n            <\/div>\n                    <div class=\"elespare-posts-grid-post-items\">\n\n              <div class=\"elespare-img-wrapper\">\n                    <a href=\"https:\/\/www.wurth.es\/blog\/eliminadores-de-adhesivos\/\">\n            <img loading=\"lazy\" decoding=\"async\" width=\"640\" height=\"426\" src=\"https:\/\/www.wurth.es\/blog\/wp-content\/uploads\/2025\/02\/14326630.jpg\" class=\"attachment-large size-large wp-post-image\" alt=\"\" srcset=\"https:\/\/www.wurth.es\/blog\/wp-content\/uploads\/2025\/02\/14326630.jpg 800w, https:\/\/www.wurth.es\/blog\/wp-content\/uploads\/2025\/02\/14326630-300x200.jpg 300w, https:\/\/www.wurth.es\/blog\/wp-content\/uploads\/2025\/02\/14326630-768x512.jpg 768w\" sizes=\"(max-width: 640px) 100vw, 640px\" \/>        <\/a>\n    \n                              <\/div>\n              <div class=\"elespare-content-wrapper\">\n                                \n    <h4 class=\"elespare-post-title\">\n        <a href=\"https:\/\/www.wurth.es\/blog\/eliminadores-de-adhesivos\/\"> <span>Eliminadores de Adhesivos<\/span><\/a>\n    <\/h4>\n          <div class=\"elespare-metadata\">\n                  <span class=\"post-author\">\n            <a href=\"https:\/\/www.wurth.es\/blog\/author\/adrian-minguez\/\">\n                              <i class=\"demo-icon elespare-icons-user-circle-regular\" aria-hidden=\"true\"><\/i>\n                            Adri\u00e1n M\u00edguez            <\/a>\n          <\/span>\n                          <span class=\"elespare-posts-full-post-author\">\n            <a href=\"https:\/\/www.wurth.es\/blog\/2025\/\">\n              <i class=\"demo-icon elespare-icons-clock-regular\" aria-hidden=\"true\"><\/i>\n              14 de febrero de 2025\n            <\/a>\n          <\/span>\n                      <\/div>\n\n              <\/div>\n            <\/div>\n                    <div class=\"elespare-posts-grid-post-items\">\n\n              <div class=\"elespare-img-wrapper\">\n                    <a href=\"https:\/\/www.wurth.es\/blog\/cortar-esquinas-moldura-ingletadora\/\">\n            <img loading=\"lazy\" decoding=\"async\" width=\"640\" height=\"426\" src=\"https:\/\/www.wurth.es\/blog\/wp-content\/uploads\/2025\/01\/43840_PREVIEW.jpg\" class=\"attachment-large size-large wp-post-image\" alt=\"\" srcset=\"https:\/\/www.wurth.es\/blog\/wp-content\/uploads\/2025\/01\/43840_PREVIEW.jpg 800w, https:\/\/www.wurth.es\/blog\/wp-content\/uploads\/2025\/01\/43840_PREVIEW-300x200.jpg 300w, https:\/\/www.wurth.es\/blog\/wp-content\/uploads\/2025\/01\/43840_PREVIEW-768x511.jpg 768w\" sizes=\"(max-width: 640px) 100vw, 640px\" \/>        <\/a>\n    \n                              <\/div>\n              <div class=\"elespare-content-wrapper\">\n                                \n    <h4 class=\"elespare-post-title\">\n        <a href=\"https:\/\/www.wurth.es\/blog\/cortar-esquinas-moldura-ingletadora\/\"> <span>C\u00f3mo Cortar Esquinas de Molduras<\/span><\/a>\n    <\/h4>\n          <div class=\"elespare-metadata\">\n                  <span class=\"post-author\">\n            <a href=\"https:\/\/www.wurth.es\/blog\/author\/adrian-minguez\/\">\n                              <i class=\"demo-icon elespare-icons-user-circle-regular\" aria-hidden=\"true\"><\/i>\n                            Adri\u00e1n M\u00edguez            <\/a>\n          <\/span>\n                          <span class=\"elespare-posts-full-post-author\">\n            <a href=\"https:\/\/www.wurth.es\/blog\/2025\/\">\n              <i class=\"demo-icon elespare-icons-clock-regular\" aria-hidden=\"true\"><\/i>\n              4 de febrero de 2025\n            <\/a>\n          <\/span>\n                      <\/div>\n\n              <\/div>\n            <\/div>\n                    <div class=\"elespare-posts-grid-post-items\">\n\n              <div class=\"elespare-img-wrapper\">\n                    <a href=\"https:\/\/www.wurth.es\/blog\/enrollador-de-cable-heavy-duty\/\">\n            <img loading=\"lazy\" decoding=\"async\" width=\"640\" height=\"427\" src=\"https:\/\/www.wurth.es\/blog\/wp-content\/uploads\/2024\/12\/583201443_PREVIEW.jpg\" class=\"attachment-large size-large wp-post-image\" alt=\"\" srcset=\"https:\/\/www.wurth.es\/blog\/wp-content\/uploads\/2024\/12\/583201443_PREVIEW.jpg 800w, https:\/\/www.wurth.es\/blog\/wp-content\/uploads\/2024\/12\/583201443_PREVIEW-300x200.jpg 300w, https:\/\/www.wurth.es\/blog\/wp-content\/uploads\/2024\/12\/583201443_PREVIEW-768x513.jpg 768w\" sizes=\"(max-width: 640px) 100vw, 640px\" \/>        <\/a>\n    \n                              <\/div>\n              <div class=\"elespare-content-wrapper\">\n                                \n    <h4 class=\"elespare-post-title\">\n        <a href=\"https:\/\/www.wurth.es\/blog\/enrollador-de-cable-heavy-duty\/\"> <span>Descubre el Enrollador de Cable HEAVY DUTY<\/span><\/a>\n    <\/h4>\n          <div class=\"elespare-metadata\">\n                  <span class=\"post-author\">\n            <a href=\"https:\/\/www.wurth.es\/blog\/author\/adrian-minguez\/\">\n                              <i class=\"demo-icon elespare-icons-user-circle-regular\" aria-hidden=\"true\"><\/i>\n                            Adri\u00e1n M\u00edguez            <\/a>\n          <\/span>\n                          <span class=\"elespare-posts-full-post-author\">\n            <a href=\"https:\/\/www.wurth.es\/blog\/2025\/\">\n              <i class=\"demo-icon elespare-icons-clock-regular\" aria-hidden=\"true\"><\/i>\n              7 de enero de 2025\n            <\/a>\n          <\/span>\n                      <\/div>\n\n              <\/div>\n            <\/div>\n                    <div class=\"elespare-posts-grid-post-items\">\n\n              <div class=\"elespare-img-wrapper\">\n                    <a href=\"https:\/\/www.wurth.es\/blog\/guantes-resistentes-al-frio-la-mejor-opcion-para-trabajar-en-invierno\/\">\n            <img loading=\"lazy\" decoding=\"async\" width=\"640\" height=\"427\" src=\"https:\/\/www.wurth.es\/blog\/wp-content\/uploads\/2024\/12\/5359028_PREVIEW.jpg\" class=\"attachment-large size-large wp-post-image\" alt=\"\" srcset=\"https:\/\/www.wurth.es\/blog\/wp-content\/uploads\/2024\/12\/5359028_PREVIEW.jpg 800w, https:\/\/www.wurth.es\/blog\/wp-content\/uploads\/2024\/12\/5359028_PREVIEW-300x200.jpg 300w, https:\/\/www.wurth.es\/blog\/wp-content\/uploads\/2024\/12\/5359028_PREVIEW-768x513.jpg 768w\" sizes=\"(max-width: 640px) 100vw, 640px\" \/>        <\/a>\n    \n                              <\/div>\n              <div class=\"elespare-content-wrapper\">\n                                \n    <h4 class=\"elespare-post-title\">\n        <a href=\"https:\/\/www.wurth.es\/blog\/guantes-resistentes-al-frio-la-mejor-opcion-para-trabajar-en-invierno\/\"> <span>Guantes resistentes al Fr\u00edo: la mejor opci\u00f3n para Trabajar en Invierno<\/span><\/a>\n    <\/h4>\n          <div class=\"elespare-metadata\">\n                  <span class=\"post-author\">\n            <a href=\"https:\/\/www.wurth.es\/blog\/author\/adrian-minguez\/\">\n                              <i class=\"demo-icon elespare-icons-user-circle-regular\" aria-hidden=\"true\"><\/i>\n                            Adri\u00e1n M\u00edguez            <\/a>\n          <\/span>\n                          <span class=\"elespare-posts-full-post-author\">\n            <a href=\"https:\/\/www.wurth.es\/blog\/2024\/\">\n              <i class=\"demo-icon elespare-icons-clock-regular\" aria-hidden=\"true\"><\/i>\n              16 de diciembre de 2024\n            <\/a>\n          <\/span>\n                      <\/div>\n\n              <\/div>\n            <\/div>\n                    <div class=\"elespare-posts-grid-post-items\">\n\n              <div class=\"elespare-img-wrapper\">\n                    <a href=\"https:\/\/www.wurth.es\/blog\/lavaojos-emergencia\/\">\n            <img loading=\"lazy\" decoding=\"async\" width=\"640\" height=\"426\" src=\"https:\/\/www.wurth.es\/blog\/wp-content\/uploads\/2024\/10\/27925237_PREVIEW.jpg\" class=\"attachment-large size-large wp-post-image\" alt=\"\" srcset=\"https:\/\/www.wurth.es\/blog\/wp-content\/uploads\/2024\/10\/27925237_PREVIEW.jpg 800w, https:\/\/www.wurth.es\/blog\/wp-content\/uploads\/2024\/10\/27925237_PREVIEW-300x200.jpg 300w, https:\/\/www.wurth.es\/blog\/wp-content\/uploads\/2024\/10\/27925237_PREVIEW-768x511.jpg 768w\" sizes=\"(max-width: 640px) 100vw, 640px\" \/>        <\/a>\n    \n                              <\/div>\n              <div class=\"elespare-content-wrapper\">\n                                \n    <h4 class=\"elespare-post-title\">\n        <a href=\"https:\/\/www.wurth.es\/blog\/lavaojos-emergencia\/\"> <span>Lavaojos de Emergencia: Protecci\u00f3n Ocular al Rescate<\/span><\/a>\n    <\/h4>\n          <div class=\"elespare-metadata\">\n                  <span class=\"post-author\">\n            <a href=\"https:\/\/www.wurth.es\/blog\/author\/adrian-minguez\/\">\n                              <i class=\"demo-icon elespare-icons-user-circle-regular\" aria-hidden=\"true\"><\/i>\n                            Adri\u00e1n M\u00edguez            <\/a>\n          <\/span>\n                          <span class=\"elespare-posts-full-post-author\">\n            <a href=\"https:\/\/www.wurth.es\/blog\/2024\/\">\n              <i class=\"demo-icon elespare-icons-clock-regular\" aria-hidden=\"true\"><\/i>\n              31 de octubre de 2024\n            <\/a>\n          <\/span>\n                      <\/div>\n\n              <\/div>\n            <\/div>\n                    <div class=\"elespare-posts-grid-post-items\">\n\n              <div class=\"elespare-img-wrapper\">\n                    <a href=\"https:\/\/www.wurth.es\/blog\/nueva-normativa-calzado-de-seguridad\/\">\n            <img loading=\"lazy\" decoding=\"async\" width=\"640\" height=\"239\" src=\"https:\/\/www.wurth.es\/blog\/wp-content\/uploads\/2024\/09\/Nueva-normativa-calzado-seguridad.jpg\" class=\"attachment-large size-large wp-post-image\" alt=\"\" srcset=\"https:\/\/www.wurth.es\/blog\/wp-content\/uploads\/2024\/09\/Nueva-normativa-calzado-seguridad.jpg 800w, https:\/\/www.wurth.es\/blog\/wp-content\/uploads\/2024\/09\/Nueva-normativa-calzado-seguridad-300x112.jpg 300w, https:\/\/www.wurth.es\/blog\/wp-content\/uploads\/2024\/09\/Nueva-normativa-calzado-seguridad-768x287.jpg 768w\" sizes=\"(max-width: 640px) 100vw, 640px\" \/>        <\/a>\n    \n                              <\/div>\n              <div class=\"elespare-content-wrapper\">\n                                \n    <h4 class=\"elespare-post-title\">\n        <a href=\"https:\/\/www.wurth.es\/blog\/nueva-normativa-calzado-de-seguridad\/\"> <span>Nueva normativa para el Calzado de Seguridad<\/span><\/a>\n    <\/h4>\n          <div class=\"elespare-metadata\">\n                  <span class=\"post-author\">\n            <a href=\"https:\/\/www.wurth.es\/blog\/author\/adrian-minguez\/\">\n                              <i class=\"demo-icon elespare-icons-user-circle-regular\" aria-hidden=\"true\"><\/i>\n                            Adri\u00e1n M\u00edguez            <\/a>\n          <\/span>\n                          <span class=\"elespare-posts-full-post-author\">\n            <a href=\"https:\/\/www.wurth.es\/blog\/2024\/\">\n              <i class=\"demo-icon elespare-icons-clock-regular\" aria-hidden=\"true\"><\/i>\n              23 de septiembre de 2024\n            <\/a>\n          <\/span>\n                      <\/div>\n\n              <\/div>\n            <\/div>\n                    <div class=\"elespare-posts-grid-post-items\">\n\n              <div class=\"elespare-img-wrapper\">\n                    <a href=\"https:\/\/www.wurth.es\/blog\/proteccion-respiratoria-trabajo\/\">\n            <img loading=\"lazy\" decoding=\"async\" width=\"600\" height=\"600\" src=\"https:\/\/www.wurth.es\/blog\/wp-content\/uploads\/2024\/09\/81428883_PREVIEW-e1726466933121.jpg\" class=\"attachment-large size-large wp-post-image\" alt=\"\" srcset=\"https:\/\/www.wurth.es\/blog\/wp-content\/uploads\/2024\/09\/81428883_PREVIEW-e1726466933121.jpg 600w, https:\/\/www.wurth.es\/blog\/wp-content\/uploads\/2024\/09\/81428883_PREVIEW-e1726466933121-300x300.jpg 300w, https:\/\/www.wurth.es\/blog\/wp-content\/uploads\/2024\/09\/81428883_PREVIEW-e1726466933121-150x150.jpg 150w\" sizes=\"(max-width: 600px) 100vw, 600px\" \/>        <\/a>\n    \n                              <\/div>\n              <div class=\"elespare-content-wrapper\">\n                                \n    <h4 class=\"elespare-post-title\">\n        <a href=\"https:\/\/www.wurth.es\/blog\/proteccion-respiratoria-trabajo\/\"> <span>Lo que debes saber sobre la Protecci\u00f3n Respiratoria en el Trabajo<\/span><\/a>\n    <\/h4>\n          <div class=\"elespare-metadata\">\n                  <span class=\"post-author\">\n            <a href=\"https:\/\/www.wurth.es\/blog\/author\/adrian-minguez\/\">\n                              <i class=\"demo-icon elespare-icons-user-circle-regular\" aria-hidden=\"true\"><\/i>\n                            Adri\u00e1n M\u00edguez            <\/a>\n          <\/span>\n                          <span class=\"elespare-posts-full-post-author\">\n            <a href=\"https:\/\/www.wurth.es\/blog\/2024\/\">\n              <i class=\"demo-icon elespare-icons-clock-regular\" aria-hidden=\"true\"><\/i>\n              16 de septiembre de 2024\n            <\/a>\n          <\/span>\n                      <\/div>\n\n              <\/div>\n            <\/div>\n                    <div class=\"elespare-posts-grid-post-items\">\n\n              <div class=\"elespare-img-wrapper\">\n                    <a href=\"https:\/\/www.wurth.es\/blog\/guantes-proteccion-corte\/\">\n            <img loading=\"lazy\" decoding=\"async\" width=\"640\" height=\"427\" src=\"https:\/\/www.wurth.es\/blog\/wp-content\/uploads\/2024\/08\/Guantes-de-proteccion-contra-el-corte-1.jpg\" class=\"attachment-large size-large wp-post-image\" alt=\"\" srcset=\"https:\/\/www.wurth.es\/blog\/wp-content\/uploads\/2024\/08\/Guantes-de-proteccion-contra-el-corte-1.jpg 800w, https:\/\/www.wurth.es\/blog\/wp-content\/uploads\/2024\/08\/Guantes-de-proteccion-contra-el-corte-1-300x200.jpg 300w, https:\/\/www.wurth.es\/blog\/wp-content\/uploads\/2024\/08\/Guantes-de-proteccion-contra-el-corte-1-768x513.jpg 768w\" sizes=\"(max-width: 640px) 100vw, 640px\" \/>        <\/a>\n    \n                              <\/div>\n              <div class=\"elespare-content-wrapper\">\n                                \n    <h4 class=\"elespare-post-title\">\n        <a href=\"https:\/\/www.wurth.es\/blog\/guantes-proteccion-corte\/\"> <span>Guantes de Protecci\u00f3n contra el Corte, el EPI imprescindible<\/span><\/a>\n    <\/h4>\n          <div class=\"elespare-metadata\">\n                  <span class=\"post-author\">\n            <a href=\"https:\/\/www.wurth.es\/blog\/author\/adrian-minguez\/\">\n                              <i class=\"demo-icon elespare-icons-user-circle-regular\" aria-hidden=\"true\"><\/i>\n                            Adri\u00e1n M\u00edguez            <\/a>\n          <\/span>\n                          <span class=\"elespare-posts-full-post-author\">\n            <a href=\"https:\/\/www.wurth.es\/blog\/2024\/\">\n              <i class=\"demo-icon elespare-icons-clock-regular\" aria-hidden=\"true\"><\/i>\n              9 de septiembre de 2024\n            <\/a>\n          <\/span>\n                      <\/div>\n\n              <\/div>\n            <\/div>\n                    <div class=\"elespare-posts-grid-post-items\">\n\n              <div class=\"elespare-img-wrapper\">\n                    <a href=\"https:\/\/www.wurth.es\/blog\/gafas-proteccion-laboral\/\">\n            <img loading=\"lazy\" decoding=\"async\" width=\"640\" height=\"480\" src=\"https:\/\/www.wurth.es\/blog\/wp-content\/uploads\/2024\/08\/Gafas-de-proteccion-ocular-Wurth.jpg\" class=\"attachment-large size-large wp-post-image\" alt=\"Gafas de protecci\u00f3n ocular W\u00fcrth\" srcset=\"https:\/\/www.wurth.es\/blog\/wp-content\/uploads\/2024\/08\/Gafas-de-proteccion-ocular-Wurth.jpg 800w, https:\/\/www.wurth.es\/blog\/wp-content\/uploads\/2024\/08\/Gafas-de-proteccion-ocular-Wurth-300x225.jpg 300w, https:\/\/www.wurth.es\/blog\/wp-content\/uploads\/2024\/08\/Gafas-de-proteccion-ocular-Wurth-768x576.jpg 768w\" sizes=\"(max-width: 640px) 100vw, 640px\" \/>        <\/a>\n    \n                              <\/div>\n              <div class=\"elespare-content-wrapper\">\n                                \n    <h4 class=\"elespare-post-title\">\n        <a href=\"https:\/\/www.wurth.es\/blog\/gafas-proteccion-laboral\/\"> <span>Gafas de protecci\u00f3n ocular: Vista clara, trabajo seguro<\/span><\/a>\n    <\/h4>\n          <div class=\"elespare-metadata\">\n                  <span class=\"post-author\">\n            <a href=\"https:\/\/www.wurth.es\/blog\/author\/adrian-minguez\/\">\n                              <i class=\"demo-icon elespare-icons-user-circle-regular\" aria-hidden=\"true\"><\/i>\n                            Adri\u00e1n M\u00edguez            <\/a>\n          <\/span>\n                          <span class=\"elespare-posts-full-post-author\">\n            <a href=\"https:\/\/www.wurth.es\/blog\/2024\/\">\n              <i class=\"demo-icon elespare-icons-clock-regular\" aria-hidden=\"true\"><\/i>\n              2 de septiembre de 2024\n            <\/a>\n          <\/span>\n                      <\/div>\n\n              <\/div>\n            <\/div>\n                    <div class=\"elespare-posts-grid-post-items\">\n\n              <div class=\"elespare-img-wrapper\">\n                    <a href=\"https:\/\/www.wurth.es\/blog\/seguridad-en-tus-proyectos\/\">\n            <img loading=\"lazy\" decoding=\"async\" width=\"640\" height=\"428\" src=\"https:\/\/www.wurth.es\/blog\/wp-content\/uploads\/2024\/07\/codigo-tecnico-de-edificacion-1.0-1024x684.jpg\" class=\"attachment-large size-large wp-post-image\" alt=\"Seguridad en tus proyectos\" srcset=\"https:\/\/www.wurth.es\/blog\/wp-content\/uploads\/2024\/07\/codigo-tecnico-de-edificacion-1.0-1024x684.jpg 1024w, https:\/\/www.wurth.es\/blog\/wp-content\/uploads\/2024\/07\/codigo-tecnico-de-edificacion-1.0-300x200.jpg 300w, https:\/\/www.wurth.es\/blog\/wp-content\/uploads\/2024\/07\/codigo-tecnico-de-edificacion-1.0-768x513.jpg 768w, https:\/\/www.wurth.es\/blog\/wp-content\/uploads\/2024\/07\/codigo-tecnico-de-edificacion-1.0-1536x1025.jpg 1536w, https:\/\/www.wurth.es\/blog\/wp-content\/uploads\/2024\/07\/codigo-tecnico-de-edificacion-1.0-2048x1367.jpg 2048w\" sizes=\"(max-width: 640px) 100vw, 640px\" \/>        <\/a>\n    \n                              <\/div>\n              <div class=\"elespare-content-wrapper\">\n                                \n    <h4 class=\"elespare-post-title\">\n        <a href=\"https:\/\/www.wurth.es\/blog\/seguridad-en-tus-proyectos\/\"> <span>\u00bfQu\u00e9 papel juega la Seguridad en tus proyectos?<\/span><\/a>\n    <\/h4>\n          <div class=\"elespare-metadata\">\n                  <span class=\"post-author\">\n            <a href=\"https:\/\/www.wurth.es\/blog\/author\/adrian-minguez\/\">\n                              <i class=\"demo-icon elespare-icons-user-circle-regular\" aria-hidden=\"true\"><\/i>\n                            Adri\u00e1n M\u00edguez            <\/a>\n          <\/span>\n                          <span class=\"elespare-posts-full-post-author\">\n            <a href=\"https:\/\/www.wurth.es\/blog\/2024\/\">\n              <i class=\"demo-icon elespare-icons-clock-regular\" aria-hidden=\"true\"><\/i>\n              11 de julio de 2024\n            <\/a>\n          <\/span>\n                      <\/div>\n\n              <\/div>\n            <\/div>\n                    <div class=\"elespare-posts-grid-post-items\">\n\n              <div class=\"elespare-img-wrapper\">\n                    <a href=\"https:\/\/www.wurth.es\/blog\/como-proteger-madera-exterior\/\">\n            <img loading=\"lazy\" decoding=\"async\" width=\"640\" height=\"427\" src=\"https:\/\/www.wurth.es\/blog\/wp-content\/uploads\/2024\/04\/Como-proteger-madera-para-exterior.jpg\" class=\"attachment-large size-large wp-post-image\" alt=\"\" srcset=\"https:\/\/www.wurth.es\/blog\/wp-content\/uploads\/2024\/04\/Como-proteger-madera-para-exterior.jpg 800w, https:\/\/www.wurth.es\/blog\/wp-content\/uploads\/2024\/04\/Como-proteger-madera-para-exterior-300x200.jpg 300w, https:\/\/www.wurth.es\/blog\/wp-content\/uploads\/2024\/04\/Como-proteger-madera-para-exterior-768x513.jpg 768w\" sizes=\"(max-width: 640px) 100vw, 640px\" \/>        <\/a>\n    \n                              <\/div>\n              <div class=\"elespare-content-wrapper\">\n                                \n    <h4 class=\"elespare-post-title\">\n        <a href=\"https:\/\/www.wurth.es\/blog\/como-proteger-madera-exterior\/\"> <span>C\u00f3mo proteger la madera para exterior<\/span><\/a>\n    <\/h4>\n          <div class=\"elespare-metadata\">\n                  <span class=\"post-author\">\n            <a href=\"https:\/\/www.wurth.es\/blog\/author\/adrian-minguez\/\">\n                              <i class=\"demo-icon elespare-icons-user-circle-regular\" aria-hidden=\"true\"><\/i>\n                            Adri\u00e1n M\u00edguez            <\/a>\n          <\/span>\n                          <span class=\"elespare-posts-full-post-author\">\n            <a href=\"https:\/\/www.wurth.es\/blog\/2024\/\">\n              <i class=\"demo-icon elespare-icons-clock-regular\" aria-hidden=\"true\"><\/i>\n              11 de abril de 2024\n            <\/a>\n          <\/span>\n                      <\/div>\n\n              <\/div>\n            <\/div>\n                    <div class=\"elespare-posts-grid-post-items\">\n\n              <div class=\"elespare-img-wrapper\">\n                    <a href=\"https:\/\/www.wurth.es\/blog\/sistemas-cajones-evobox\/\">\n            <img loading=\"lazy\" decoding=\"async\" width=\"640\" height=\"456\" src=\"https:\/\/www.wurth.es\/blog\/wp-content\/uploads\/2023\/12\/DZ-63-1024x729.jpg\" class=\"attachment-large size-large wp-post-image\" alt=\"Nuevos sistemas de cajones EVOBOX 2.0\" srcset=\"https:\/\/www.wurth.es\/blog\/wp-content\/uploads\/2023\/12\/DZ-63-1024x729.jpg 1024w, https:\/\/www.wurth.es\/blog\/wp-content\/uploads\/2023\/12\/DZ-63-300x214.jpg 300w, https:\/\/www.wurth.es\/blog\/wp-content\/uploads\/2023\/12\/DZ-63-768x547.jpg 768w, https:\/\/www.wurth.es\/blog\/wp-content\/uploads\/2023\/12\/DZ-63-1536x1093.jpg 1536w, https:\/\/www.wurth.es\/blog\/wp-content\/uploads\/2023\/12\/DZ-63.jpg 1919w\" sizes=\"(max-width: 640px) 100vw, 640px\" \/>        <\/a>\n    \n                              <\/div>\n              <div class=\"elespare-content-wrapper\">\n                                \n    <h4 class=\"elespare-post-title\">\n        <a href=\"https:\/\/www.wurth.es\/blog\/sistemas-cajones-evobox\/\"> <span>Nuevos sistemas de cajones EVOBOX 2.0<\/span><\/a>\n    <\/h4>\n          <div class=\"elespare-metadata\">\n                  <span class=\"post-author\">\n            <a href=\"https:\/\/www.wurth.es\/blog\/author\/adrian-minguez\/\">\n                              <i class=\"demo-icon elespare-icons-user-circle-regular\" aria-hidden=\"true\"><\/i>\n                            Adri\u00e1n M\u00edguez            <\/a>\n          <\/span>\n                          <span class=\"elespare-posts-full-post-author\">\n            <a href=\"https:\/\/www.wurth.es\/blog\/2024\/\">\n              <i class=\"demo-icon elespare-icons-clock-regular\" aria-hidden=\"true\"><\/i>\n              2 de enero de 2024\n            <\/a>\n          <\/span>\n                      <\/div>\n\n              <\/div>\n            <\/div>\n                    <div class=\"elespare-posts-grid-post-items\">\n\n              <div class=\"elespare-img-wrapper\">\n                    <a href=\"https:\/\/www.wurth.es\/blog\/tipos-escaleras-normativa-como-elegirlas\/\">\n            <img loading=\"lazy\" decoding=\"async\" width=\"640\" height=\"426\" src=\"https:\/\/www.wurth.es\/blog\/wp-content\/uploads\/2023\/09\/Escaleras-de-Trabajo-Wurth.jpg\" class=\"attachment-large size-large wp-post-image\" alt=\"Tipos de escaleras de trabajo\" srcset=\"https:\/\/www.wurth.es\/blog\/wp-content\/uploads\/2023\/09\/Escaleras-de-Trabajo-Wurth.jpg 800w, https:\/\/www.wurth.es\/blog\/wp-content\/uploads\/2023\/09\/Escaleras-de-Trabajo-Wurth-300x200.jpg 300w, https:\/\/www.wurth.es\/blog\/wp-content\/uploads\/2023\/09\/Escaleras-de-Trabajo-Wurth-768x512.jpg 768w\" sizes=\"(max-width: 640px) 100vw, 640px\" \/>        <\/a>\n    \n                              <\/div>\n              <div class=\"elespare-content-wrapper\">\n                                \n    <h4 class=\"elespare-post-title\">\n        <a href=\"https:\/\/www.wurth.es\/blog\/tipos-escaleras-normativa-como-elegirlas\/\"> <span>Tipos de escaleras de trabajo: normativa y c\u00f3mo elegirlas<\/span><\/a>\n    <\/h4>\n          <div class=\"elespare-metadata\">\n                  <span class=\"post-author\">\n            <a href=\"https:\/\/www.wurth.es\/blog\/author\/adrian-minguez\/\">\n                              <i class=\"demo-icon elespare-icons-user-circle-regular\" aria-hidden=\"true\"><\/i>\n                            Adri\u00e1n M\u00edguez            <\/a>\n          <\/span>\n                          <span class=\"elespare-posts-full-post-author\">\n            <a href=\"https:\/\/www.wurth.es\/blog\/2023\/\">\n              <i class=\"demo-icon elespare-icons-clock-regular\" aria-hidden=\"true\"><\/i>\n              28 de septiembre de 2023\n            <\/a>\n          <\/span>\n                      <\/div>\n\n              <\/div>\n            <\/div>\n                    <div class=\"elespare-posts-grid-post-items\">\n\n              <div class=\"elespare-img-wrapper\">\n                    <a href=\"https:\/\/www.wurth.es\/blog\/nueva-espuma-pu-resistente-fuego\/\">\n            <img loading=\"lazy\" decoding=\"async\" width=\"640\" height=\"400\" src=\"https:\/\/www.wurth.es\/blog\/wp-content\/uploads\/2023\/05\/Imagen-destacada-2.jpg\" class=\"attachment-large size-large wp-post-image\" alt=\"Nueva espuma PU resistente al fuego W\u00fcrth\" srcset=\"https:\/\/www.wurth.es\/blog\/wp-content\/uploads\/2023\/05\/Imagen-destacada-2.jpg 800w, https:\/\/www.wurth.es\/blog\/wp-content\/uploads\/2023\/05\/Imagen-destacada-2-300x188.jpg 300w, https:\/\/www.wurth.es\/blog\/wp-content\/uploads\/2023\/05\/Imagen-destacada-2-768x480.jpg 768w, https:\/\/www.wurth.es\/blog\/wp-content\/uploads\/2023\/05\/Imagen-destacada-2-400x250.jpg 400w\" sizes=\"(max-width: 640px) 100vw, 640px\" \/>        <\/a>\n    \n                              <\/div>\n              <div class=\"elespare-content-wrapper\">\n                                \n    <h4 class=\"elespare-post-title\">\n        <a href=\"https:\/\/www.wurth.es\/blog\/nueva-espuma-pu-resistente-fuego\/\"> <span>Nueva espuma PU resistente al fuego<\/span><\/a>\n    <\/h4>\n          <div class=\"elespare-metadata\">\n                  <span class=\"post-author\">\n            <a href=\"https:\/\/www.wurth.es\/blog\/author\/adrian-minguez\/\">\n                              <i class=\"demo-icon elespare-icons-user-circle-regular\" aria-hidden=\"true\"><\/i>\n                            Adri\u00e1n M\u00edguez            <\/a>\n          <\/span>\n                          <span class=\"elespare-posts-full-post-author\">\n            <a href=\"https:\/\/www.wurth.es\/blog\/2023\/\">\n              <i class=\"demo-icon elespare-icons-clock-regular\" aria-hidden=\"true\"><\/i>\n              11 de mayo de 2023\n            <\/a>\n          <\/span>\n                      <\/div>\n\n              <\/div>\n            <\/div>\n                    <div class=\"elespare-posts-grid-post-items\">\n\n              <div class=\"elespare-img-wrapper\">\n                    <a href=\"https:\/\/www.wurth.es\/blog\/tacos-shark-twist\/\">\n            <img loading=\"lazy\" decoding=\"async\" width=\"640\" height=\"426\" src=\"https:\/\/www.wurth.es\/blog\/wp-content\/uploads\/2023\/05\/imagen-destacada-1.jpg\" class=\"attachment-large size-large wp-post-image\" alt=\"Tacos Shark\u00ae Twist\" srcset=\"https:\/\/www.wurth.es\/blog\/wp-content\/uploads\/2023\/05\/imagen-destacada-1.jpg 800w, https:\/\/www.wurth.es\/blog\/wp-content\/uploads\/2023\/05\/imagen-destacada-1-300x200.jpg 300w, https:\/\/www.wurth.es\/blog\/wp-content\/uploads\/2023\/05\/imagen-destacada-1-768x512.jpg 768w\" sizes=\"(max-width: 640px) 100vw, 640px\" \/>        <\/a>\n    \n                              <\/div>\n              <div class=\"elespare-content-wrapper\">\n                                \n    <h4 class=\"elespare-post-title\">\n        <a href=\"https:\/\/www.wurth.es\/blog\/tacos-shark-twist\/\"> <span>Descubre los nuevos Tacos Shark\u00ae Twist<\/span><\/a>\n    <\/h4>\n          <div class=\"elespare-metadata\">\n                  <span class=\"post-author\">\n            <a href=\"https:\/\/www.wurth.es\/blog\/author\/adrian-minguez\/\">\n                              <i class=\"demo-icon elespare-icons-user-circle-regular\" aria-hidden=\"true\"><\/i>\n                            Adri\u00e1n M\u00edguez            <\/a>\n          <\/span>\n                          <span class=\"elespare-posts-full-post-author\">\n            <a href=\"https:\/\/www.wurth.es\/blog\/2023\/\">\n              <i class=\"demo-icon elespare-icons-clock-regular\" aria-hidden=\"true\"><\/i>\n              5 de mayo de 2023\n            <\/a>\n          <\/span>\n                      <\/div>\n\n              <\/div>\n            <\/div>\n                    <div class=\"elespare-posts-grid-post-items\">\n\n              <div class=\"elespare-img-wrapper\">\n                    <a href=\"https:\/\/www.wurth.es\/blog\/que-es-para-que-sirve-cinta-enmascarar\/\">\n            <img loading=\"lazy\" decoding=\"async\" width=\"640\" height=\"427\" src=\"https:\/\/www.wurth.es\/blog\/wp-content\/uploads\/2022\/07\/Imagen-destacada-1.jpg\" class=\"attachment-large size-large wp-post-image\" alt=\"Qu\u00e9 es y para qu\u00e9 sirve la cinta de enmascarar\" srcset=\"https:\/\/www.wurth.es\/blog\/wp-content\/uploads\/2022\/07\/Imagen-destacada-1.jpg 800w, https:\/\/www.wurth.es\/blog\/wp-content\/uploads\/2022\/07\/Imagen-destacada-1-300x200.jpg 300w, https:\/\/www.wurth.es\/blog\/wp-content\/uploads\/2022\/07\/Imagen-destacada-1-768x513.jpg 768w, https:\/\/www.wurth.es\/blog\/wp-content\/uploads\/2022\/07\/Imagen-destacada-1-150x100.jpg 150w, https:\/\/www.wurth.es\/blog\/wp-content\/uploads\/2022\/07\/Imagen-destacada-1-600x401.jpg 600w, https:\/\/www.wurth.es\/blog\/wp-content\/uploads\/2022\/07\/Imagen-destacada-1-696x465.jpg 696w, https:\/\/www.wurth.es\/blog\/wp-content\/uploads\/2022\/07\/Imagen-destacada-1-629x420.jpg 629w\" sizes=\"(max-width: 640px) 100vw, 640px\" \/>        <\/a>\n    \n                              <\/div>\n              <div class=\"elespare-content-wrapper\">\n                                \n    <h4 class=\"elespare-post-title\">\n        <a href=\"https:\/\/www.wurth.es\/blog\/que-es-para-que-sirve-cinta-enmascarar\/\"> <span>Qu\u00e9 es y para qu\u00e9 sirve la cinta de enmascarar<\/span><\/a>\n    <\/h4>\n          <div class=\"elespare-metadata\">\n                  <span class=\"post-author\">\n            <a href=\"https:\/\/www.wurth.es\/blog\/author\/adrian-minguez\/\">\n                              <i class=\"demo-icon elespare-icons-user-circle-regular\" aria-hidden=\"true\"><\/i>\n                            Adri\u00e1n M\u00edguez            <\/a>\n          <\/span>\n                          <span class=\"elespare-posts-full-post-author\">\n            <a href=\"https:\/\/www.wurth.es\/blog\/2022\/\">\n              <i class=\"demo-icon elespare-icons-clock-regular\" aria-hidden=\"true\"><\/i>\n              13 de julio de 2022\n            <\/a>\n          <\/span>\n                      <\/div>\n\n              <\/div>\n            <\/div>\n                    <div class=\"elespare-posts-grid-post-items\">\n\n              <div class=\"elespare-img-wrapper\">\n                    <a href=\"https:\/\/www.wurth.es\/blog\/como-quitar-cinta-carrocero-muy-pegada\/\">\n            <img loading=\"lazy\" decoding=\"async\" width=\"640\" height=\"426\" src=\"https:\/\/www.wurth.es\/blog\/wp-content\/uploads\/2022\/07\/43238_PREVIEW.jpg\" class=\"attachment-large size-large wp-post-image\" alt=\"C\u00f3mo eliminar cinta de carrocero muy pegada\" srcset=\"https:\/\/www.wurth.es\/blog\/wp-content\/uploads\/2022\/07\/43238_PREVIEW.jpg 800w, https:\/\/www.wurth.es\/blog\/wp-content\/uploads\/2022\/07\/43238_PREVIEW-300x200.jpg 300w, https:\/\/www.wurth.es\/blog\/wp-content\/uploads\/2022\/07\/43238_PREVIEW-768x512.jpg 768w, https:\/\/www.wurth.es\/blog\/wp-content\/uploads\/2022\/07\/43238_PREVIEW-150x100.jpg 150w, https:\/\/www.wurth.es\/blog\/wp-content\/uploads\/2022\/07\/43238_PREVIEW-600x400.jpg 600w, https:\/\/www.wurth.es\/blog\/wp-content\/uploads\/2022\/07\/43238_PREVIEW-696x464.jpg 696w, https:\/\/www.wurth.es\/blog\/wp-content\/uploads\/2022\/07\/43238_PREVIEW-630x420.jpg 630w\" sizes=\"(max-width: 640px) 100vw, 640px\" \/>        <\/a>\n    \n                              <\/div>\n              <div class=\"elespare-content-wrapper\">\n                                \n    <h4 class=\"elespare-post-title\">\n        <a href=\"https:\/\/www.wurth.es\/blog\/como-quitar-cinta-carrocero-muy-pegada\/\"> <span>C\u00f3mo quitar cinta de carrocero muy pegada<\/span><\/a>\n    <\/h4>\n          <div class=\"elespare-metadata\">\n                  <span class=\"post-author\">\n            <a href=\"https:\/\/www.wurth.es\/blog\/author\/adrian-minguez\/\">\n                              <i class=\"demo-icon elespare-icons-user-circle-regular\" aria-hidden=\"true\"><\/i>\n                            Adri\u00e1n M\u00edguez            <\/a>\n          <\/span>\n                          <span class=\"elespare-posts-full-post-author\">\n            <a href=\"https:\/\/www.wurth.es\/blog\/2022\/\">\n              <i class=\"demo-icon elespare-icons-clock-regular\" aria-hidden=\"true\"><\/i>\n              5 de julio de 2022\n            <\/a>\n          <\/span>\n                      <\/div>\n\n              <\/div>\n            <\/div>\n                    <div class=\"elespare-posts-grid-post-items\">\n\n              <div class=\"elespare-img-wrapper\">\n                    <a href=\"https:\/\/www.wurth.es\/blog\/que-es-y-como-limpiar-cianocrilato\/\">\n            <img loading=\"lazy\" decoding=\"async\" width=\"640\" height=\"427\" src=\"https:\/\/www.wurth.es\/blog\/wp-content\/uploads\/2022\/05\/217037381-1024x683.jpg\" class=\"attachment-large size-large wp-post-image\" alt=\"\" srcset=\"https:\/\/www.wurth.es\/blog\/wp-content\/uploads\/2022\/05\/217037381-1024x683.jpg 1024w, https:\/\/www.wurth.es\/blog\/wp-content\/uploads\/2022\/05\/217037381-300x200.jpg 300w, https:\/\/www.wurth.es\/blog\/wp-content\/uploads\/2022\/05\/217037381-768x512.jpg 768w, https:\/\/www.wurth.es\/blog\/wp-content\/uploads\/2022\/05\/217037381-1536x1024.jpg 1536w, https:\/\/www.wurth.es\/blog\/wp-content\/uploads\/2022\/05\/217037381-2048x1365.jpg 2048w, https:\/\/www.wurth.es\/blog\/wp-content\/uploads\/2022\/05\/217037381-150x100.jpg 150w, https:\/\/www.wurth.es\/blog\/wp-content\/uploads\/2022\/05\/217037381-696x464.jpg 696w, https:\/\/www.wurth.es\/blog\/wp-content\/uploads\/2022\/05\/217037381-1068x712.jpg 1068w, https:\/\/www.wurth.es\/blog\/wp-content\/uploads\/2022\/05\/217037381-1920x1280.jpg 1920w\" sizes=\"(max-width: 640px) 100vw, 640px\" \/>        <\/a>\n    \n                              <\/div>\n              <div class=\"elespare-content-wrapper\">\n                                \n    <h4 class=\"elespare-post-title\">\n        <a href=\"https:\/\/www.wurth.es\/blog\/que-es-y-como-limpiar-cianocrilato\/\"> <span>Qu\u00e9 es y c\u00f3mo limpiar cianocrilato<\/span><\/a>\n    <\/h4>\n          <div class=\"elespare-metadata\">\n                  <span class=\"post-author\">\n            <a href=\"https:\/\/www.wurth.es\/blog\/author\/adrian-minguez\/\">\n                              <i class=\"demo-icon elespare-icons-user-circle-regular\" aria-hidden=\"true\"><\/i>\n                            Adri\u00e1n M\u00edguez            <\/a>\n          <\/span>\n                          <span class=\"elespare-posts-full-post-author\">\n            <a href=\"https:\/\/www.wurth.es\/blog\/2022\/\">\n              <i class=\"demo-icon elespare-icons-clock-regular\" aria-hidden=\"true\"><\/i>\n              3 de mayo de 2022\n            <\/a>\n          <\/span>\n                      <\/div>\n\n              <\/div>\n            <\/div>\n              <\/div>\n    <\/div>\n    \t\t\t\t<\/div>\n\t\t\t\t<\/div>\n\t\t\t\t\t<\/div>\n\t\t<\/div>\n\t\t\t\t\t<\/div>\n\t\t<\/section>\n\t\t\t\t<\/div>\n\t\t","protected":false},"excerpt":{"rendered":"<p>\u00daltimas Publicaciones sobre Madera Qu\u00e9 es y para qu\u00e9 sirve la cinta de enmascarar Andrea&#8230;<\/p>\n","protected":false},"author":9,"featured_media":0,"parent":0,"menu_order":0,"comment_status":"closed","ping_status":"closed","template":"","meta":{"footnotes":""},"class_list":["post-1478","page","type-page","status-publish","hentry"],"_links":{"self":[{"href":"https:\/\/www.wurth.es\/blog\/wp-json\/wp\/v2\/pages\/1478","targetHints":{"allow":["GET"]}}],"collection":[{"href":"https:\/\/www.wurth.es\/blog\/wp-json\/wp\/v2\/pages"}],"about":[{"href":"https:\/\/www.wurth.es\/blog\/wp-json\/wp\/v2\/types\/page"}],"author":[{"embeddable":true,"href":"https:\/\/www.wurth.es\/blog\/wp-json\/wp\/v2\/users\/9"}],"replies":[{"embeddable":true,"href":"https:\/\/www.wurth.es\/blog\/wp-json\/wp\/v2\/comments?post=1478"}],"version-history":[{"count":26,"href":"https:\/\/www.wurth.es\/blog\/wp-json\/wp\/v2\/pages\/1478\/revisions"}],"predecessor-version":[{"id":4127,"href":"https:\/\/www.wurth.es\/blog\/wp-json\/wp\/v2\/pages\/1478\/revisions\/4127"}],"wp:attachment":[{"href":"https:\/\/www.wurth.es\/blog\/wp-json\/wp\/v2\/media?parent=1478"}],"curies":[{"name":"wp","href":"https:\/\/api.w.org\/{rel}","templated":true}]}}